{"id":9126,"date":"2023-12-30T18:09:24","date_gmt":"2023-12-30T17:09:24","guid":{"rendered":"https:\/\/www.fanprojekt-muenster.de\/wordpress\/?post_type=team&#038;p=9126"},"modified":"2025-02-03T18:27:52","modified_gmt":"2025-02-03T17:27:52","slug":"julius-holdschlag","status":"publish","type":"team","link":"https:\/\/www.fanprojekt-muenster.de\/wordpress\/team\/julius-holdschlag\/","title":{"rendered":"Julius Holdschlag"},"content":{"rendered":"<p>&nbsp;<br \/>\n&nbsp;<br \/>\n<strong><em>Vier Fragen an die Vorst\u00e4nde der Fangemeinschaft Preu\u00dfen M\u00fcnster im Januar 2024:<\/em><\/strong><br \/>\n&nbsp;<br \/>\n<em>Seit wann gehst du zu Preu\u00dfen?<\/em><br \/>\nInzwischen schon l\u00e4nger als 25 Jahre. Es muss in der Saison 97\/98 an der Hand meines Vater gewesen sein. Das Spiel war schon damals ein Fingerzeig f\u00fcr die kommenden Jahre: sonntags, kalt und Meimel, alte Holztrib\u00fcne, zur Halbzeit noch gef\u00fchrt und am Ende gegen Sportfreunde Siegen dann doch mit 2:4 den K\u00fcrzeren gezogen. Ich war dann aber irgendwie vom ganzen Umfeld fasziniert und schon zwei Wochen sp\u00e4ter wieder da. Seit gut 20 Jahren habe nun auch eine Dauerkarte und versuche auch ausw\u00e4rts so viele Spiele wie m\u00f6glich mitzunehmen.<br \/>\n&nbsp;<br \/>\n<em>Wo ist dein Platz im Stadion?<\/em><br \/>\nGrunds\u00e4tzlich auf den Stehpl\u00e4tzen. Inzwischen bin ich mit vielen Freunden in Block N beheimatet.<br \/>\n&nbsp;<br \/>\n<em>Warum engagierst du dich in der Fangemeinschaft?<\/em><br \/>\nMein guter Freund Torben hat mich zu Teilnahme motiviert. Nochmal angetrieben werden ich aktuell aber auch dadurch, dass in und um den Verein viele R\u00e4der ineinandergreifen und eine ansteckende Energie entsteht. Als Teil der Fangemeinschaft m\u00f6chte ich mithelfen, die Herausforderungen der kommenden Jahre zu begleiten.<br \/>\n&nbsp;<br \/>\n<em>Was m\u00f6chtest du in der Fangemeinschaft bewegen?<\/em><br \/>\nVor allem m\u00f6chte ich die Fangemeinschaft als Sprachrohr etablieren. Ich k\u00fcmmere mich deshalb um die Kommunikation und versuche, die zuletzt etwas eingestaubten Kan\u00e4le wieder mit Leben zu f\u00fcllen. K\u00fcrzlich durfte ich erfahren, welcher Aufwand mit der Organisation eines Sonderzugs verbunden ist. Trotzdem kann ich mir vorstellen, mich hierbei k\u00fcnftig auch noch einmal st\u00e4rker einzubringen.<br \/>\n&nbsp;<\/p>\n","protected":false},"author":7,"featured_media":9128,"menu_order":8,"template":"","team_designation":[335],"team_department":[316,315],"class_list":["post-9126","team","type-team","status-publish","has-post-thumbnail","hentry","team_designation-beisitz-oeffentlichkeitsarbeit","team_department-beisitzer","team_department-vorstand"],"yoast_head":"<!-- This site is optimized with the Yoast SEO plugin v27.2 - https:\/\/yoast.com\/product\/yoast-seo-wordpress\/ -->\n<title>Julius Holdschlag - Fangemeinschaft Preu\u00dfen M\u00fcnster e. V.<\/title>\n<meta name=\"robots\" content=\"index, follow, max-snippet:-1, max-image-preview:large, max-video-preview:-1\" \/>\n<link rel=\"canonical\" href=\"https:\/\/www.fanprojekt-muenster.de\/wordpress\/team\/julius-holdschlag\/\" \/>\n<meta property=\"og:locale\" content=\"de_DE\" \/>\n<meta property=\"og:type\" content=\"article\" \/>\n<meta property=\"og:title\" content=\"Julius Holdschlag - Fangemeinschaft Preu\u00dfen M\u00fcnster e. V.\" \/>\n<meta property=\"og:description\" content=\"&nbsp; &nbsp; Vier Fragen an die Vorst\u00e4nde der Fangemeinschaft Preu\u00dfen M\u00fcnster im Januar 2024: &nbsp; Seit wann gehst du zu Preu\u00dfen? Inzwischen schon l\u00e4nger als 25 Jahre. Es muss in... Read more &raquo;\" \/>\n<meta property=\"og:url\" content=\"https:\/\/www.fanprojekt-muenster.de\/wordpress\/team\/julius-holdschlag\/\" \/>\n<meta property=\"og:site_name\" content=\"Fangemeinschaft Preu\u00dfen M\u00fcnster e. V.\" \/>\n<meta property=\"article:modified_time\" content=\"2025-02-03T17:27:52+00:00\" \/>\n<meta property=\"og:image\" content=\"https:\/\/www.fanprojekt-muenster.de\/wordpress\/wp-content\/uploads\/2023\/12\/juliush.jpg\" \/>\n\t<meta property=\"og:image:width\" content=\"600\" \/>\n\t<meta property=\"og:image:height\" content=\"600\" \/>\n\t<meta property=\"og:image:type\" content=\"image\/jpeg\" \/>\n<meta name=\"twitter:card\" content=\"summary_large_image\" \/>\n<meta name=\"twitter:label1\" content=\"Gesch\u00e4tzte Lesezeit\" \/>\n\t<meta name=\"twitter:data1\" content=\"1\u00a0Minute\" \/>\n<script type=\"application\/ld+json\" class=\"yoast-schema-graph\">{\"@context\":\"https:\/\/schema.org\",\"@graph\":[{\"@type\":\"WebPage\",\"@id\":\"https:\/\/www.fanprojekt-muenster.de\/wordpress\/team\/julius-holdschlag\/\",\"url\":\"https:\/\/www.fanprojekt-muenster.de\/wordpress\/team\/julius-holdschlag\/\",\"name\":\"Julius Holdschlag - Fangemeinschaft Preu\u00dfen M\u00fcnster e. V.\",\"isPartOf\":{\"@id\":\"https:\/\/www.fanprojekt-muenster.de\/wordpress\/#website\"},\"primaryImageOfPage\":{\"@id\":\"https:\/\/www.fanprojekt-muenster.de\/wordpress\/team\/julius-holdschlag\/#primaryimage\"},\"image\":{\"@id\":\"https:\/\/www.fanprojekt-muenster.de\/wordpress\/team\/julius-holdschlag\/#primaryimage\"},\"thumbnailUrl\":\"https:\/\/www.fanprojekt-muenster.de\/wordpress\/wp-content\/uploads\/2023\/12\/juliush.jpg\",\"datePublished\":\"2023-12-30T17:09:24+00:00\",\"dateModified\":\"2025-02-03T17:27:52+00:00\",\"breadcrumb\":{\"@id\":\"https:\/\/www.fanprojekt-muenster.de\/wordpress\/team\/julius-holdschlag\/#breadcrumb\"},\"inLanguage\":\"de\",\"potentialAction\":[{\"@type\":\"ReadAction\",\"target\":[\"https:\/\/www.fanprojekt-muenster.de\/wordpress\/team\/julius-holdschlag\/\"]}]},{\"@type\":\"ImageObject\",\"inLanguage\":\"de\",\"@id\":\"https:\/\/www.fanprojekt-muenster.de\/wordpress\/team\/julius-holdschlag\/#primaryimage\",\"url\":\"https:\/\/www.fanprojekt-muenster.de\/wordpress\/wp-content\/uploads\/2023\/12\/juliush.jpg\",\"contentUrl\":\"https:\/\/www.fanprojekt-muenster.de\/wordpress\/wp-content\/uploads\/2023\/12\/juliush.jpg\",\"width\":600,\"height\":600},{\"@type\":\"BreadcrumbList\",\"@id\":\"https:\/\/www.fanprojekt-muenster.de\/wordpress\/team\/julius-holdschlag\/#breadcrumb\",\"itemListElement\":[{\"@type\":\"ListItem\",\"position\":1,\"name\":\"Startseite\",\"item\":\"https:\/\/www.fanprojekt-muenster.de\/wordpress\/\"},{\"@type\":\"ListItem\",\"position\":2,\"name\":\"Julius Holdschlag\"}]},{\"@type\":\"WebSite\",\"@id\":\"https:\/\/www.fanprojekt-muenster.de\/wordpress\/#website\",\"url\":\"https:\/\/www.fanprojekt-muenster.de\/wordpress\/\",\"name\":\"Fangemeinschaft Preu\u00dfen M\u00fcnster e. V.\",\"description\":\"\",\"publisher\":{\"@id\":\"https:\/\/www.fanprojekt-muenster.de\/wordpress\/#organization\"},\"potentialAction\":[{\"@type\":\"SearchAction\",\"target\":{\"@type\":\"EntryPoint\",\"urlTemplate\":\"https:\/\/www.fanprojekt-muenster.de\/wordpress\/?s={search_term_string}\"},\"query-input\":{\"@type\":\"PropertyValueSpecification\",\"valueRequired\":true,\"valueName\":\"search_term_string\"}}],\"inLanguage\":\"de\"},{\"@type\":\"Organization\",\"@id\":\"https:\/\/www.fanprojekt-muenster.de\/wordpress\/#organization\",\"name\":\"Fangemeinschaft Preu\u00dfen M\u00fcnster e. V.\",\"url\":\"https:\/\/www.fanprojekt-muenster.de\/wordpress\/\",\"logo\":{\"@type\":\"ImageObject\",\"inLanguage\":\"de\",\"@id\":\"https:\/\/www.fanprojekt-muenster.de\/wordpress\/#\/schema\/logo\/image\/\",\"url\":\"https:\/\/www.fanprojekt-muenster.de\/wordpress\/wp-content\/uploads\/2019\/07\/cropped-Website_Logo3-9.png\",\"contentUrl\":\"https:\/\/www.fanprojekt-muenster.de\/wordpress\/wp-content\/uploads\/2019\/07\/cropped-Website_Logo3-9.png\",\"width\":224,\"height\":42,\"caption\":\"Fangemeinschaft Preu\u00dfen M\u00fcnster e. V.\"},\"image\":{\"@id\":\"https:\/\/www.fanprojekt-muenster.de\/wordpress\/#\/schema\/logo\/image\/\"}}]}<\/script>\n<!-- \/ Yoast SEO plugin. -->","yoast_head_json":{"title":"Julius Holdschlag - Fangemeinschaft Preu\u00dfen M\u00fcnster e. V.","robots":{"index":"index","follow":"follow","max-snippet":"max-snippet:-1","max-image-preview":"max-image-preview:large","max-video-preview":"max-video-preview:-1"},"canonical":"https:\/\/www.fanprojekt-muenster.de\/wordpress\/team\/julius-holdschlag\/","og_locale":"de_DE","og_type":"article","og_title":"Julius Holdschlag - Fangemeinschaft Preu\u00dfen M\u00fcnster e. V.","og_description":"&nbsp; &nbsp; Vier Fragen an die Vorst\u00e4nde der Fangemeinschaft Preu\u00dfen M\u00fcnster im Januar 2024: &nbsp; Seit wann gehst du zu Preu\u00dfen? Inzwischen schon l\u00e4nger als 25 Jahre. Es muss in... Read more &raquo;","og_url":"https:\/\/www.fanprojekt-muenster.de\/wordpress\/team\/julius-holdschlag\/","og_site_name":"Fangemeinschaft Preu\u00dfen M\u00fcnster e. V.","article_modified_time":"2025-02-03T17:27:52+00:00","og_image":[{"width":600,"height":600,"url":"https:\/\/www.fanprojekt-muenster.de\/wordpress\/wp-content\/uploads\/2023\/12\/juliush.jpg","type":"image\/jpeg"}],"twitter_card":"summary_large_image","twitter_misc":{"Gesch\u00e4tzte Lesezeit":"1\u00a0Minute"},"schema":{"@context":"https:\/\/schema.org","@graph":[{"@type":"WebPage","@id":"https:\/\/www.fanprojekt-muenster.de\/wordpress\/team\/julius-holdschlag\/","url":"https:\/\/www.fanprojekt-muenster.de\/wordpress\/team\/julius-holdschlag\/","name":"Julius Holdschlag - Fangemeinschaft Preu\u00dfen M\u00fcnster e. V.","isPartOf":{"@id":"https:\/\/www.fanprojekt-muenster.de\/wordpress\/#website"},"primaryImageOfPage":{"@id":"https:\/\/www.fanprojekt-muenster.de\/wordpress\/team\/julius-holdschlag\/#primaryimage"},"image":{"@id":"https:\/\/www.fanprojekt-muenster.de\/wordpress\/team\/julius-holdschlag\/#primaryimage"},"thumbnailUrl":"https:\/\/www.fanprojekt-muenster.de\/wordpress\/wp-content\/uploads\/2023\/12\/juliush.jpg","datePublished":"2023-12-30T17:09:24+00:00","dateModified":"2025-02-03T17:27:52+00:00","breadcrumb":{"@id":"https:\/\/www.fanprojekt-muenster.de\/wordpress\/team\/julius-holdschlag\/#breadcrumb"},"inLanguage":"de","potentialAction":[{"@type":"ReadAction","target":["https:\/\/www.fanprojekt-muenster.de\/wordpress\/team\/julius-holdschlag\/"]}]},{"@type":"ImageObject","inLanguage":"de","@id":"https:\/\/www.fanprojekt-muenster.de\/wordpress\/team\/julius-holdschlag\/#primaryimage","url":"https:\/\/www.fanprojekt-muenster.de\/wordpress\/wp-content\/uploads\/2023\/12\/juliush.jpg","contentUrl":"https:\/\/www.fanprojekt-muenster.de\/wordpress\/wp-content\/uploads\/2023\/12\/juliush.jpg","width":600,"height":600},{"@type":"BreadcrumbList","@id":"https:\/\/www.fanprojekt-muenster.de\/wordpress\/team\/julius-holdschlag\/#breadcrumb","itemListElement":[{"@type":"ListItem","position":1,"name":"Startseite","item":"https:\/\/www.fanprojekt-muenster.de\/wordpress\/"},{"@type":"ListItem","position":2,"name":"Julius Holdschlag"}]},{"@type":"WebSite","@id":"https:\/\/www.fanprojekt-muenster.de\/wordpress\/#website","url":"https:\/\/www.fanprojekt-muenster.de\/wordpress\/","name":"Fangemeinschaft Preu\u00dfen M\u00fcnster e. V.","description":"","publisher":{"@id":"https:\/\/www.fanprojekt-muenster.de\/wordpress\/#organization"},"potentialAction":[{"@type":"SearchAction","target":{"@type":"EntryPoint","urlTemplate":"https:\/\/www.fanprojekt-muenster.de\/wordpress\/?s={search_term_string}"},"query-input":{"@type":"PropertyValueSpecification","valueRequired":true,"valueName":"search_term_string"}}],"inLanguage":"de"},{"@type":"Organization","@id":"https:\/\/www.fanprojekt-muenster.de\/wordpress\/#organization","name":"Fangemeinschaft Preu\u00dfen M\u00fcnster e. V.","url":"https:\/\/www.fanprojekt-muenster.de\/wordpress\/","logo":{"@type":"ImageObject","inLanguage":"de","@id":"https:\/\/www.fanprojekt-muenster.de\/wordpress\/#\/schema\/logo\/image\/","url":"https:\/\/www.fanprojekt-muenster.de\/wordpress\/wp-content\/uploads\/2019\/07\/cropped-Website_Logo3-9.png","contentUrl":"https:\/\/www.fanprojekt-muenster.de\/wordpress\/wp-content\/uploads\/2019\/07\/cropped-Website_Logo3-9.png","width":224,"height":42,"caption":"Fangemeinschaft Preu\u00dfen M\u00fcnster e. V."},"image":{"@id":"https:\/\/www.fanprojekt-muenster.de\/wordpress\/#\/schema\/logo\/image\/"}}]}},"featured_img":"https:\/\/www.fanprojekt-muenster.de\/wordpress\/wp-content\/uploads\/2023\/12\/juliush.jpg","coauthors":[],"author_meta":{"author_link":"https:\/\/www.fanprojekt-muenster.de\/wordpress\/author\/jogy\/","display_name":"CJO"},"relative_dates":{"created":"Posted 2\u00a0Jahren ago","modified":"Updated 1\u00a0Jahr ago"},"absolute_dates":{"created":"Posted on 30. Dezember 2023","modified":"Updated on 3. Februar 2025"},"absolute_dates_time":{"created":"Posted on 30. Dezember 2023 18:09","modified":"Updated on 3. Februar 2025 18:27"},"featured_img_caption":"","tax_additional":{"team_designation":{"linked":["<a href=\"https:\/\/www.fanprojekt-muenster.de\/wordpress\/team_designation\/beisitz-oeffentlichkeitsarbeit\/\" class=\"advgb-post-tax-term\">Beisitz \u00d6ffentlichkeitsarbeit<\/a>"],"unlinked":["<span class=\"advgb-post-tax-term\">Beisitz \u00d6ffentlichkeitsarbeit<\/span>"],"slug":"team_designation","name":"Designations"},"team_department":{"linked":["<a href=\"https:\/\/www.fanprojekt-muenster.de\/wordpress\/team_department\/beisitzer\/\" class=\"advgb-post-tax-term\">Beisitzer<\/a>","<a href=\"https:\/\/www.fanprojekt-muenster.de\/wordpress\/team_department\/vorstand\/\" class=\"advgb-post-tax-term\">Vorstand<\/a>"],"unlinked":["<span class=\"advgb-post-tax-term\">Beisitzer<\/span>","<span class=\"advgb-post-tax-term\">Vorstand<\/span>"],"slug":"team_department","name":"Department"}},"series_order":"","_links":{"self":[{"href":"https:\/\/www.fanprojekt-muenster.de\/wordpress\/wp-json\/wp\/v2\/team\/9126","targetHints":{"allow":["GET"]}}],"collection":[{"href":"https:\/\/www.fanprojekt-muenster.de\/wordpress\/wp-json\/wp\/v2\/team"}],"about":[{"href":"https:\/\/www.fanprojekt-muenster.de\/wordpress\/wp-json\/wp\/v2\/types\/team"}],"author":[{"embeddable":true,"href":"https:\/\/www.fanprojekt-muenster.de\/wordpress\/wp-json\/wp\/v2\/users\/7"}],"wp:featuredmedia":[{"embeddable":true,"href":"https:\/\/www.fanprojekt-muenster.de\/wordpress\/wp-json\/wp\/v2\/media\/9128"}],"wp:attachment":[{"href":"https:\/\/www.fanprojekt-muenster.de\/wordpress\/wp-json\/wp\/v2\/media?parent=9126"}],"wp:term":[{"taxonomy":"team_designation","embeddable":true,"href":"https:\/\/www.fanprojekt-muenster.de\/wordpress\/wp-json\/wp\/v2\/team_designation?post=9126"},{"taxonomy":"team_department","embeddable":true,"href":"https:\/\/www.fanprojekt-muenster.de\/wordpress\/wp-json\/wp\/v2\/team_department?post=9126"}],"curies":[{"name":"wp","href":"https:\/\/api.w.org\/{rel}","templated":true}]}}