{"id":8722,"date":"2022-07-18T20:21:50","date_gmt":"2022-07-18T18:21:50","guid":{"rendered":"https:\/\/www.fanprojekt-muenster.de\/wordpress\/?post_type=team&#038;p=8722"},"modified":"2025-02-03T18:25:00","modified_gmt":"2025-02-03T17:25:00","slug":"torben-maunz","status":"publish","type":"team","link":"https:\/\/www.fanprojekt-muenster.de\/wordpress\/team\/torben-maunz\/","title":{"rendered":"Torben Maunz"},"content":{"rendered":"<p>&nbsp;<br \/>\n&nbsp;<br \/>\n<strong><em>Vier Fragen an die Vorst\u00e4nde der Fangemeinschaft Preu\u00dfen M\u00fcnster im Januar 2024:<\/em><\/strong><br \/>\n&nbsp;<br \/>\n<em>Seit wann gehst du zu Preu\u00dfen?<\/em><br \/>\nMein Bruder war seit dem Jahr 2000 aktiver Preu\u00dfenfan und Fu\u00dfball stand schon seit Kindesbeinen ganz oben auf meiner Liste. Dadurch war Preu\u00dfen M\u00fcnster bei mir schon fr\u00fch Thema. Als Jugendlicher haben mich besonders die Ausw\u00e4rtsspiele am Millerntor im Jahr 2004 und nach Jena eine Saison sp\u00e4ter gepr\u00e4gt. Seitdem begleite ich unseren SCP regelm\u00e4\u00dfig zu den Spielen.<br \/>\n&nbsp;<br \/>\n<em>Wo ist dein Platz im Stadion?<\/em><br \/>\nIn meiner Anfangszeit war der Block der Curva Monasteria mein zu Hause. Anschlie\u00dfend habe ich viele Jahre im Block M gestanden. Mittlerweile stehe ich seit einigen Jahren zusammen mit meinen besten Freunden in der Fiffi-Gerritzen Kurve.<br \/>\n&nbsp;<br \/>\n<em>Warum engagierst du dich in der Fangemeinschaft?<\/em><br \/>\nIn den letzten zwanzig Jahren habe ich ganz unterschiedliche Menschen kennengelernt, die alle auf ihre Art und Weise f\u00fcr Preu\u00dfen brennen. Das begeistert mich. Durch die Fangemeinschaft haben wir eine gute M\u00f6glichkeit diese Energie zu b\u00fcndeln, gemeinsam Ideen zu entwickeln und umzusetzen und dadurch das Vereinsleben f\u00fcr m\u00f6glichst viele Preu\u00dfenfans zu bereichern.<br \/>\n&nbsp;<br \/>\n<em>Was m\u00f6chtest du in der Fangemeinschaft bewegen?<\/em><br \/>\nMein Wunsch ist, dass wir uns als Fangemeinschaft personell und thematisch breit aufstellen und es uns gelingt, viele und gerne auch neue K\u00f6pfe f\u00fcr die Ideen und Ziele der Fangemeinschaft zu begeistern. Daf\u00fcr ist es notwendig, feste und transparente Strukturen rund um die Fangemeinschaft zu etablieren. Da starten wir gerade zum Beispiel mit dem Aufbau von Arbeitsgemeinschaften zu den unterschiedlichen Themen rund um unseren SCP. Das begleite ich und organisiere beispielweise auch Ausw\u00e4rtsfahrten, wie zuletzt den Sonderzug nach Saarbr\u00fccken.<br \/>\n&nbsp;<\/p>\n","protected":false},"author":1,"featured_media":8741,"menu_order":1,"template":"","team_designation":[329],"team_department":[315],"class_list":["post-8722","team","type-team","status-publish","has-post-thumbnail","hentry","team_designation-vorsitz1","team_department-vorstand"],"yoast_head":"<!-- This site is optimized with the Yoast SEO plugin v27.2 - https:\/\/yoast.com\/product\/yoast-seo-wordpress\/ -->\n<title>Torben Maunz - Fangemeinschaft Preu\u00dfen M\u00fcnster e. V.<\/title>\n<meta name=\"robots\" content=\"index, follow, max-snippet:-1, max-image-preview:large, max-video-preview:-1\" \/>\n<link rel=\"canonical\" href=\"https:\/\/www.fanprojekt-muenster.de\/wordpress\/team\/torben-maunz\/\" \/>\n<meta property=\"og:locale\" content=\"de_DE\" \/>\n<meta property=\"og:type\" content=\"article\" \/>\n<meta property=\"og:title\" content=\"Torben Maunz - Fangemeinschaft Preu\u00dfen M\u00fcnster e. V.\" \/>\n<meta property=\"og:description\" content=\"&nbsp; &nbsp; Vier Fragen an die Vorst\u00e4nde der Fangemeinschaft Preu\u00dfen M\u00fcnster im Januar 2024: &nbsp; Seit wann gehst du zu Preu\u00dfen? Mein Bruder war seit dem Jahr 2000 aktiver Preu\u00dfenfan... Read more &raquo;\" \/>\n<meta property=\"og:url\" content=\"https:\/\/www.fanprojekt-muenster.de\/wordpress\/team\/torben-maunz\/\" \/>\n<meta property=\"og:site_name\" content=\"Fangemeinschaft Preu\u00dfen M\u00fcnster e. V.\" \/>\n<meta property=\"article:modified_time\" content=\"2025-02-03T17:25:00+00:00\" \/>\n<meta property=\"og:image\" content=\"https:\/\/www.fanprojekt-muenster.de\/wordpress\/wp-content\/uploads\/2022\/07\/torben-954x1024.png\" \/>\n\t<meta property=\"og:image:width\" content=\"954\" \/>\n\t<meta property=\"og:image:height\" content=\"1024\" \/>\n\t<meta property=\"og:image:type\" content=\"image\/png\" \/>\n<meta name=\"twitter:card\" content=\"summary_large_image\" \/>\n<meta name=\"twitter:label1\" content=\"Gesch\u00e4tzte Lesezeit\" \/>\n\t<meta name=\"twitter:data1\" content=\"2\u00a0Minuten\" \/>\n<script type=\"application\/ld+json\" class=\"yoast-schema-graph\">{\"@context\":\"https:\/\/schema.org\",\"@graph\":[{\"@type\":\"WebPage\",\"@id\":\"https:\/\/www.fanprojekt-muenster.de\/wordpress\/team\/torben-maunz\/\",\"url\":\"https:\/\/www.fanprojekt-muenster.de\/wordpress\/team\/torben-maunz\/\",\"name\":\"Torben Maunz - Fangemeinschaft Preu\u00dfen M\u00fcnster e. V.\",\"isPartOf\":{\"@id\":\"https:\/\/www.fanprojekt-muenster.de\/wordpress\/#website\"},\"primaryImageOfPage\":{\"@id\":\"https:\/\/www.fanprojekt-muenster.de\/wordpress\/team\/torben-maunz\/#primaryimage\"},\"image\":{\"@id\":\"https:\/\/www.fanprojekt-muenster.de\/wordpress\/team\/torben-maunz\/#primaryimage\"},\"thumbnailUrl\":\"https:\/\/www.fanprojekt-muenster.de\/wordpress\/wp-content\/uploads\/2022\/07\/torben.png\",\"datePublished\":\"2022-07-18T18:21:50+00:00\",\"dateModified\":\"2025-02-03T17:25:00+00:00\",\"breadcrumb\":{\"@id\":\"https:\/\/www.fanprojekt-muenster.de\/wordpress\/team\/torben-maunz\/#breadcrumb\"},\"inLanguage\":\"de\",\"potentialAction\":[{\"@type\":\"ReadAction\",\"target\":[\"https:\/\/www.fanprojekt-muenster.de\/wordpress\/team\/torben-maunz\/\"]}]},{\"@type\":\"ImageObject\",\"inLanguage\":\"de\",\"@id\":\"https:\/\/www.fanprojekt-muenster.de\/wordpress\/team\/torben-maunz\/#primaryimage\",\"url\":\"https:\/\/www.fanprojekt-muenster.de\/wordpress\/wp-content\/uploads\/2022\/07\/torben.png\",\"contentUrl\":\"https:\/\/www.fanprojekt-muenster.de\/wordpress\/wp-content\/uploads\/2022\/07\/torben.png\",\"width\":1125,\"height\":1207},{\"@type\":\"BreadcrumbList\",\"@id\":\"https:\/\/www.fanprojekt-muenster.de\/wordpress\/team\/torben-maunz\/#breadcrumb\",\"itemListElement\":[{\"@type\":\"ListItem\",\"position\":1,\"name\":\"Startseite\",\"item\":\"https:\/\/www.fanprojekt-muenster.de\/wordpress\/\"},{\"@type\":\"ListItem\",\"position\":2,\"name\":\"Torben Maunz\"}]},{\"@type\":\"WebSite\",\"@id\":\"https:\/\/www.fanprojekt-muenster.de\/wordpress\/#website\",\"url\":\"https:\/\/www.fanprojekt-muenster.de\/wordpress\/\",\"name\":\"Fangemeinschaft Preu\u00dfen M\u00fcnster e. V.\",\"description\":\"\",\"publisher\":{\"@id\":\"https:\/\/www.fanprojekt-muenster.de\/wordpress\/#organization\"},\"potentialAction\":[{\"@type\":\"SearchAction\",\"target\":{\"@type\":\"EntryPoint\",\"urlTemplate\":\"https:\/\/www.fanprojekt-muenster.de\/wordpress\/?s={search_term_string}\"},\"query-input\":{\"@type\":\"PropertyValueSpecification\",\"valueRequired\":true,\"valueName\":\"search_term_string\"}}],\"inLanguage\":\"de\"},{\"@type\":\"Organization\",\"@id\":\"https:\/\/www.fanprojekt-muenster.de\/wordpress\/#organization\",\"name\":\"Fangemeinschaft Preu\u00dfen M\u00fcnster e. V.\",\"url\":\"https:\/\/www.fanprojekt-muenster.de\/wordpress\/\",\"logo\":{\"@type\":\"ImageObject\",\"inLanguage\":\"de\",\"@id\":\"https:\/\/www.fanprojekt-muenster.de\/wordpress\/#\/schema\/logo\/image\/\",\"url\":\"https:\/\/www.fanprojekt-muenster.de\/wordpress\/wp-content\/uploads\/2019\/07\/cropped-Website_Logo3-9.png\",\"contentUrl\":\"https:\/\/www.fanprojekt-muenster.de\/wordpress\/wp-content\/uploads\/2019\/07\/cropped-Website_Logo3-9.png\",\"width\":224,\"height\":42,\"caption\":\"Fangemeinschaft Preu\u00dfen M\u00fcnster e. V.\"},\"image\":{\"@id\":\"https:\/\/www.fanprojekt-muenster.de\/wordpress\/#\/schema\/logo\/image\/\"}}]}<\/script>\n<!-- \/ Yoast SEO plugin. -->","yoast_head_json":{"title":"Torben Maunz - Fangemeinschaft Preu\u00dfen M\u00fcnster e. V.","robots":{"index":"index","follow":"follow","max-snippet":"max-snippet:-1","max-image-preview":"max-image-preview:large","max-video-preview":"max-video-preview:-1"},"canonical":"https:\/\/www.fanprojekt-muenster.de\/wordpress\/team\/torben-maunz\/","og_locale":"de_DE","og_type":"article","og_title":"Torben Maunz - Fangemeinschaft Preu\u00dfen M\u00fcnster e. V.","og_description":"&nbsp; &nbsp; Vier Fragen an die Vorst\u00e4nde der Fangemeinschaft Preu\u00dfen M\u00fcnster im Januar 2024: &nbsp; Seit wann gehst du zu Preu\u00dfen? Mein Bruder war seit dem Jahr 2000 aktiver Preu\u00dfenfan... Read more &raquo;","og_url":"https:\/\/www.fanprojekt-muenster.de\/wordpress\/team\/torben-maunz\/","og_site_name":"Fangemeinschaft Preu\u00dfen M\u00fcnster e. V.","article_modified_time":"2025-02-03T17:25:00+00:00","og_image":[{"width":954,"height":1024,"url":"https:\/\/www.fanprojekt-muenster.de\/wordpress\/wp-content\/uploads\/2022\/07\/torben-954x1024.png","type":"image\/png"}],"twitter_card":"summary_large_image","twitter_misc":{"Gesch\u00e4tzte Lesezeit":"2\u00a0Minuten"},"schema":{"@context":"https:\/\/schema.org","@graph":[{"@type":"WebPage","@id":"https:\/\/www.fanprojekt-muenster.de\/wordpress\/team\/torben-maunz\/","url":"https:\/\/www.fanprojekt-muenster.de\/wordpress\/team\/torben-maunz\/","name":"Torben Maunz - Fangemeinschaft Preu\u00dfen M\u00fcnster e. V.","isPartOf":{"@id":"https:\/\/www.fanprojekt-muenster.de\/wordpress\/#website"},"primaryImageOfPage":{"@id":"https:\/\/www.fanprojekt-muenster.de\/wordpress\/team\/torben-maunz\/#primaryimage"},"image":{"@id":"https:\/\/www.fanprojekt-muenster.de\/wordpress\/team\/torben-maunz\/#primaryimage"},"thumbnailUrl":"https:\/\/www.fanprojekt-muenster.de\/wordpress\/wp-content\/uploads\/2022\/07\/torben.png","datePublished":"2022-07-18T18:21:50+00:00","dateModified":"2025-02-03T17:25:00+00:00","breadcrumb":{"@id":"https:\/\/www.fanprojekt-muenster.de\/wordpress\/team\/torben-maunz\/#breadcrumb"},"inLanguage":"de","potentialAction":[{"@type":"ReadAction","target":["https:\/\/www.fanprojekt-muenster.de\/wordpress\/team\/torben-maunz\/"]}]},{"@type":"ImageObject","inLanguage":"de","@id":"https:\/\/www.fanprojekt-muenster.de\/wordpress\/team\/torben-maunz\/#primaryimage","url":"https:\/\/www.fanprojekt-muenster.de\/wordpress\/wp-content\/uploads\/2022\/07\/torben.png","contentUrl":"https:\/\/www.fanprojekt-muenster.de\/wordpress\/wp-content\/uploads\/2022\/07\/torben.png","width":1125,"height":1207},{"@type":"BreadcrumbList","@id":"https:\/\/www.fanprojekt-muenster.de\/wordpress\/team\/torben-maunz\/#breadcrumb","itemListElement":[{"@type":"ListItem","position":1,"name":"Startseite","item":"https:\/\/www.fanprojekt-muenster.de\/wordpress\/"},{"@type":"ListItem","position":2,"name":"Torben Maunz"}]},{"@type":"WebSite","@id":"https:\/\/www.fanprojekt-muenster.de\/wordpress\/#website","url":"https:\/\/www.fanprojekt-muenster.de\/wordpress\/","name":"Fangemeinschaft Preu\u00dfen M\u00fcnster e. V.","description":"","publisher":{"@id":"https:\/\/www.fanprojekt-muenster.de\/wordpress\/#organization"},"potentialAction":[{"@type":"SearchAction","target":{"@type":"EntryPoint","urlTemplate":"https:\/\/www.fanprojekt-muenster.de\/wordpress\/?s={search_term_string}"},"query-input":{"@type":"PropertyValueSpecification","valueRequired":true,"valueName":"search_term_string"}}],"inLanguage":"de"},{"@type":"Organization","@id":"https:\/\/www.fanprojekt-muenster.de\/wordpress\/#organization","name":"Fangemeinschaft Preu\u00dfen M\u00fcnster e. V.","url":"https:\/\/www.fanprojekt-muenster.de\/wordpress\/","logo":{"@type":"ImageObject","inLanguage":"de","@id":"https:\/\/www.fanprojekt-muenster.de\/wordpress\/#\/schema\/logo\/image\/","url":"https:\/\/www.fanprojekt-muenster.de\/wordpress\/wp-content\/uploads\/2019\/07\/cropped-Website_Logo3-9.png","contentUrl":"https:\/\/www.fanprojekt-muenster.de\/wordpress\/wp-content\/uploads\/2019\/07\/cropped-Website_Logo3-9.png","width":224,"height":42,"caption":"Fangemeinschaft Preu\u00dfen M\u00fcnster e. V."},"image":{"@id":"https:\/\/www.fanprojekt-muenster.de\/wordpress\/#\/schema\/logo\/image\/"}}]}},"featured_img":"https:\/\/www.fanprojekt-muenster.de\/wordpress\/wp-content\/uploads\/2022\/07\/torben.png","coauthors":[],"author_meta":{"author_link":"https:\/\/www.fanprojekt-muenster.de\/wordpress\/author\/dst\/","display_name":"DST"},"relative_dates":{"created":"Posted 4\u00a0Jahren ago","modified":"Updated 1\u00a0Jahr ago"},"absolute_dates":{"created":"Posted on 18. Juli 2022","modified":"Updated on 3. Februar 2025"},"absolute_dates_time":{"created":"Posted on 18. Juli 2022 20:21","modified":"Updated on 3. Februar 2025 18:25"},"featured_img_caption":"","tax_additional":{"team_designation":{"linked":["<a href=\"https:\/\/www.fanprojekt-muenster.de\/wordpress\/team_designation\/vorsitz1\/\" class=\"advgb-post-tax-term\">1. Vorsitz<\/a>"],"unlinked":["<span class=\"advgb-post-tax-term\">1. Vorsitz<\/span>"],"slug":"team_designation","name":"Designations"},"team_department":{"linked":["<a href=\"https:\/\/www.fanprojekt-muenster.de\/wordpress\/team_department\/vorstand\/\" class=\"advgb-post-tax-term\">Vorstand<\/a>"],"unlinked":["<span class=\"advgb-post-tax-term\">Vorstand<\/span>"],"slug":"team_department","name":"Department"}},"series_order":"","_links":{"self":[{"href":"https:\/\/www.fanprojekt-muenster.de\/wordpress\/wp-json\/wp\/v2\/team\/8722","targetHints":{"allow":["GET"]}}],"collection":[{"href":"https:\/\/www.fanprojekt-muenster.de\/wordpress\/wp-json\/wp\/v2\/team"}],"about":[{"href":"https:\/\/www.fanprojekt-muenster.de\/wordpress\/wp-json\/wp\/v2\/types\/team"}],"author":[{"embeddable":true,"href":"https:\/\/www.fanprojekt-muenster.de\/wordpress\/wp-json\/wp\/v2\/users\/1"}],"wp:featuredmedia":[{"embeddable":true,"href":"https:\/\/www.fanprojekt-muenster.de\/wordpress\/wp-json\/wp\/v2\/media\/8741"}],"wp:attachment":[{"href":"https:\/\/www.fanprojekt-muenster.de\/wordpress\/wp-json\/wp\/v2\/media?parent=8722"}],"wp:term":[{"taxonomy":"team_designation","embeddable":true,"href":"https:\/\/www.fanprojekt-muenster.de\/wordpress\/wp-json\/wp\/v2\/team_designation?post=8722"},{"taxonomy":"team_department","embeddable":true,"href":"https:\/\/www.fanprojekt-muenster.de\/wordpress\/wp-json\/wp\/v2\/team_department?post=8722"}],"curies":[{"name":"wp","href":"https:\/\/api.w.org\/{rel}","templated":true}]}}