{"id":8643,"date":"2022-01-21T22:34:33","date_gmt":"2022-01-21T21:34:33","guid":{"rendered":"https:\/\/www.fanprojekt-muenster.de\/wordpress\/?post_type=team&#038;p=8643"},"modified":"2025-02-03T18:07:43","modified_gmt":"2025-02-03T17:07:43","slug":"julian-rosery","status":"publish","type":"team","link":"https:\/\/www.fanprojekt-muenster.de\/wordpress\/team\/julian-rosery\/","title":{"rendered":"Julian Rosery"},"content":{"rendered":"<p>&nbsp;<br \/>\n&nbsp;<br \/>\n<strong><em>Vier Fragen an die Vorst\u00e4nde der Fangemeinschaft Preu\u00dfen M\u00fcnster im Januar 2024:<\/em><\/strong><br \/>\n&nbsp;<br \/>\n<em>Seit wann gehst du zu Preu\u00dfen?<\/em><br \/>\nIch gehe \u00e4hnlich lange wie Jogy zum SCP. Mein erstes Spiel war in der Saison 2002\/2003 gegen Dortmund 2 als ein junger Malte Metzelder sein erstes Spiel f\u00fcr die falschen Farben machte und der SCP trostlos mit 0:2 unterlag. Angetrieben durch meinen Bruder war ich irgendwie infiziert und schon wenig sp\u00e4ter Dauergast und Dauerkarteninhaber.<br \/>\n&nbsp;<br \/>\n<em>Wo ist dein Platz im Stadion?<\/em><br \/>\nMein Platz ist seit Jahren der A-Block. Das war schon in Zeiten der alten Holzb\u00e4nke so. Hier f\u00fchle ich mich heimisch. Hier stehen Freunde.<br \/>\n&nbsp;<br \/>\n<em>Warum engagierst du dich in der Fangemeinschaft?<\/em><br \/>\nGanz einfach: Ich bin von den ehemaligen A-Block-Fanprojekt-Mitgliedern angesprochen worden und habe auch damals schon an Spieltagen hin und wieder am Container mitgeholfen. Ich fand die Mischung der Fans im Fanprojekt und die vorhandene Dynamik spannend und habe mich deshalb dann auch f\u00fcr den Vorstand aufstellen lassen. Auch weil ich mir gedacht habe, dass ich auf Dauer auch selbst gestalten und nicht nur fordern sollte.<br \/>\n&nbsp;<br \/>\n<em>Was m\u00f6chtest du in der Fangemeinschaft bewegen?<\/em><br \/>\nDurch meinen beruflichen Hintergrund habe ich ein ganz gutes Finanzwissen, dass ich als Schatzmeister in die Fangemeinschaft einbringe. Ein langfristiges Ziel von mir ist es, f\u00fcr die Fangemeinschaft die steuerliche Gemeinn\u00fctzigkeit zu erreichen. Das kann uns einige Vorteile bringen.<br \/>\nEine Herzensangelegenheit ist mir seit l\u00e4ngerer Zeit der Fancontainer. Ich m\u00f6chte mich darum bem\u00fchen, dass es auch in der Zeit w\u00e4hrend und nach dem Stadionumbau eine Anlaufstelle f\u00fcr Fans in direkter Stadionn\u00e4he gibt und es f\u00fcr die unterschiedlichen Bereiche und Gruppen von Fans einen Ort des Austauschs gibt.<br \/>\n&nbsp;<\/p>\n","protected":false},"author":1,"featured_media":6881,"menu_order":4,"template":"","team_designation":[331],"team_department":[315],"class_list":["post-8643","team","type-team","status-publish","has-post-thumbnail","hentry","team_designation-kassenverwaltung","team_department-vorstand"],"yoast_head":"<!-- This site is optimized with the Yoast SEO plugin v27.2 - https:\/\/yoast.com\/product\/yoast-seo-wordpress\/ -->\n<title>Julian Rosery - Fangemeinschaft Preu\u00dfen M\u00fcnster e. V.<\/title>\n<meta name=\"robots\" content=\"index, follow, max-snippet:-1, max-image-preview:large, max-video-preview:-1\" \/>\n<link rel=\"canonical\" href=\"https:\/\/www.fanprojekt-muenster.de\/wordpress\/team\/julian-rosery\/\" \/>\n<meta property=\"og:locale\" content=\"de_DE\" \/>\n<meta property=\"og:type\" content=\"article\" \/>\n<meta property=\"og:title\" content=\"Julian Rosery - Fangemeinschaft Preu\u00dfen M\u00fcnster e. V.\" \/>\n<meta property=\"og:description\" content=\"&nbsp; &nbsp; Vier Fragen an die Vorst\u00e4nde der Fangemeinschaft Preu\u00dfen M\u00fcnster im Januar 2024: &nbsp; Seit wann gehst du zu Preu\u00dfen? Ich gehe \u00e4hnlich lange wie Jogy zum SCP. Mein... Read more &raquo;\" \/>\n<meta property=\"og:url\" content=\"https:\/\/www.fanprojekt-muenster.de\/wordpress\/team\/julian-rosery\/\" \/>\n<meta property=\"og:site_name\" content=\"Fangemeinschaft Preu\u00dfen M\u00fcnster e. V.\" \/>\n<meta property=\"article:modified_time\" content=\"2025-02-03T17:07:43+00:00\" \/>\n<meta property=\"og:image\" content=\"https:\/\/www.fanprojekt-muenster.de\/wordpress\/wp-content\/uploads\/2019\/07\/julian-576x576.jpg\" \/>\n\t<meta property=\"og:image:width\" content=\"576\" \/>\n\t<meta property=\"og:image:height\" content=\"576\" \/>\n\t<meta property=\"og:image:type\" content=\"image\/jpeg\" \/>\n<meta name=\"twitter:card\" content=\"summary_large_image\" \/>\n<meta name=\"twitter:label1\" content=\"Gesch\u00e4tzte Lesezeit\" \/>\n\t<meta name=\"twitter:data1\" content=\"2\u00a0Minuten\" \/>\n<script type=\"application\/ld+json\" class=\"yoast-schema-graph\">{\"@context\":\"https:\/\/schema.org\",\"@graph\":[{\"@type\":\"WebPage\",\"@id\":\"https:\/\/www.fanprojekt-muenster.de\/wordpress\/team\/julian-rosery\/\",\"url\":\"https:\/\/www.fanprojekt-muenster.de\/wordpress\/team\/julian-rosery\/\",\"name\":\"Julian Rosery - Fangemeinschaft Preu\u00dfen M\u00fcnster e. V.\",\"isPartOf\":{\"@id\":\"https:\/\/www.fanprojekt-muenster.de\/wordpress\/#website\"},\"primaryImageOfPage\":{\"@id\":\"https:\/\/www.fanprojekt-muenster.de\/wordpress\/team\/julian-rosery\/#primaryimage\"},\"image\":{\"@id\":\"https:\/\/www.fanprojekt-muenster.de\/wordpress\/team\/julian-rosery\/#primaryimage\"},\"thumbnailUrl\":\"https:\/\/www.fanprojekt-muenster.de\/wordpress\/wp-content\/uploads\/2019\/07\/julian-576x576.jpg\",\"datePublished\":\"2022-01-21T21:34:33+00:00\",\"dateModified\":\"2025-02-03T17:07:43+00:00\",\"breadcrumb\":{\"@id\":\"https:\/\/www.fanprojekt-muenster.de\/wordpress\/team\/julian-rosery\/#breadcrumb\"},\"inLanguage\":\"de\",\"potentialAction\":[{\"@type\":\"ReadAction\",\"target\":[\"https:\/\/www.fanprojekt-muenster.de\/wordpress\/team\/julian-rosery\/\"]}]},{\"@type\":\"ImageObject\",\"inLanguage\":\"de\",\"@id\":\"https:\/\/www.fanprojekt-muenster.de\/wordpress\/team\/julian-rosery\/#primaryimage\",\"url\":\"https:\/\/www.fanprojekt-muenster.de\/wordpress\/wp-content\/uploads\/2019\/07\/julian-576x576.jpg\",\"contentUrl\":\"https:\/\/www.fanprojekt-muenster.de\/wordpress\/wp-content\/uploads\/2019\/07\/julian-576x576.jpg\",\"width\":576,\"height\":576},{\"@type\":\"BreadcrumbList\",\"@id\":\"https:\/\/www.fanprojekt-muenster.de\/wordpress\/team\/julian-rosery\/#breadcrumb\",\"itemListElement\":[{\"@type\":\"ListItem\",\"position\":1,\"name\":\"Startseite\",\"item\":\"https:\/\/www.fanprojekt-muenster.de\/wordpress\/\"},{\"@type\":\"ListItem\",\"position\":2,\"name\":\"Julian Rosery\"}]},{\"@type\":\"WebSite\",\"@id\":\"https:\/\/www.fanprojekt-muenster.de\/wordpress\/#website\",\"url\":\"https:\/\/www.fanprojekt-muenster.de\/wordpress\/\",\"name\":\"Fangemeinschaft Preu\u00dfen M\u00fcnster e. V.\",\"description\":\"\",\"publisher\":{\"@id\":\"https:\/\/www.fanprojekt-muenster.de\/wordpress\/#organization\"},\"potentialAction\":[{\"@type\":\"SearchAction\",\"target\":{\"@type\":\"EntryPoint\",\"urlTemplate\":\"https:\/\/www.fanprojekt-muenster.de\/wordpress\/?s={search_term_string}\"},\"query-input\":{\"@type\":\"PropertyValueSpecification\",\"valueRequired\":true,\"valueName\":\"search_term_string\"}}],\"inLanguage\":\"de\"},{\"@type\":\"Organization\",\"@id\":\"https:\/\/www.fanprojekt-muenster.de\/wordpress\/#organization\",\"name\":\"Fangemeinschaft Preu\u00dfen M\u00fcnster e. V.\",\"url\":\"https:\/\/www.fanprojekt-muenster.de\/wordpress\/\",\"logo\":{\"@type\":\"ImageObject\",\"inLanguage\":\"de\",\"@id\":\"https:\/\/www.fanprojekt-muenster.de\/wordpress\/#\/schema\/logo\/image\/\",\"url\":\"https:\/\/www.fanprojekt-muenster.de\/wordpress\/wp-content\/uploads\/2019\/07\/cropped-Website_Logo3-9.png\",\"contentUrl\":\"https:\/\/www.fanprojekt-muenster.de\/wordpress\/wp-content\/uploads\/2019\/07\/cropped-Website_Logo3-9.png\",\"width\":224,\"height\":42,\"caption\":\"Fangemeinschaft Preu\u00dfen M\u00fcnster e. V.\"},\"image\":{\"@id\":\"https:\/\/www.fanprojekt-muenster.de\/wordpress\/#\/schema\/logo\/image\/\"}}]}<\/script>\n<!-- \/ Yoast SEO plugin. -->","yoast_head_json":{"title":"Julian Rosery - Fangemeinschaft Preu\u00dfen M\u00fcnster e. V.","robots":{"index":"index","follow":"follow","max-snippet":"max-snippet:-1","max-image-preview":"max-image-preview:large","max-video-preview":"max-video-preview:-1"},"canonical":"https:\/\/www.fanprojekt-muenster.de\/wordpress\/team\/julian-rosery\/","og_locale":"de_DE","og_type":"article","og_title":"Julian Rosery - Fangemeinschaft Preu\u00dfen M\u00fcnster e. V.","og_description":"&nbsp; &nbsp; Vier Fragen an die Vorst\u00e4nde der Fangemeinschaft Preu\u00dfen M\u00fcnster im Januar 2024: &nbsp; Seit wann gehst du zu Preu\u00dfen? Ich gehe \u00e4hnlich lange wie Jogy zum SCP. Mein... Read more &raquo;","og_url":"https:\/\/www.fanprojekt-muenster.de\/wordpress\/team\/julian-rosery\/","og_site_name":"Fangemeinschaft Preu\u00dfen M\u00fcnster e. V.","article_modified_time":"2025-02-03T17:07:43+00:00","og_image":[{"width":576,"height":576,"url":"https:\/\/www.fanprojekt-muenster.de\/wordpress\/wp-content\/uploads\/2019\/07\/julian-576x576.jpg","type":"image\/jpeg"}],"twitter_card":"summary_large_image","twitter_misc":{"Gesch\u00e4tzte Lesezeit":"2\u00a0Minuten"},"schema":{"@context":"https:\/\/schema.org","@graph":[{"@type":"WebPage","@id":"https:\/\/www.fanprojekt-muenster.de\/wordpress\/team\/julian-rosery\/","url":"https:\/\/www.fanprojekt-muenster.de\/wordpress\/team\/julian-rosery\/","name":"Julian Rosery - Fangemeinschaft Preu\u00dfen M\u00fcnster e. V.","isPartOf":{"@id":"https:\/\/www.fanprojekt-muenster.de\/wordpress\/#website"},"primaryImageOfPage":{"@id":"https:\/\/www.fanprojekt-muenster.de\/wordpress\/team\/julian-rosery\/#primaryimage"},"image":{"@id":"https:\/\/www.fanprojekt-muenster.de\/wordpress\/team\/julian-rosery\/#primaryimage"},"thumbnailUrl":"https:\/\/www.fanprojekt-muenster.de\/wordpress\/wp-content\/uploads\/2019\/07\/julian-576x576.jpg","datePublished":"2022-01-21T21:34:33+00:00","dateModified":"2025-02-03T17:07:43+00:00","breadcrumb":{"@id":"https:\/\/www.fanprojekt-muenster.de\/wordpress\/team\/julian-rosery\/#breadcrumb"},"inLanguage":"de","potentialAction":[{"@type":"ReadAction","target":["https:\/\/www.fanprojekt-muenster.de\/wordpress\/team\/julian-rosery\/"]}]},{"@type":"ImageObject","inLanguage":"de","@id":"https:\/\/www.fanprojekt-muenster.de\/wordpress\/team\/julian-rosery\/#primaryimage","url":"https:\/\/www.fanprojekt-muenster.de\/wordpress\/wp-content\/uploads\/2019\/07\/julian-576x576.jpg","contentUrl":"https:\/\/www.fanprojekt-muenster.de\/wordpress\/wp-content\/uploads\/2019\/07\/julian-576x576.jpg","width":576,"height":576},{"@type":"BreadcrumbList","@id":"https:\/\/www.fanprojekt-muenster.de\/wordpress\/team\/julian-rosery\/#breadcrumb","itemListElement":[{"@type":"ListItem","position":1,"name":"Startseite","item":"https:\/\/www.fanprojekt-muenster.de\/wordpress\/"},{"@type":"ListItem","position":2,"name":"Julian Rosery"}]},{"@type":"WebSite","@id":"https:\/\/www.fanprojekt-muenster.de\/wordpress\/#website","url":"https:\/\/www.fanprojekt-muenster.de\/wordpress\/","name":"Fangemeinschaft Preu\u00dfen M\u00fcnster e. V.","description":"","publisher":{"@id":"https:\/\/www.fanprojekt-muenster.de\/wordpress\/#organization"},"potentialAction":[{"@type":"SearchAction","target":{"@type":"EntryPoint","urlTemplate":"https:\/\/www.fanprojekt-muenster.de\/wordpress\/?s={search_term_string}"},"query-input":{"@type":"PropertyValueSpecification","valueRequired":true,"valueName":"search_term_string"}}],"inLanguage":"de"},{"@type":"Organization","@id":"https:\/\/www.fanprojekt-muenster.de\/wordpress\/#organization","name":"Fangemeinschaft Preu\u00dfen M\u00fcnster e. V.","url":"https:\/\/www.fanprojekt-muenster.de\/wordpress\/","logo":{"@type":"ImageObject","inLanguage":"de","@id":"https:\/\/www.fanprojekt-muenster.de\/wordpress\/#\/schema\/logo\/image\/","url":"https:\/\/www.fanprojekt-muenster.de\/wordpress\/wp-content\/uploads\/2019\/07\/cropped-Website_Logo3-9.png","contentUrl":"https:\/\/www.fanprojekt-muenster.de\/wordpress\/wp-content\/uploads\/2019\/07\/cropped-Website_Logo3-9.png","width":224,"height":42,"caption":"Fangemeinschaft Preu\u00dfen M\u00fcnster e. V."},"image":{"@id":"https:\/\/www.fanprojekt-muenster.de\/wordpress\/#\/schema\/logo\/image\/"}}]}},"featured_img":"https:\/\/www.fanprojekt-muenster.de\/wordpress\/wp-content\/uploads\/2019\/07\/julian-576x576.jpg","coauthors":[],"author_meta":{"author_link":"https:\/\/www.fanprojekt-muenster.de\/wordpress\/author\/dst\/","display_name":"DST"},"relative_dates":{"created":"Posted 4\u00a0Jahren ago","modified":"Updated 1\u00a0Jahr ago"},"absolute_dates":{"created":"Posted on 21. Januar 2022","modified":"Updated on 3. Februar 2025"},"absolute_dates_time":{"created":"Posted on 21. Januar 2022 22:34","modified":"Updated on 3. Februar 2025 18:07"},"featured_img_caption":"","tax_additional":{"team_designation":{"linked":["<a href=\"https:\/\/www.fanprojekt-muenster.de\/wordpress\/team_designation\/kassenverwaltung\/\" class=\"advgb-post-tax-term\">Kassenverwaltung<\/a>"],"unlinked":["<span class=\"advgb-post-tax-term\">Kassenverwaltung<\/span>"],"slug":"team_designation","name":"Designations"},"team_department":{"linked":["<a href=\"https:\/\/www.fanprojekt-muenster.de\/wordpress\/team_department\/vorstand\/\" class=\"advgb-post-tax-term\">Vorstand<\/a>"],"unlinked":["<span class=\"advgb-post-tax-term\">Vorstand<\/span>"],"slug":"team_department","name":"Department"}},"series_order":"","_links":{"self":[{"href":"https:\/\/www.fanprojekt-muenster.de\/wordpress\/wp-json\/wp\/v2\/team\/8643","targetHints":{"allow":["GET"]}}],"collection":[{"href":"https:\/\/www.fanprojekt-muenster.de\/wordpress\/wp-json\/wp\/v2\/team"}],"about":[{"href":"https:\/\/www.fanprojekt-muenster.de\/wordpress\/wp-json\/wp\/v2\/types\/team"}],"author":[{"embeddable":true,"href":"https:\/\/www.fanprojekt-muenster.de\/wordpress\/wp-json\/wp\/v2\/users\/1"}],"wp:featuredmedia":[{"embeddable":true,"href":"https:\/\/www.fanprojekt-muenster.de\/wordpress\/wp-json\/wp\/v2\/media\/6881"}],"wp:attachment":[{"href":"https:\/\/www.fanprojekt-muenster.de\/wordpress\/wp-json\/wp\/v2\/media?parent=8643"}],"wp:term":[{"taxonomy":"team_designation","embeddable":true,"href":"https:\/\/www.fanprojekt-muenster.de\/wordpress\/wp-json\/wp\/v2\/team_designation?post=8643"},{"taxonomy":"team_department","embeddable":true,"href":"https:\/\/www.fanprojekt-muenster.de\/wordpress\/wp-json\/wp\/v2\/team_department?post=8643"}],"curies":[{"name":"wp","href":"https:\/\/api.w.org\/{rel}","templated":true}]}}