{"id":8642,"date":"2022-01-21T22:33:45","date_gmt":"2022-01-21T21:33:45","guid":{"rendered":"https:\/\/www.fanprojekt-muenster.de\/wordpress\/?post_type=team&#038;p=8642"},"modified":"2025-02-03T17:22:51","modified_gmt":"2025-02-03T16:22:51","slug":"christian-johanns","status":"publish","type":"team","link":"https:\/\/www.fanprojekt-muenster.de\/wordpress\/team\/christian-johanns\/","title":{"rendered":"Christian Johanns"},"content":{"rendered":"<p>&nbsp;<br \/>\n&nbsp;<br \/>\n<strong><em>Vier Fragen an die Vorst\u00e4nde der Fangemeinschaft Preu\u00dfen M\u00fcnster im Januar 2024:<\/em><\/strong><br \/>\n&nbsp;<br \/>\n<em>Seit wann gehst du zu Preu\u00dfen?<\/em><br \/>\nIch gehe inzwischen seit knapp zwanzig Jahren zum SCP.<br \/>\n&nbsp;<br \/>\n<em>Wo ist dein Platz im Stadion?<\/em><br \/>\nIch sitze oder stehe nun seit sieben Jahren im Supporters-Block A. Seit 2004 habe ich aber auch schon an vielen anderen Stellen im Stadion gestanden.<br \/>\n&nbsp;<br \/>\n<em>Warum engagierst du dich in der Fangemeinschaft?<\/em><br \/>\nF\u00fcr mich war das Heimspiel gegen Darmstadt 98 in der Saison 2011\/12 ein Impuls. Damals gab es Unstimmigkeiten in unterschiedlichen Bereichen des Stadions, die in diesem Spiel offen zu Tage traten. Ich wollte damals zumindest einen kleinen Teil dazu beitragen, die Streitigkeiten zu schlichten und begann damit, mich in der \u201eAktion Gemeinsame Kurve\u201c zu engagieren. Quasi mein Einstieg in die organisierte Fanarbeit. Ich wurde Mitglied im damaligen Fanprojekt und habe mich seit 2014 auch in den Vorstand w\u00e4hlen lassen. In der ersten Zeit im damaligen Fanprojekt habe ich irgendwie gemerkt, dass vor allem die Themen Fanarbeit und Vereinsleben st\u00e4rker unterst\u00fctzt werden m\u00fcssen.<br \/>\n&nbsp;<br \/>\n<em>Was m\u00f6chtest du in der Fangemeinschaft bewegen?<\/em><br \/>\nIch m\u00f6chte das derzeit recht starke Wir-Gef\u00fchl weiter betonen und den Austausch innerhalb der Preu\u00dfenfamilie vorantreiben. Selbst engagiere ich mich zum Beispiel rund um den Spieltagstreff am Container. Das m\u00f6chte ich fortsetzen und gerne auch bei anderen Aktionen wie gemeinsamen Ausw\u00e4rtsfahrten oder Veranstaltungen wie jetzt dem Weihnachtsmarkt mithelfen. Ein besonderes Interesse habe ich aber auch an fanpolitischen Themen. Diese m\u00f6chte ich im Jahr 2024 wieder mehr aufgreifen und beim Hauptverein bzw. der GmbH &amp; Co KGaA das Bewusstsein f\u00fcr Faninteressen noch weiter sch\u00e4rfen.<br \/>\n&nbsp;<\/p>\n","protected":false},"author":7,"featured_media":6883,"menu_order":3,"template":"","team_designation":[325],"team_department":[315],"class_list":["post-8642","team","type-team","status-publish","has-post-thumbnail","hentry","team_designation-schriftfuehrung","team_department-vorstand"],"yoast_head":"<!-- This site is optimized with the Yoast SEO plugin v27.2 - https:\/\/yoast.com\/product\/yoast-seo-wordpress\/ -->\n<title>Christian Johanns - Fangemeinschaft Preu\u00dfen M\u00fcnster e. V.<\/title>\n<meta name=\"robots\" content=\"index, follow, max-snippet:-1, max-image-preview:large, max-video-preview:-1\" \/>\n<link rel=\"canonical\" href=\"https:\/\/www.fanprojekt-muenster.de\/wordpress\/team\/christian-johanns\/\" \/>\n<meta property=\"og:locale\" content=\"de_DE\" \/>\n<meta property=\"og:type\" content=\"article\" \/>\n<meta property=\"og:title\" content=\"Christian Johanns - Fangemeinschaft Preu\u00dfen M\u00fcnster e. V.\" \/>\n<meta property=\"og:description\" content=\"&nbsp; &nbsp; Vier Fragen an die Vorst\u00e4nde der Fangemeinschaft Preu\u00dfen M\u00fcnster im Januar 2024: &nbsp; Seit wann gehst du zu Preu\u00dfen? Ich gehe inzwischen seit knapp zwanzig Jahren zum SCP.... Read more &raquo;\" \/>\n<meta property=\"og:url\" content=\"https:\/\/www.fanprojekt-muenster.de\/wordpress\/team\/christian-johanns\/\" \/>\n<meta property=\"og:site_name\" content=\"Fangemeinschaft Preu\u00dfen M\u00fcnster e. V.\" \/>\n<meta property=\"article:modified_time\" content=\"2025-02-03T16:22:51+00:00\" \/>\n<meta property=\"og:image\" content=\"https:\/\/www.fanprojekt-muenster.de\/wordpress\/wp-content\/uploads\/2019\/07\/jogy-576x576.jpg\" \/>\n\t<meta property=\"og:image:width\" content=\"576\" \/>\n\t<meta property=\"og:image:height\" content=\"576\" \/>\n\t<meta property=\"og:image:type\" content=\"image\/jpeg\" \/>\n<meta name=\"twitter:card\" content=\"summary_large_image\" \/>\n<meta name=\"twitter:label1\" content=\"Gesch\u00e4tzte Lesezeit\" \/>\n\t<meta name=\"twitter:data1\" content=\"2\u00a0Minuten\" \/>\n<script type=\"application\/ld+json\" class=\"yoast-schema-graph\">{\"@context\":\"https:\/\/schema.org\",\"@graph\":[{\"@type\":\"WebPage\",\"@id\":\"https:\/\/www.fanprojekt-muenster.de\/wordpress\/team\/christian-johanns\/\",\"url\":\"https:\/\/www.fanprojekt-muenster.de\/wordpress\/team\/christian-johanns\/\",\"name\":\"Christian Johanns - Fangemeinschaft Preu\u00dfen M\u00fcnster e. V.\",\"isPartOf\":{\"@id\":\"https:\/\/www.fanprojekt-muenster.de\/wordpress\/#website\"},\"primaryImageOfPage\":{\"@id\":\"https:\/\/www.fanprojekt-muenster.de\/wordpress\/team\/christian-johanns\/#primaryimage\"},\"image\":{\"@id\":\"https:\/\/www.fanprojekt-muenster.de\/wordpress\/team\/christian-johanns\/#primaryimage\"},\"thumbnailUrl\":\"https:\/\/www.fanprojekt-muenster.de\/wordpress\/wp-content\/uploads\/2019\/07\/jogy-576x576.jpg\",\"datePublished\":\"2022-01-21T21:33:45+00:00\",\"dateModified\":\"2025-02-03T16:22:51+00:00\",\"breadcrumb\":{\"@id\":\"https:\/\/www.fanprojekt-muenster.de\/wordpress\/team\/christian-johanns\/#breadcrumb\"},\"inLanguage\":\"de\",\"potentialAction\":[{\"@type\":\"ReadAction\",\"target\":[\"https:\/\/www.fanprojekt-muenster.de\/wordpress\/team\/christian-johanns\/\"]}]},{\"@type\":\"ImageObject\",\"inLanguage\":\"de\",\"@id\":\"https:\/\/www.fanprojekt-muenster.de\/wordpress\/team\/christian-johanns\/#primaryimage\",\"url\":\"https:\/\/www.fanprojekt-muenster.de\/wordpress\/wp-content\/uploads\/2019\/07\/jogy-576x576.jpg\",\"contentUrl\":\"https:\/\/www.fanprojekt-muenster.de\/wordpress\/wp-content\/uploads\/2019\/07\/jogy-576x576.jpg\",\"width\":576,\"height\":576},{\"@type\":\"BreadcrumbList\",\"@id\":\"https:\/\/www.fanprojekt-muenster.de\/wordpress\/team\/christian-johanns\/#breadcrumb\",\"itemListElement\":[{\"@type\":\"ListItem\",\"position\":1,\"name\":\"Startseite\",\"item\":\"https:\/\/www.fanprojekt-muenster.de\/wordpress\/\"},{\"@type\":\"ListItem\",\"position\":2,\"name\":\"Christian Johanns\"}]},{\"@type\":\"WebSite\",\"@id\":\"https:\/\/www.fanprojekt-muenster.de\/wordpress\/#website\",\"url\":\"https:\/\/www.fanprojekt-muenster.de\/wordpress\/\",\"name\":\"Fangemeinschaft Preu\u00dfen M\u00fcnster e. V.\",\"description\":\"\",\"publisher\":{\"@id\":\"https:\/\/www.fanprojekt-muenster.de\/wordpress\/#organization\"},\"potentialAction\":[{\"@type\":\"SearchAction\",\"target\":{\"@type\":\"EntryPoint\",\"urlTemplate\":\"https:\/\/www.fanprojekt-muenster.de\/wordpress\/?s={search_term_string}\"},\"query-input\":{\"@type\":\"PropertyValueSpecification\",\"valueRequired\":true,\"valueName\":\"search_term_string\"}}],\"inLanguage\":\"de\"},{\"@type\":\"Organization\",\"@id\":\"https:\/\/www.fanprojekt-muenster.de\/wordpress\/#organization\",\"name\":\"Fangemeinschaft Preu\u00dfen M\u00fcnster e. V.\",\"url\":\"https:\/\/www.fanprojekt-muenster.de\/wordpress\/\",\"logo\":{\"@type\":\"ImageObject\",\"inLanguage\":\"de\",\"@id\":\"https:\/\/www.fanprojekt-muenster.de\/wordpress\/#\/schema\/logo\/image\/\",\"url\":\"https:\/\/www.fanprojekt-muenster.de\/wordpress\/wp-content\/uploads\/2019\/07\/cropped-Website_Logo3-9.png\",\"contentUrl\":\"https:\/\/www.fanprojekt-muenster.de\/wordpress\/wp-content\/uploads\/2019\/07\/cropped-Website_Logo3-9.png\",\"width\":224,\"height\":42,\"caption\":\"Fangemeinschaft Preu\u00dfen M\u00fcnster e. V.\"},\"image\":{\"@id\":\"https:\/\/www.fanprojekt-muenster.de\/wordpress\/#\/schema\/logo\/image\/\"}}]}<\/script>\n<!-- \/ Yoast SEO plugin. -->","yoast_head_json":{"title":"Christian Johanns - Fangemeinschaft Preu\u00dfen M\u00fcnster e. V.","robots":{"index":"index","follow":"follow","max-snippet":"max-snippet:-1","max-image-preview":"max-image-preview:large","max-video-preview":"max-video-preview:-1"},"canonical":"https:\/\/www.fanprojekt-muenster.de\/wordpress\/team\/christian-johanns\/","og_locale":"de_DE","og_type":"article","og_title":"Christian Johanns - Fangemeinschaft Preu\u00dfen M\u00fcnster e. V.","og_description":"&nbsp; &nbsp; Vier Fragen an die Vorst\u00e4nde der Fangemeinschaft Preu\u00dfen M\u00fcnster im Januar 2024: &nbsp; Seit wann gehst du zu Preu\u00dfen? Ich gehe inzwischen seit knapp zwanzig Jahren zum SCP.... Read more &raquo;","og_url":"https:\/\/www.fanprojekt-muenster.de\/wordpress\/team\/christian-johanns\/","og_site_name":"Fangemeinschaft Preu\u00dfen M\u00fcnster e. V.","article_modified_time":"2025-02-03T16:22:51+00:00","og_image":[{"width":576,"height":576,"url":"https:\/\/www.fanprojekt-muenster.de\/wordpress\/wp-content\/uploads\/2019\/07\/jogy-576x576.jpg","type":"image\/jpeg"}],"twitter_card":"summary_large_image","twitter_misc":{"Gesch\u00e4tzte Lesezeit":"2\u00a0Minuten"},"schema":{"@context":"https:\/\/schema.org","@graph":[{"@type":"WebPage","@id":"https:\/\/www.fanprojekt-muenster.de\/wordpress\/team\/christian-johanns\/","url":"https:\/\/www.fanprojekt-muenster.de\/wordpress\/team\/christian-johanns\/","name":"Christian Johanns - Fangemeinschaft Preu\u00dfen M\u00fcnster e. V.","isPartOf":{"@id":"https:\/\/www.fanprojekt-muenster.de\/wordpress\/#website"},"primaryImageOfPage":{"@id":"https:\/\/www.fanprojekt-muenster.de\/wordpress\/team\/christian-johanns\/#primaryimage"},"image":{"@id":"https:\/\/www.fanprojekt-muenster.de\/wordpress\/team\/christian-johanns\/#primaryimage"},"thumbnailUrl":"https:\/\/www.fanprojekt-muenster.de\/wordpress\/wp-content\/uploads\/2019\/07\/jogy-576x576.jpg","datePublished":"2022-01-21T21:33:45+00:00","dateModified":"2025-02-03T16:22:51+00:00","breadcrumb":{"@id":"https:\/\/www.fanprojekt-muenster.de\/wordpress\/team\/christian-johanns\/#breadcrumb"},"inLanguage":"de","potentialAction":[{"@type":"ReadAction","target":["https:\/\/www.fanprojekt-muenster.de\/wordpress\/team\/christian-johanns\/"]}]},{"@type":"ImageObject","inLanguage":"de","@id":"https:\/\/www.fanprojekt-muenster.de\/wordpress\/team\/christian-johanns\/#primaryimage","url":"https:\/\/www.fanprojekt-muenster.de\/wordpress\/wp-content\/uploads\/2019\/07\/jogy-576x576.jpg","contentUrl":"https:\/\/www.fanprojekt-muenster.de\/wordpress\/wp-content\/uploads\/2019\/07\/jogy-576x576.jpg","width":576,"height":576},{"@type":"BreadcrumbList","@id":"https:\/\/www.fanprojekt-muenster.de\/wordpress\/team\/christian-johanns\/#breadcrumb","itemListElement":[{"@type":"ListItem","position":1,"name":"Startseite","item":"https:\/\/www.fanprojekt-muenster.de\/wordpress\/"},{"@type":"ListItem","position":2,"name":"Christian Johanns"}]},{"@type":"WebSite","@id":"https:\/\/www.fanprojekt-muenster.de\/wordpress\/#website","url":"https:\/\/www.fanprojekt-muenster.de\/wordpress\/","name":"Fangemeinschaft Preu\u00dfen M\u00fcnster e. V.","description":"","publisher":{"@id":"https:\/\/www.fanprojekt-muenster.de\/wordpress\/#organization"},"potentialAction":[{"@type":"SearchAction","target":{"@type":"EntryPoint","urlTemplate":"https:\/\/www.fanprojekt-muenster.de\/wordpress\/?s={search_term_string}"},"query-input":{"@type":"PropertyValueSpecification","valueRequired":true,"valueName":"search_term_string"}}],"inLanguage":"de"},{"@type":"Organization","@id":"https:\/\/www.fanprojekt-muenster.de\/wordpress\/#organization","name":"Fangemeinschaft Preu\u00dfen M\u00fcnster e. V.","url":"https:\/\/www.fanprojekt-muenster.de\/wordpress\/","logo":{"@type":"ImageObject","inLanguage":"de","@id":"https:\/\/www.fanprojekt-muenster.de\/wordpress\/#\/schema\/logo\/image\/","url":"https:\/\/www.fanprojekt-muenster.de\/wordpress\/wp-content\/uploads\/2019\/07\/cropped-Website_Logo3-9.png","contentUrl":"https:\/\/www.fanprojekt-muenster.de\/wordpress\/wp-content\/uploads\/2019\/07\/cropped-Website_Logo3-9.png","width":224,"height":42,"caption":"Fangemeinschaft Preu\u00dfen M\u00fcnster e. V."},"image":{"@id":"https:\/\/www.fanprojekt-muenster.de\/wordpress\/#\/schema\/logo\/image\/"}}]}},"featured_img":"https:\/\/www.fanprojekt-muenster.de\/wordpress\/wp-content\/uploads\/2019\/07\/jogy-576x576.jpg","coauthors":[],"author_meta":{"author_link":"https:\/\/www.fanprojekt-muenster.de\/wordpress\/author\/jogy\/","display_name":"CJO"},"relative_dates":{"created":"Posted 4\u00a0Jahren ago","modified":"Updated 1\u00a0Jahr ago"},"absolute_dates":{"created":"Posted on 21. Januar 2022","modified":"Updated on 3. Februar 2025"},"absolute_dates_time":{"created":"Posted on 21. Januar 2022 22:33","modified":"Updated on 3. Februar 2025 17:22"},"featured_img_caption":"","tax_additional":{"team_designation":{"linked":["<a href=\"https:\/\/www.fanprojekt-muenster.de\/wordpress\/team_designation\/schriftfuehrung\/\" class=\"advgb-post-tax-term\">Schriftf\u00fchrung<\/a>"],"unlinked":["<span class=\"advgb-post-tax-term\">Schriftf\u00fchrung<\/span>"],"slug":"team_designation","name":"Designations"},"team_department":{"linked":["<a href=\"https:\/\/www.fanprojekt-muenster.de\/wordpress\/team_department\/vorstand\/\" class=\"advgb-post-tax-term\">Vorstand<\/a>"],"unlinked":["<span class=\"advgb-post-tax-term\">Vorstand<\/span>"],"slug":"team_department","name":"Department"}},"series_order":"","_links":{"self":[{"href":"https:\/\/www.fanprojekt-muenster.de\/wordpress\/wp-json\/wp\/v2\/team\/8642","targetHints":{"allow":["GET"]}}],"collection":[{"href":"https:\/\/www.fanprojekt-muenster.de\/wordpress\/wp-json\/wp\/v2\/team"}],"about":[{"href":"https:\/\/www.fanprojekt-muenster.de\/wordpress\/wp-json\/wp\/v2\/types\/team"}],"author":[{"embeddable":true,"href":"https:\/\/www.fanprojekt-muenster.de\/wordpress\/wp-json\/wp\/v2\/users\/7"}],"wp:featuredmedia":[{"embeddable":true,"href":"https:\/\/www.fanprojekt-muenster.de\/wordpress\/wp-json\/wp\/v2\/media\/6883"}],"wp:attachment":[{"href":"https:\/\/www.fanprojekt-muenster.de\/wordpress\/wp-json\/wp\/v2\/media?parent=8642"}],"wp:term":[{"taxonomy":"team_designation","embeddable":true,"href":"https:\/\/www.fanprojekt-muenster.de\/wordpress\/wp-json\/wp\/v2\/team_designation?post=8642"},{"taxonomy":"team_department","embeddable":true,"href":"https:\/\/www.fanprojekt-muenster.de\/wordpress\/wp-json\/wp\/v2\/team_department?post=8642"}],"curies":[{"name":"wp","href":"https:\/\/api.w.org\/{rel}","templated":true}]}}