{"id":8641,"date":"2022-01-21T22:32:42","date_gmt":"2022-01-21T21:32:42","guid":{"rendered":"https:\/\/www.fanprojekt-muenster.de\/wordpress\/?post_type=team&#038;p=8641"},"modified":"2025-02-03T18:07:00","modified_gmt":"2025-02-03T17:07:00","slug":"melanie-shinwari-lenk","status":"publish","type":"team","link":"https:\/\/www.fanprojekt-muenster.de\/wordpress\/team\/melanie-shinwari-lenk\/","title":{"rendered":"Melanie Shinwari-Lenk"},"content":{"rendered":"<p>&nbsp;<br \/>\n&nbsp;<br \/>\n<strong><em>Vier Fragen an die Vorst\u00e4nde der Fangemeinschaft Preu\u00dfen M\u00fcnster im Januar 2024:<\/em><\/strong><br \/>\n&nbsp;<br \/>\n<em>Seit wann gehst du zu Preu\u00dfen?<\/em><br \/>\nIch bin \u00fcber meinen Sohn ins Preu\u00dfenstadion gekommen. Seine Fu\u00dfballtrainer erz\u00e4hlten damals immer von den Spielen im Preu\u00dfenstadion. Das musste ich mir dann selbst einmal mit ihm anschauen und wir sind vor zw\u00f6lf Jahren dann gemeinsam zum ersten Spiel gegangen. Ich habe aber schnell auch selber gro\u00dfen Spa\u00df bei den Spielen gehabt und bin dann rasch heimisch geworden.<br \/>\n&nbsp;<br \/>\n<em>Wo ist dein Platz im Stadion?<\/em><br \/>\nIn meiner Anfangszeit habe ich kinderfreundlich mit meinem Sohn in Block E gesessen. Er sollte vom Spiel auch was sehen k\u00f6nnen. Aber \u00fcber eine Freundin zog es mich dann relativ rasch auf die Gegengerade in den Block L, wo ich auch heute noch stehe. F\u00fcr mich war der Besuch der Heimspiele eine gelungene Abwechslung vom Alltag. Die Ausw\u00e4rtsfahrten sind f\u00fcr mich kleine Kurzurlaube. Dazu die Atmosph\u00e4re im Stadion, die Treffen vor und nach dem Spiel am Container, die vielen unterschiedlichen Menschen, dass alles hat mich fasziniert.<br \/>\n&nbsp;<br \/>\n<em>Warum engagierst du dich in der Fangemeinschaft?<\/em><br \/>\nIch wurde 2012 von einer Freundin mit zum legend\u00e4ren Neujahrsempfang genommen. Danach bin ich Mitglied geworden und als wenig sp\u00e4ter ein Aufruf kam, selbst aktiv zu werden, habe ich nicht lange gez\u00f6gert und mich aufstellen lassen. Ich wollte gerne auch meinen Teil beitragen.<br \/>\n&nbsp;<br \/>\n<em>Was m\u00f6chtest du in der Fangemeinschaft bewegen?<\/em><br \/>\nIch m\u00f6chte den Fans die M\u00f6glichkeit geben sich auszutauschen und kennenzulernen. Mich trifft man nahezu auf jeder Veranstaltung rund um den Verein. Genau wie auf Ausw\u00e4rtsfahrten, vor oder nach den Spielen am Container \u2013 ich m\u00f6chte einfach Ansprechpartner sein, Menschen rund um Preu\u00dfen kennenlernen und zusammenf\u00fchren.<br \/>\n&nbsp;<\/p>\n","protected":false},"author":7,"featured_media":6889,"menu_order":2,"template":"","team_designation":[330],"team_department":[315],"class_list":["post-8641","team","type-team","status-publish","has-post-thumbnail","hentry","team_designation-vorsitz2","team_department-vorstand"],"yoast_head":"<!-- This site is optimized with the Yoast SEO plugin v27.2 - https:\/\/yoast.com\/product\/yoast-seo-wordpress\/ -->\n<title>Melanie Shinwari-Lenk - Fangemeinschaft Preu\u00dfen M\u00fcnster e. V.<\/title>\n<meta name=\"robots\" content=\"index, follow, max-snippet:-1, max-image-preview:large, max-video-preview:-1\" \/>\n<link rel=\"canonical\" href=\"https:\/\/www.fanprojekt-muenster.de\/wordpress\/team\/melanie-shinwari-lenk\/\" \/>\n<meta property=\"og:locale\" content=\"de_DE\" \/>\n<meta property=\"og:type\" content=\"article\" \/>\n<meta property=\"og:title\" content=\"Melanie Shinwari-Lenk - Fangemeinschaft Preu\u00dfen M\u00fcnster e. V.\" \/>\n<meta property=\"og:description\" content=\"&nbsp; &nbsp; Vier Fragen an die Vorst\u00e4nde der Fangemeinschaft Preu\u00dfen M\u00fcnster im Januar 2024: &nbsp; Seit wann gehst du zu Preu\u00dfen? Ich bin \u00fcber meinen Sohn ins Preu\u00dfenstadion gekommen. Seine... Read more &raquo;\" \/>\n<meta property=\"og:url\" content=\"https:\/\/www.fanprojekt-muenster.de\/wordpress\/team\/melanie-shinwari-lenk\/\" \/>\n<meta property=\"og:site_name\" content=\"Fangemeinschaft Preu\u00dfen M\u00fcnster e. V.\" \/>\n<meta property=\"article:modified_time\" content=\"2025-02-03T17:07:00+00:00\" \/>\n<meta property=\"og:image\" content=\"https:\/\/www.fanprojekt-muenster.de\/wordpress\/wp-content\/uploads\/2019\/07\/melanie-576x576.jpg\" \/>\n\t<meta property=\"og:image:width\" content=\"576\" \/>\n\t<meta property=\"og:image:height\" content=\"576\" \/>\n\t<meta property=\"og:image:type\" content=\"image\/jpeg\" \/>\n<meta name=\"twitter:card\" content=\"summary_large_image\" \/>\n<meta name=\"twitter:label1\" content=\"Gesch\u00e4tzte Lesezeit\" \/>\n\t<meta name=\"twitter:data1\" content=\"2\u00a0Minuten\" \/>\n<script type=\"application\/ld+json\" class=\"yoast-schema-graph\">{\"@context\":\"https:\/\/schema.org\",\"@graph\":[{\"@type\":\"WebPage\",\"@id\":\"https:\/\/www.fanprojekt-muenster.de\/wordpress\/team\/melanie-shinwari-lenk\/\",\"url\":\"https:\/\/www.fanprojekt-muenster.de\/wordpress\/team\/melanie-shinwari-lenk\/\",\"name\":\"Melanie Shinwari-Lenk - Fangemeinschaft Preu\u00dfen M\u00fcnster e. V.\",\"isPartOf\":{\"@id\":\"https:\/\/www.fanprojekt-muenster.de\/wordpress\/#website\"},\"primaryImageOfPage\":{\"@id\":\"https:\/\/www.fanprojekt-muenster.de\/wordpress\/team\/melanie-shinwari-lenk\/#primaryimage\"},\"image\":{\"@id\":\"https:\/\/www.fanprojekt-muenster.de\/wordpress\/team\/melanie-shinwari-lenk\/#primaryimage\"},\"thumbnailUrl\":\"https:\/\/www.fanprojekt-muenster.de\/wordpress\/wp-content\/uploads\/2019\/07\/melanie-576x576.jpg\",\"datePublished\":\"2022-01-21T21:32:42+00:00\",\"dateModified\":\"2025-02-03T17:07:00+00:00\",\"breadcrumb\":{\"@id\":\"https:\/\/www.fanprojekt-muenster.de\/wordpress\/team\/melanie-shinwari-lenk\/#breadcrumb\"},\"inLanguage\":\"de\",\"potentialAction\":[{\"@type\":\"ReadAction\",\"target\":[\"https:\/\/www.fanprojekt-muenster.de\/wordpress\/team\/melanie-shinwari-lenk\/\"]}]},{\"@type\":\"ImageObject\",\"inLanguage\":\"de\",\"@id\":\"https:\/\/www.fanprojekt-muenster.de\/wordpress\/team\/melanie-shinwari-lenk\/#primaryimage\",\"url\":\"https:\/\/www.fanprojekt-muenster.de\/wordpress\/wp-content\/uploads\/2019\/07\/melanie-576x576.jpg\",\"contentUrl\":\"https:\/\/www.fanprojekt-muenster.de\/wordpress\/wp-content\/uploads\/2019\/07\/melanie-576x576.jpg\",\"width\":576,\"height\":576},{\"@type\":\"BreadcrumbList\",\"@id\":\"https:\/\/www.fanprojekt-muenster.de\/wordpress\/team\/melanie-shinwari-lenk\/#breadcrumb\",\"itemListElement\":[{\"@type\":\"ListItem\",\"position\":1,\"name\":\"Startseite\",\"item\":\"https:\/\/www.fanprojekt-muenster.de\/wordpress\/\"},{\"@type\":\"ListItem\",\"position\":2,\"name\":\"Melanie Shinwari-Lenk\"}]},{\"@type\":\"WebSite\",\"@id\":\"https:\/\/www.fanprojekt-muenster.de\/wordpress\/#website\",\"url\":\"https:\/\/www.fanprojekt-muenster.de\/wordpress\/\",\"name\":\"Fangemeinschaft Preu\u00dfen M\u00fcnster e. V.\",\"description\":\"\",\"publisher\":{\"@id\":\"https:\/\/www.fanprojekt-muenster.de\/wordpress\/#organization\"},\"potentialAction\":[{\"@type\":\"SearchAction\",\"target\":{\"@type\":\"EntryPoint\",\"urlTemplate\":\"https:\/\/www.fanprojekt-muenster.de\/wordpress\/?s={search_term_string}\"},\"query-input\":{\"@type\":\"PropertyValueSpecification\",\"valueRequired\":true,\"valueName\":\"search_term_string\"}}],\"inLanguage\":\"de\"},{\"@type\":\"Organization\",\"@id\":\"https:\/\/www.fanprojekt-muenster.de\/wordpress\/#organization\",\"name\":\"Fangemeinschaft Preu\u00dfen M\u00fcnster e. V.\",\"url\":\"https:\/\/www.fanprojekt-muenster.de\/wordpress\/\",\"logo\":{\"@type\":\"ImageObject\",\"inLanguage\":\"de\",\"@id\":\"https:\/\/www.fanprojekt-muenster.de\/wordpress\/#\/schema\/logo\/image\/\",\"url\":\"https:\/\/www.fanprojekt-muenster.de\/wordpress\/wp-content\/uploads\/2019\/07\/cropped-Website_Logo3-9.png\",\"contentUrl\":\"https:\/\/www.fanprojekt-muenster.de\/wordpress\/wp-content\/uploads\/2019\/07\/cropped-Website_Logo3-9.png\",\"width\":224,\"height\":42,\"caption\":\"Fangemeinschaft Preu\u00dfen M\u00fcnster e. V.\"},\"image\":{\"@id\":\"https:\/\/www.fanprojekt-muenster.de\/wordpress\/#\/schema\/logo\/image\/\"}}]}<\/script>\n<!-- \/ Yoast SEO plugin. -->","yoast_head_json":{"title":"Melanie Shinwari-Lenk - Fangemeinschaft Preu\u00dfen M\u00fcnster e. V.","robots":{"index":"index","follow":"follow","max-snippet":"max-snippet:-1","max-image-preview":"max-image-preview:large","max-video-preview":"max-video-preview:-1"},"canonical":"https:\/\/www.fanprojekt-muenster.de\/wordpress\/team\/melanie-shinwari-lenk\/","og_locale":"de_DE","og_type":"article","og_title":"Melanie Shinwari-Lenk - Fangemeinschaft Preu\u00dfen M\u00fcnster e. V.","og_description":"&nbsp; &nbsp; Vier Fragen an die Vorst\u00e4nde der Fangemeinschaft Preu\u00dfen M\u00fcnster im Januar 2024: &nbsp; Seit wann gehst du zu Preu\u00dfen? Ich bin \u00fcber meinen Sohn ins Preu\u00dfenstadion gekommen. Seine... Read more &raquo;","og_url":"https:\/\/www.fanprojekt-muenster.de\/wordpress\/team\/melanie-shinwari-lenk\/","og_site_name":"Fangemeinschaft Preu\u00dfen M\u00fcnster e. V.","article_modified_time":"2025-02-03T17:07:00+00:00","og_image":[{"width":576,"height":576,"url":"https:\/\/www.fanprojekt-muenster.de\/wordpress\/wp-content\/uploads\/2019\/07\/melanie-576x576.jpg","type":"image\/jpeg"}],"twitter_card":"summary_large_image","twitter_misc":{"Gesch\u00e4tzte Lesezeit":"2\u00a0Minuten"},"schema":{"@context":"https:\/\/schema.org","@graph":[{"@type":"WebPage","@id":"https:\/\/www.fanprojekt-muenster.de\/wordpress\/team\/melanie-shinwari-lenk\/","url":"https:\/\/www.fanprojekt-muenster.de\/wordpress\/team\/melanie-shinwari-lenk\/","name":"Melanie Shinwari-Lenk - Fangemeinschaft Preu\u00dfen M\u00fcnster e. V.","isPartOf":{"@id":"https:\/\/www.fanprojekt-muenster.de\/wordpress\/#website"},"primaryImageOfPage":{"@id":"https:\/\/www.fanprojekt-muenster.de\/wordpress\/team\/melanie-shinwari-lenk\/#primaryimage"},"image":{"@id":"https:\/\/www.fanprojekt-muenster.de\/wordpress\/team\/melanie-shinwari-lenk\/#primaryimage"},"thumbnailUrl":"https:\/\/www.fanprojekt-muenster.de\/wordpress\/wp-content\/uploads\/2019\/07\/melanie-576x576.jpg","datePublished":"2022-01-21T21:32:42+00:00","dateModified":"2025-02-03T17:07:00+00:00","breadcrumb":{"@id":"https:\/\/www.fanprojekt-muenster.de\/wordpress\/team\/melanie-shinwari-lenk\/#breadcrumb"},"inLanguage":"de","potentialAction":[{"@type":"ReadAction","target":["https:\/\/www.fanprojekt-muenster.de\/wordpress\/team\/melanie-shinwari-lenk\/"]}]},{"@type":"ImageObject","inLanguage":"de","@id":"https:\/\/www.fanprojekt-muenster.de\/wordpress\/team\/melanie-shinwari-lenk\/#primaryimage","url":"https:\/\/www.fanprojekt-muenster.de\/wordpress\/wp-content\/uploads\/2019\/07\/melanie-576x576.jpg","contentUrl":"https:\/\/www.fanprojekt-muenster.de\/wordpress\/wp-content\/uploads\/2019\/07\/melanie-576x576.jpg","width":576,"height":576},{"@type":"BreadcrumbList","@id":"https:\/\/www.fanprojekt-muenster.de\/wordpress\/team\/melanie-shinwari-lenk\/#breadcrumb","itemListElement":[{"@type":"ListItem","position":1,"name":"Startseite","item":"https:\/\/www.fanprojekt-muenster.de\/wordpress\/"},{"@type":"ListItem","position":2,"name":"Melanie Shinwari-Lenk"}]},{"@type":"WebSite","@id":"https:\/\/www.fanprojekt-muenster.de\/wordpress\/#website","url":"https:\/\/www.fanprojekt-muenster.de\/wordpress\/","name":"Fangemeinschaft Preu\u00dfen M\u00fcnster e. V.","description":"","publisher":{"@id":"https:\/\/www.fanprojekt-muenster.de\/wordpress\/#organization"},"potentialAction":[{"@type":"SearchAction","target":{"@type":"EntryPoint","urlTemplate":"https:\/\/www.fanprojekt-muenster.de\/wordpress\/?s={search_term_string}"},"query-input":{"@type":"PropertyValueSpecification","valueRequired":true,"valueName":"search_term_string"}}],"inLanguage":"de"},{"@type":"Organization","@id":"https:\/\/www.fanprojekt-muenster.de\/wordpress\/#organization","name":"Fangemeinschaft Preu\u00dfen M\u00fcnster e. V.","url":"https:\/\/www.fanprojekt-muenster.de\/wordpress\/","logo":{"@type":"ImageObject","inLanguage":"de","@id":"https:\/\/www.fanprojekt-muenster.de\/wordpress\/#\/schema\/logo\/image\/","url":"https:\/\/www.fanprojekt-muenster.de\/wordpress\/wp-content\/uploads\/2019\/07\/cropped-Website_Logo3-9.png","contentUrl":"https:\/\/www.fanprojekt-muenster.de\/wordpress\/wp-content\/uploads\/2019\/07\/cropped-Website_Logo3-9.png","width":224,"height":42,"caption":"Fangemeinschaft Preu\u00dfen M\u00fcnster e. V."},"image":{"@id":"https:\/\/www.fanprojekt-muenster.de\/wordpress\/#\/schema\/logo\/image\/"}}]}},"featured_img":"https:\/\/www.fanprojekt-muenster.de\/wordpress\/wp-content\/uploads\/2019\/07\/melanie-576x576.jpg","coauthors":[],"author_meta":{"author_link":"https:\/\/www.fanprojekt-muenster.de\/wordpress\/author\/jogy\/","display_name":"CJO"},"relative_dates":{"created":"Posted 4\u00a0Jahren ago","modified":"Updated 1\u00a0Jahr ago"},"absolute_dates":{"created":"Posted on 21. Januar 2022","modified":"Updated on 3. Februar 2025"},"absolute_dates_time":{"created":"Posted on 21. Januar 2022 22:32","modified":"Updated on 3. Februar 2025 18:07"},"featured_img_caption":"","tax_additional":{"team_designation":{"linked":["<a href=\"https:\/\/www.fanprojekt-muenster.de\/wordpress\/team_designation\/vorsitz2\/\" class=\"advgb-post-tax-term\">2. Vorsitz<\/a>"],"unlinked":["<span class=\"advgb-post-tax-term\">2. Vorsitz<\/span>"],"slug":"team_designation","name":"Designations"},"team_department":{"linked":["<a href=\"https:\/\/www.fanprojekt-muenster.de\/wordpress\/team_department\/vorstand\/\" class=\"advgb-post-tax-term\">Vorstand<\/a>"],"unlinked":["<span class=\"advgb-post-tax-term\">Vorstand<\/span>"],"slug":"team_department","name":"Department"}},"series_order":"","_links":{"self":[{"href":"https:\/\/www.fanprojekt-muenster.de\/wordpress\/wp-json\/wp\/v2\/team\/8641","targetHints":{"allow":["GET"]}}],"collection":[{"href":"https:\/\/www.fanprojekt-muenster.de\/wordpress\/wp-json\/wp\/v2\/team"}],"about":[{"href":"https:\/\/www.fanprojekt-muenster.de\/wordpress\/wp-json\/wp\/v2\/types\/team"}],"author":[{"embeddable":true,"href":"https:\/\/www.fanprojekt-muenster.de\/wordpress\/wp-json\/wp\/v2\/users\/7"}],"wp:featuredmedia":[{"embeddable":true,"href":"https:\/\/www.fanprojekt-muenster.de\/wordpress\/wp-json\/wp\/v2\/media\/6889"}],"wp:attachment":[{"href":"https:\/\/www.fanprojekt-muenster.de\/wordpress\/wp-json\/wp\/v2\/media?parent=8641"}],"wp:term":[{"taxonomy":"team_designation","embeddable":true,"href":"https:\/\/www.fanprojekt-muenster.de\/wordpress\/wp-json\/wp\/v2\/team_designation?post=8641"},{"taxonomy":"team_department","embeddable":true,"href":"https:\/\/www.fanprojekt-muenster.de\/wordpress\/wp-json\/wp\/v2\/team_department?post=8641"}],"curies":[{"name":"wp","href":"https:\/\/api.w.org\/{rel}","templated":true}]}}