{"id":7307,"date":"2020-11-28T14:58:20","date_gmt":"2020-11-28T13:58:20","guid":{"rendered":"https:\/\/www.fanprojekt-muenster.de\/wordpress\/?page_id=7307"},"modified":"2021-02-09T13:44:50","modified_gmt":"2021-02-09T12:44:50","slug":"ideenkonzept-ag-preussenstadion","status":"publish","type":"page","link":"https:\/\/www.fanprojekt-muenster.de\/wordpress\/ideenkonzept-ag-preussenstadion\/","title":{"rendered":"Ideenkonzept AG Preu\u00dfenstadion"},"content":{"rendered":"\n<h2 class=\"has-text-color has-text-align-center wp-block-heading\" style=\"color:#03a303\"><strong>Ideenkonzept AG Preu\u00dfenstadion<\/strong>\n<\/h2>\n<h3 class=\"has-text-color has-text-align-center\" style=\"color:#03a303\">\n(Stand: 04.02.2021)<\/h3>\n\n\n\n<div style=\"display:none;\">\n<div class=\"wp-block-image\"><figure class=\"aligncenter size-large\"><img decoding=\"async\" src=\"https:\/\/www.fanprojekt-muenster.de\/wordpress\/wp-content\/uploads\/2020\/12\/logo_ideenkonzept.png\" alt=\"Logo Ideenkonzept AG Preu\u00dfenstadion\" class=\"wp-image-8157\"\/><figcaption>Logo Ideenkonzept AG Preu\u00dfenstadion<\/figcaption><\/figure><\/div><\/div>\n\n\n\n<div class=\"wp-block-image\"><figure class=\"aligncenter size-large is-resized\"><img loading=\"lazy\" decoding=\"async\" src=\"https:\/\/www.fanprojekt-muenster.de\/wordpress\/wp-content\/uploads\/2021\/02\/bild_ideenkonzept.png\" alt=\"\" class=\"wp-image-8297\" width=\"250\" height=\"111\"\/><\/figure><\/div>\n\n\n<div class=\"wp-block-ub-content-toggle wp-block-ub-content-toggle-block\" id=\"ub-content-toggle-block-102c1f96-4a4b-4791-a06a-d2b23fd25f05\" data-mobilecollapse=\"false\" data-desktopcollapse=\"true\" data-preventcollapse=\"false\" data-showonlyone=\"false\">\n<div class=\"wp-block-ub-content-toggle-accordion\" style=\"border-color: #fff; \" id=\"ub-content-toggle-panel-block-\">\n\t\t\t<div class=\"wp-block-ub-content-toggle-accordion-title-wrap\" style=\"background-color: #fff;\" aria-controls=\"ub-content-toggle-panel-0-102c1f96-4a4b-4791-a06a-d2b23fd25f05\" tabindex=\"0\">\n\t\t\t<h3 class=\"wp-block-ub-content-toggle-accordion-title ub-content-toggle-title-102c1f96-4a4b-4791-a06a-d2b23fd25f05\" style=\"color: #03a303; \">1.Pr\u00e4ambel<\/h3>\n\t\t\t<div class=\"wp-block-ub-content-toggle-accordion-toggle-wrap right\" style=\"color: #000000;\"><span class=\"wp-block-ub-content-toggle-accordion-state-indicator wp-block-ub-chevron-down\"><\/span><\/div>\n\t\t<\/div>\n\t\t\t<div role=\"region\" aria-expanded=\"false\" class=\"wp-block-ub-content-toggle-accordion-content-wrap ub-hide\" id=\"ub-content-toggle-panel-0-102c1f96-4a4b-4791-a06a-d2b23fd25f05\">\n\n<p class=\"pjusttop\">Die \u201cAG\u00a0Preu\u00dfenstadion\u201d ist ein Zusammenschluss von Preu\u00dfenfans aus verschiede\u00adnen Bereichen des Stadions. Ziel und Anspruch ist es, die Interessen der StadionbesucherInnen bestm\u00f6glich w\u00e4hrend des Projektes Stadionumbau zu vertreten. Ins Leben gerufen von der aktiven Fanszene, in Zusammenarbeit mit dem Fanprojekt und dem Pr\u00e4sidiumsmitglied Burkhard Br\u00fcx, sind in der AG\u00a0Preu\u00dfenstadion auch Vertre\u00adter der Gegengerade und der Haupttrib\u00fcne organisiert.\n<br>Basis dieses Konzeptes sind die Beschlussvorlage der Stadt M\u00fcnster \u00fcber den Bebau\u00adungsplan Nr.\u00a0568<sup><a href=\"#kzwlk1\">[1]<\/a><\/sup> aus dem Sommer\u00a02018, die Pr\u00e4sentation der Machbarkeitsstudie zum Stadion an der Hammer Stra\u00dfe<sup><a href=\"#kzwlk2\">[2]<\/a><\/sup> im April\u00a02020 und die Stadionumfrage des Fanprojektes<sup><a href=\"#kzwlk3\">[3]<\/a><\/sup> aus dem Sommer\u00a02020.\n<br>Wir sehen das Preu\u00dfenstadion nicht nur als einen Ort, an dem wir die Spiele unseres Vereins verfolgen, sondern vielmehr als einen Ort der Begegnung f\u00fcr alle B\u00fcrgerInnen der Stadt. Durch R\u00e4umlichkeiten mit Platz f\u00fcr inklusive Angebote und soziales Engage\u00adment am und im Stadion soll auch das benachbarte Stadtviertel vom Umbau profitieren. Zus\u00e4tzlich unterst\u00fctzen wir die Idee eines B\u00fcrgerparks, der \u2018Berg Fidel\u2019 f\u00fcr alle Anwoh\u00adnerInnen attraktiver macht. Das Preu\u00dfenstadion als Ort, an dem sich jeder wohlf\u00fchlt, ist unsere Idealvorstellung.\n<br>Das Thema Nachhaltigkeit und Klimaneutralit\u00e4t ist bei heutigen Bauprojekten und in un\u00adserer Gesellschaft pr\u00e4senter denn je. Somit ist es f\u00fcr uns selbstverst\u00e4ndlich, dass im Zuge des Umbaus auf eine ebensolche Ausrichtung des Stadions geachtet wird. Da Preu\u00dfen M\u00fcnster als sportliches Aush\u00e4ngeschild der Stadt eine besondere Vorbildfunkti\u00adon einnimmt, ist weiterhin im Zuge des Umbaus auf ein barrierefreies Stadion Wert zu le\u00adgen. Abschlie\u00dfend stellen wir uns die Frage, welchen Zugewinn unsere Stadt M\u00fcnster in ei\u00adnem zukunftsorientierten Umbaukonzept des Stadions erreichen k\u00f6nnte.\n<br><br>Im Folgenden werden die W\u00fcnsche und Ideen der Fans in einem Stadionkonzept ge\u00adnauer vorgestellt.<\/p>\n\n<\/div>\n\t\t<\/div>\n\n<div class=\"wp-block-ub-content-toggle-accordion\" style=\"border-color: #fff; \" id=\"ub-content-toggle-panel-block-\">\n\t\t\t<div class=\"wp-block-ub-content-toggle-accordion-title-wrap\" style=\"background-color: #fff;\" aria-controls=\"ub-content-toggle-panel-1-102c1f96-4a4b-4791-a06a-d2b23fd25f05\" tabindex=\"0\">\n\t\t\t<h3 class=\"wp-block-ub-content-toggle-accordion-title ub-content-toggle-title-102c1f96-4a4b-4791-a06a-d2b23fd25f05\" style=\"color: #03a303; \">2. Innenbereich des Stadions<\/h3>\n\t\t\t<div class=\"wp-block-ub-content-toggle-accordion-toggle-wrap right\" style=\"color: #000000;\"><span class=\"wp-block-ub-content-toggle-accordion-state-indicator wp-block-ub-chevron-down\"><\/span><\/div>\n\t\t<\/div>\n\t\t\t<div role=\"region\" aria-expanded=\"false\" class=\"wp-block-ub-content-toggle-accordion-content-wrap ub-hide\" id=\"ub-content-toggle-panel-1-102c1f96-4a4b-4791-a06a-d2b23fd25f05\">\n\n<h4 class=\"has-text-color h4a wp-block-heading\" style=\"color:#03a303\"><em>a. Allgemein<\/em><\/h4>\n\n\n\n<p class=\"pjust\"><em>Beim umgebauten Preu\u00dfenstadion sollte es sich um ein reines Fu\u00dfballstadion mit vollst\u00e4ndig \u00fcberdachten Zuschauerr\u00e4ngen handeln. Dessen Spielfl\u00e4che muss die europ\u00e4ischen Standards erf\u00fcllen und unter Beachtung der DFL-Vorgaben<sup><a href=\"#kzwlk4\">[4]<\/a><\/sup> so nah wie m\u00f6glich an den Zuschauerr\u00e4ngen sein, um das \u00dcberspringen des Funkens vom Rasen auf die Zuschauer und vice versa einfach zu machen.<\/em><\/p><p>\n<\/p><div style=\"width:33%; float: right; margin-left: 1.0rem; margin-top: -2.0rem;\">\n<figure style=\"background-color: #ff000040;  width: 100%; max-width:250px; margin-bottom: 0.5rem; padding: 3px;\">\n<a href=\"https:\/\/www.fanprojekt-muenster.de\/wordpress\/wp-content\/uploads\/2021\/02\/agstad19gr_2a-neg_hoehe-paderborn.jpg\" data-lightbox=\"agstad19\">\n<img decoding=\"async\" src=\"https:\/\/www.fanprojekt-muenster.de\/wordpress\/wp-content\/uploads\/2021\/02\/agstad19kl_2a-neg_hoehe-paderborn.jpg\" alt=\"Trib\u00fcnenh\u00f6he in Paderborn\" style=\"width:100%; max-width:250px; height:auto;\">\n<\/a>\n<figcaption style=\"font-size:0.8em; text-align:center; line-height: 1.2; margin-top: -1.2rem;\">\n\u2639 erh\u00f6hte Zuschauerr\u00e4nge in Paderborn\n<br>[Bildquelle: www.europlan-online.de]\n<\/figcaption>\n<\/figure>\n<\/div>\n<p class=\"pjusttop2\"><em>Dazu tr\u00fcge auch ein m\u00f6glichst ebenerdiger \u00dcbergang vom Spielfeld zur ersten Zuschauerreihe bei.F\u00fcr eine gute Atmosph\u00e4re sollte au\u00dferdem die Dachform so gew\u00e4hlt werden, dass der Schall in Richtung Spielfeld gelenkt wird. Weiterhin ist darauf zu achten, dass schallreflektierende Materialien zu verwenden, so dass die Akustik nicht geschluckt wird.<br>Alle Trib\u00fcnen sollten nach hinten geschlossen sein, um Zugluft wie in den \u00e4u\u00dferen Bl\u00f6cken auf der jetzigen Haupttrib\u00fcne zu verhindern.<br>\nIm Falle nicht ausgebauter Ecken sollten die Trib\u00fcnen auch seitlich mit durchsichtigen Materialien geschlossen werden.<br>Im gesamten Stadion m\u00fcssen unsere Vereinsfarben schwarz-wei\u00df-gr\u00fcn dominieren.<\/em><\/p><p>\n<\/p><div style=\"clear:both;\"><\/div>\n\n\n\n<h4 class=\"has-text-color h4top wp-block-heading\" style=\"color:#03a303\">b. Stehpl\u00e4tze in der Ostkurve<\/h4>\n\n\n\n<p class=\"pjust\"><em>Als Heimbereich der Preu\u00dfenfans kommt ausschlie\u00dflich die Ostkurve in Form einer reinen Stehplatztrib\u00fcne in Frage.<\/em> \u201eSafe-Standing-Pl\u00e4tze\u201c schr\u00e4nken die Bewegungsfreiheit massiv ein, reduzieren die Kapazit\u00e4t und w\u00fcrden im zentralen Fanbereich nicht genutzt werden.<br>\nWie in der Machbarkeitsstudie<sup><a href=\"#kzwlk2\">[2]<\/a><\/sup> vorgegeben, sollten die 8344\u00a0Stehpl\u00e4tze auch in Zu\u00adkunft gen\u00fcgend g\u00fcnstige Tickets garantieren, um auch langfristig ein junges Publikum als zuk\u00fcnftige Fangeneration anzusprechen. Aufgrund der sozialen Verantwortung un\u00adseres Vereins sind sie zudem f\u00fcr Familien, Arbeitslose, Sch\u00fclerInnen, StudentInnen und RentnerInnen notwendig.<br>\n<em>Am Dach w\u00e4re au\u00dferdem die Installation eines ausreichend belastbaren Seilzugsystems w\u00fcnschenswert, an dem Elemente f\u00fcr Choreographien hochgezogen werden k\u00f6nnen.<br>\nUm eine freie Sicht zu erm\u00f6glichen, sollten vor der Ostkurve keine Pl\u00e4tze f\u00fcr Fotografen angeboten werden und die Aufw\u00e4rmfl\u00e4chen f\u00fcr die Ersatzspieler an der Seitenlinie &#8211; wie bereits in den europ\u00e4ischen Wettbewerben aktuell \u00fcblich<sup><a href=\"#kzwlk4\">[4a]<\/a><\/sup> &#8211; platziert werden. Zudem w\u00fcrde so eine Konfliktm\u00f6glichkeit zwischen Spielern der Gastmannschaft und den Heimfans umgangen werden. Die eingesetzten Ordner sollten aus optischen Gr\u00fcnden auf das Tragen von grellen Signalfarben verzichten, aber nat\u00fcrlich trotzdem zu erkennen sein.<\/em>\n<\/p>\n\n\n\n<h4 class=\"has-text-color h4top wp-block-heading\" style=\"color:#03a303\">c. Zugang zum Block \/ Mundl\u00f6cher<\/h4>\n\n\n\n<p><\/p><div style=\"width:39%; float: right; margin-left: 1.0rem;\">\n<figure style=\"background-color: #03a30340; width: 100%; max-width:300px; margin-bottom: 0.5rem; padding: 3px;\">\n<a href=\"https:\/\/www.fanprojekt-muenster.de\/wordpress\/wp-content\/uploads\/2020\/11\/agstad01gr_1b-pos_mundloch-frankfurt.jpg\" data-lightbox=\"agstad01\">\n<img decoding=\"async\" src=\"https:\/\/www.fanprojekt-muenster.de\/wordpress\/wp-content\/uploads\/2020\/11\/agstad01kl_1b-pos_mundloch-frankfurt.jpg\" alt=\"Mundl\u00f6cher im Stadion Frankfurt\" style=\"width:100%; max-width:300px; height:auto;\">\n<\/a>\n<figcaption style=\"font-size:0.8em; text-align:center; line-height: 1.2; margin-top: -1.8rem;\">\n<span style=\"font-size:150%;\">\u263a<\/span> unauff\u00e4llige Blockzug\u00e4nge in Frankfurt<br>[Bildquelle: Frankfurter Rundschau, www.fr.de]\n<\/figcaption>\n<\/figure>\n<figure style=\"background-color: #ff000040;  width: 100%; max-width:300px; margin-bottom: 0.5rem; padding: 3px;\">\n<a href=\"https:\/\/www.fanprojekt-muenster.de\/wordpress\/wp-content\/uploads\/2020\/11\/agstad02gr_1b-neg_mundloch-aue.jpg\" data-lightbox=\"agstad02\">\n<img decoding=\"async\" src=\"https:\/\/www.fanprojekt-muenster.de\/wordpress\/wp-content\/uploads\/2020\/11\/agstad02kl_1b-neg_mundloch-aue.jpg\" alt=\"Mundl\u00f6cher im Stadion Aue\" style=\"width:100%; max-width:300px; height:auto;\">\n<\/a>\n<figcaption style=\"font-size:0.8em; text-align:center; line-height: 1.2; margin-top: -1.2rem;\">\n\u2639 zentrale Blockzug\u00e4nge in Aue\u2026<br>[Bildquelle: www.fc-erzgebirge.de]\n<\/figcaption>\n<\/figure>\n<\/div>\n<p class=\"pjust\">\nDer Zugang zu den Bl\u00f6cken sollte idealer\u00adweise von oben aus dem Stadionumlauf erfolgen und damit auf Mundl\u00f6cher ver\u00adzichtet werden.<br>F\u00fcr den Fall, dass Mundl\u00f6cher integriert werden m\u00fcssen, sollten diese so dezent wie m\u00f6glich ganz oben in den Trib\u00fcnen platziert werden.\n<br>Auf keinen Fall w\u00fcnschen wir uns Mundl\u00f6\u00adcher im zentralen Hintertorbereich. Bei ei\u00adner ung\u00fcnstigen Anordnung k\u00f6nnte kein optisch geschlossenes Bild der Fantrib\u00fcne erzeugt werden und eine freie Entfaltung der Fankurve w\u00e4re massiv eingeschr\u00e4nkt.\n<\/p>\n<div style=\"clear:both;\"><\/div>\n<figure style=\"background-color: #ff000040; width:71% ; margin: auto; padding: 3px;\">\n<a href=\"https:\/\/www.fanprojekt-muenster.de\/wordpress\/wp-content\/uploads\/2020\/11\/agstad04gr_1b-neg_mundloch-essen2.jpg\" data-lightbox=\"agstad04\">\n<img decoding=\"async\" src=\"https:\/\/www.fanprojekt-muenster.de\/wordpress\/wp-content\/uploads\/2020\/11\/agstad04kl_1b-neg_mundloch-essen2.jpg\" alt=\"Mundl\u00f6cher im Stadion Essen\" style=\"float: right; margin-left: 1.1%; width:58.5%; max-width: 326px; height:auto;\">\n<\/a>\n\n<a href=\"https:\/\/www.fanprojekt-muenster.de\/wordpress\/wp-content\/uploads\/2020\/11\/agstad03gr_1b-neg_mundloch-essen1.jpg\" data-lightbox=\"agstad03\">\n<img decoding=\"async\" src=\"https:\/\/www.fanprojekt-muenster.de\/wordpress\/wp-content\/uploads\/2020\/11\/agstad03kl_1b-neg_mundloch-essen1.jpg\" alt=\"Mundl\u00f6cher im Stadion Essen\" style=\"width:40.4%; max-width: 225px; height:auto;\">\n<\/a>\n<figcaption style=\"font-size:0.8em; text-align:center; line-height: 1.2; margin-top: -1.2rem;\">&#8230; und in Essen \u2639 [Bildquellen: www.rot-weiss-essen.de]\n<\/figcaption>\n<\/figure>\n<div style=\"clear:both;\"><\/div>\n\n\n\n<h4 class=\"has-text-color h4top wp-block-heading\" style=\"color:#03a303\">d. Zaunfahnenpl\u00e4tze\/Werbung<\/h4>\n\n\n\n<p class=\"pjust\">Vor der Ostkurve w\u00e4re es w\u00fcnschenswert, auf Werbebanden zu verzichten. Als Standort der neuen Fankurve werben hier einzig die Zaunfahnen der Fans f\u00fcr unseren SC Preu\u00dfen. Als Ausgleich f\u00fcr entgangene Einnahmen k\u00f6nnte wie in Zwickau auf jedes Ticket die\u00adser Trib\u00fcne ein kleiner Aufschlag (z.\u00a0B. 0,50\u00a0Euro pro Ticket) in Erw\u00e4gung gezogen werden. Nat\u00fcrlich sollte hier jedoch das Ziel der erschwinglichen Tickets f\u00fcr alle gesell\u00adschaftlichen Gruppen im Auge behalten werden.\n<br>Auch in den anderen Stadionbereichen sollten Zaunfahnenpl\u00e4tze nicht eingeschr\u00e4nkt, sondern explizit erm\u00f6glicht werden. Es gilt, Kompromisse zu finden, damit diese Be\u00adstandteile einer lebendigen Fankultur in ausreichender Zahl an gut sichtbaren Stellen in unserem Stadion erhalten bleiben. Werbebanden sollten, \u00e4hnlich wie z.\u00a0B. auf Schal\u00adke und in N\u00fcrnberg, in den Vereinsfarben gestaltet werden, um ein optisch rundes Sta\u00addionbild in den Farben unseres SC Preu\u00dfen zu schaffen.<\/p>\n\n\n\n<h4 class=\"has-text-color h4top wp-block-heading\" style=\"color:#03a303\">e. Wellenbrecher<\/h4>\n\n\n\n<p class=\"pjust\">Wellenbrecher sollten in der ordnungsrechtlich kleinstm\u00f6glichen Zahl verbaut werden. Durch m\u00f6glichst wenig Wellenbrecher bleibt Bewegung innerhalb der Bl\u00f6cke m\u00f6glich und Emotionen k\u00f6nnen freier ausgelebt werden.<\/p>\n\n\n\n<h4 class=\"has-text-color h4top wp-block-heading\" style=\"color:#03a303\">f. Z\u00e4une &amp; Netze<\/h4>\n\n\n\n<p class=\"pjust\">\n<\/p><div style=\"width:33%; float: right; margin-left: 1.0rem;\">\n<figure style=\"background-color: #03a30340; width: 100%; max-width:257px; margin-bottom: 0.5rem; padding: 3px;\">\n<a href=\"https:\/\/www.fanprojekt-muenster.de\/wordpress\/wp-content\/uploads\/2020\/11\/agstad05gr_1e-pos_zaun-kaiserslautern.jpg\" data-lightbox=\"agstad05\">\n<img decoding=\"async\" src=\"https:\/\/www.fanprojekt-muenster.de\/wordpress\/wp-content\/uploads\/2020\/11\/agstad05kl_1e-pos_zaun-kaiserslautern.jpg\" alt=\"Mundl\u00f6cher im Stadion Frankfurt\" style=\"width:100%; max-width:257px; height:auto;\">\n<\/a>\n<figcaption style=\"font-size:0.8em; text-align:center; line-height: 1.2; margin-top: -1.8rem;\">\n<span style=\"font-size:150%;\">\u263a<\/span> ungef\u00e4hrlicher Zaun in Kaiserslautern<br>[Bildquelle: www.der-betze-brennt.de]\n<\/figcaption>\n<\/figure>\n<\/div>\n\n<p class=\"pjust\">Idealerweise kann im gesamten Stadion auf <em>Z\u00e4une und Netze<\/em> verzichtet werden<em>, um von jedem Platz\neine freie Sicht auf das Spielfeld zu erm\u00f6glichen<\/em>. Sollte dennoch ein Zaun zum Spielfeld notwendig sein, ist dieser in unserer Vorstellung f\u00fcr eine bessere Sicht breitmaschig zu gestalten. Je nach H\u00f6henunterschied zwischen Fanbereich und Spielfeld, ist eine Zaunh\u00f6he von <em>maximal<\/em> 1,20\u00a0Metern optimal. Zudem sollte er oben flach sein, sodass dieser gefahrlos bestiegen werden kann, um gemeinsames Feiern mit der Mann\u00adschaft zu erm\u00f6glichen.\n<br>Ein eventuell notwendiges Fangnetz sollte ebenso m\u00f6glichst gro\u00dfe Maschen (geringe\u00adre Sichtbehinderung) haben, unseren Adler beinhalten <em>und keinesfalls zwischen Pfosten o.\u00e4., sondern (mit Hilfe eines Stahlseiles) am Trib\u00fcnendach aufgeh\u00e4ngt werden<\/em>.\n<br>Auf der Heimtrib\u00fcne w\u00e4re es optimal, wenn es zwischen den Bl\u00f6cken keine Trennung durch Z\u00e4une geben w\u00fcrde.<em>Die Erstellung eines entsprechenden Sicherheitskonzeptes<sup><a href=\"#kzwlk4\">[4b]<\/a><\/sup> wie z. B. in Gelsenkirchen (auch Regierungsbezirk M\u00fcnster!) gilt es unbedingt umzusetzen.<\/em>\n<\/p>\n<div style=\"clear:both;\"><\/div>\n\n\n\n<h4 class=\"has-text-color h4top wp-block-heading\" style=\"color:#03a303\">g. Treppen\/Aufg\u00e4nge, Stufen und Notausg\u00e4nge<\/h4>\n\n\n\n<p class=\"pjust\">\n\n<\/p><div style=\"width:39%; float: right; margin-left: 1.0rem;\">\n<figure style=\"background-color: #ff000040; width: 100%; max-width:300px; margin-bottom: 0.5rem; padding: 3px;\">\n<a href=\"https:\/\/www.fanprojekt-muenster.de\/wordpress\/wp-content\/uploads\/2020\/11\/agstad06gr_1f-neg_treppen-aachen.jpg\" data-lightbox=\"agstad06\">\n<img decoding=\"async\" src=\"https:\/\/www.fanprojekt-muenster.de\/wordpress\/wp-content\/uploads\/2020\/11\/agstad06kl_1f-neg_treppen-aachen.jpg\" alt=\"Mundl\u00f6cher im Stadion Frankfurt\" style=\"width:100%; max-width:300px; height:auto;\">\n<\/a>\n<figcaption style=\"font-size:0.8em; text-align:center; line-height: 1.2; margin-top: -1.2rem;\">\n\u2639 Treppen im direkten Hintertorbereich in Aachen<br>[Bildquelle: www.wikipedia.de]\n<\/figcaption>\n<\/figure>\n<figure style=\"background-color: #ff000040;  width: 100%; max-width:300px; margin-bottom: 0.5rem; padding: 3px;\">\n<a href=\"https:\/\/www.fanprojekt-muenster.de\/wordpress\/wp-content\/uploads\/2020\/11\/agstad07gr_1f-neg_treppen-meppen.jpg\" data-lightbox=\"agstad07\">\n<img decoding=\"async\" src=\"https:\/\/www.fanprojekt-muenster.de\/wordpress\/wp-content\/uploads\/2020\/11\/agstad07kl_1f-neg_treppen-meppen.jpg\" alt=\"Mundl\u00f6cher im Stadion Aue\" style=\"width:100%; max-width:300px; height:auto;\">\n<\/a>\n<figcaption style=\"font-size:0.8em; text-align:center; line-height: 1.2; margin-top: -1.2rem;\">\n\u2639 zu hohe Trittstufen im Meppener G\u00e4steblock<br>[Bildquelle: Neue Osnabr\u00fccker Zeitung, www.noz.de]\n<\/figcaption>\n<\/figure>\n<\/div>\n\n<p class=\"pjust\">Treppen\/Aufg\u00e4nge im direkten Hintertor\u00adbereich sollten vermieden werden, da die\u00adse enorme optische und stimmungsm\u00e4\u00dfi\u00adge Nachteile nach sich ziehen.\n<br>Fluchttore sollten nicht im zentralen Hintertorbereich geplant werden, weil dadurch wichtige Zaunfahnenpl\u00e4tze wegfallen w\u00fcrden.\n<br>Bei der Stufentiefe sollte darauf geachtet werden, dass auf einer Stufe auch nur eine Person stehen kann. Zudem sollte die Stufenh\u00f6he nicht \u00fcber ein normales Trittma\u00df hinausgehen.<\/p>\n<div style=\"clear:both;\"><\/div>\n<p class=\"pjust\">Die farbliche Markierung der Treppen\/Auf\u00adg\u00e4nge in \u201efremden\u201c Farben w\u00fcrde negativ herausstechen. Optisch w\u00fcnschenswert w\u00e4ren schwarz-wei\u00df-gr\u00fcne Block\u00adstufen und graue Aufg\u00e4nge.<\/p>\n<div style=\"width:90%; margin: auto;\">\n<figure style=\"float:right; background-color: #ff000040;  width: 48%; max-width:300px; margin-left: 1px; padding: 3px;\">\n<a href=\"https:\/\/www.fanprojekt-muenster.de\/wordpress\/wp-content\/uploads\/2020\/11\/agstad09gr_1f-neg_treppen-muenster.jpg\" data-lightbox=\"agstad09\">\n<img decoding=\"async\" src=\"https:\/\/www.fanprojekt-muenster.de\/wordpress\/wp-content\/uploads\/2020\/11\/agstad09kl_1f-neg_treppen-muenster.jpg\" alt=\"Mundl\u00f6cher im Stadion Aue\" style=\"width:100%; max-width:300px; height:auto;\">\n<\/a>\n<figcaption style=\"font-size:0.8em; text-align:center; line-height: 1.2; margin-top: -1.2rem;\">\n\u2639 farblich unpassende Aufg\u00e4nge in M\u00fcnster<br>[Bildquelle: Burkhard Br\u00fcx]\n<\/figcaption>\n<\/figure>\n<figure style=\"background-color: #03a30340; width: 48%; max-width:300px; padding: 3px;\">\n<a href=\"https:\/\/www.fanprojekt-muenster.de\/wordpress\/wp-content\/uploads\/2020\/11\/agstad08gr_1f-pos_treppen-magdeburg.jpg\" data-lightbox=\"agstad08\">\n<img decoding=\"async\" src=\"https:\/\/www.fanprojekt-muenster.de\/wordpress\/wp-content\/uploads\/2020\/11\/agstad08kl_1f-pos_treppen-magdeburg.jpg\" alt=\"Mundl\u00f6cher im Stadion Frankfurt\" style=\"width:100%; max-width:300px; height:auto;\">\n<\/a>\n<figcaption style=\"font-size:0.8em; text-align:center; line-height: 1.2; margin-top: -1.8rem;\">\n<span style=\"font-size:150%;\">\u263a<\/span> gelungene Treppen-Farbgebung in Magdeburg<br>[Bildquelle: www.faszination-fankurve.de]\n<\/figcaption>\n<\/figure>\n<\/div>\n<div style=\"clear:both;\"><\/div>\n\n\n\n\n<h4 class=\"has-text-color h4top wp-block-heading\" style=\"color:#03a303\">h. Sitzschalen<\/h4>\n\n\n\n<p><\/p><p class=\"pjust\">Als Farbe der Sitzschalen sollten nur unsere Vereinsfarben in Frage kommen, unabh\u00e4ngig davon, dass bunte Sitzschalen volle Trib\u00fcnen suggerieren k\u00f6nnten.<\/p>\n\n<div style=\"width:90%; margin: auto;\">\n<figure style=\"float:right; background-color: #ff000040;  width: 48%; max-width:322px; margin-left: 1px; padding: 3px;\">\n<a href=\"https:\/\/www.fanprojekt-muenster.de\/wordpress\/wp-content\/uploads\/2020\/11\/agstad11gr_1g-neg_sitze-saarbruecken.jpg\" data-lightbox=\"agstad11\">\n<img decoding=\"async\" src=\"https:\/\/www.fanprojekt-muenster.de\/wordpress\/wp-content\/uploads\/2020\/11\/agstad11kl_1g-neg_sitze-saarbruecken.jpg\" alt=\"Mundl\u00f6cher im Stadion Aue\" style=\"width:100%; max-width:322px; height:auto;\">\n<\/a>\n<figcaption style=\"font-size:0.8em; text-align:center; line-height: 1.2; margin-top: -1.2rem;\">\n&#8230;und verschieden blaue in Saarbr\u00fccken \u2639<br>[Bildquelle: www.ludwigsparkstadion.de]\n<\/figcaption>\n<\/figure>\n<figure style=\"background-color: #ff000040; width: 45%; max-width:300px; padding: 3px;\">\n<a href=\"https:\/\/www.fanprojekt-muenster.de\/wordpress\/wp-content\/uploads\/2020\/11\/agstad10gr_1g-neg_sitze-duesseldorf.jpg\" data-lightbox=\"agstad10\">\n<img decoding=\"async\" src=\"https:\/\/www.fanprojekt-muenster.de\/wordpress\/wp-content\/uploads\/2020\/11\/agstad10kl_1g-neg_sitze-duesseldorf.jpg\" alt=\"Mundl\u00f6cher im Stadion Frankfurt\" style=\"width:100%; max-width:300px; height:auto;\">\n<\/a>\n<figcaption style=\"font-size:0.8em; text-align:center; line-height: 1.2; margin-top: -1.2rem;\">\n\u2639 \u201dkunterbunte\u201d Sitzschalen in D\u00fcsseldorf<br>[Bildquelle: www.f95.de]\n<\/figcaption>\n<\/figure>\n<\/div>\n<div style=\"clear:both;\"><\/div>\n\n\n\n\n<h4 class=\"has-text-color h4top wp-block-heading\" style=\"color:#03a303\"><em>i. G\u00e4stebereich<\/em><\/h4>\n\n\n\n<p class=\"pjust\"><em>Wir legen besonderen Wert darauf, unsere G\u00e4ste im Preu\u00dfenstadion auch als solche zu behandeln (\u201cWillkommenskultur\u201d). Z\u00e4une, wie sie im aktuellen G\u00e4stebereich des Preu\u00dfenstadions zuletzt installiert wurden, suggerieren den Aufenthalt in einem K\u00e4fig und sollten den Werten unseres Vereins nicht entsprechen. Das gilt auch f\u00fcr eine Umbauung des Blockes mit Plexiglas. Stacheln oder Taubenspikes auf der Oberkante des Zauns geh\u00f6ren aufgrund der enormen Verletzungsgefahr endg\u00fcltig der Vergangenheit an.<br>\nAu\u00dferdem sollte der G\u00e4steblock nicht in die Ecke \u201cgequetscht\u201d sein und ausreichend sanit\u00e4re Einrichtungen und Versorgungsst\u00e4nde zur Verf\u00fcgung stehen. Deren problemlose Nutzung auch im Falle einer Blocksperre seitens der Polizei ist f\u00fcr uns ebenso selbstverst\u00e4ndlich wie ein vern\u00fcnftiger Aufenthaltsplatz vor dem Stadion und dem G\u00e4steeingang.<\/em><\/p>\n\n\n\n<h4 class=\"has-text-color h4top wp-block-heading\" style=\"color:#03a303\">j. VIP-Bereich<\/h4>\n\n\n\n<p><\/p><p class=\"pjust\">Der\/<em>die<\/em> VIP-Bereich<em>(e)<\/em> sollte<em>(n)<\/em> sich <em>auf zwei Trib\u00fcnen beschr\u00e4nken, nicht auf den Hinter-\ntortrib\u00fcnen platziert werden und sich<\/em> optisch gut in das Trib\u00fcnen- bzw. Stadionbild integrieren.<\/p>\n<div style=\"width:90%; margin: auto;\">\n<figure style=\"float:right; background-color: #03a30340; width: 48%; max-width:307px; margin-left: 1px; padding: 3px;\">\n<a href=\"https:\/\/www.fanprojekt-muenster.de\/wordpress\/wp-content\/uploads\/2020\/11\/agstad13gr_1h-pos_vip-schalke.jpg\" data-lightbox=\"agstad13\">\n<img decoding=\"async\" src=\"https:\/\/www.fanprojekt-muenster.de\/wordpress\/wp-content\/uploads\/2020\/11\/agstad13kl_1h-pos_vip-schalke.jpg\" alt=\"Mundl\u00f6cher im Stadion Frankfurt\" style=\"width:100%; max-width:307px; height:auto;\">\n<\/a>\n<figcaption style=\"font-size:0.8em; text-align:center; line-height: 1.2; margin-top: -1.8rem;\">\n<span style=\"font-size:150%;\">\u263a<\/span> gut integrierter VIP-Bereich auf Schalke<br>[Bildquelle: www.tripadvisor.de]\n<\/figcaption>\n<\/figure>\n<figure style=\"background-color: #ff000040;  width: 48%; max-width:300px; padding: 3px;\">\n<a href=\"https:\/\/www.fanprojekt-muenster.de\/wordpress\/wp-content\/uploads\/2020\/11\/agstad12gr_1h-neg_vip-leverkusen.jpg\" data-lightbox=\"agstad12\">\n<img decoding=\"async\" src=\"https:\/\/www.fanprojekt-muenster.de\/wordpress\/wp-content\/uploads\/2020\/11\/agstad12kl_1h-neg_vip-leverkusen.jpg\" alt=\"Mundl\u00f6cher im Stadion Aue\" style=\"width:100%; max-width:300px; height:auto;\">\n<\/a>\n<figcaption style=\"font-size:0.8em; text-align:center; line-height: 1.2; margin-top: -1.2rem;\">\n\u2639 sehr auff\u00e4lliger VIP-Bereich in Leverkusen<br>[Bildquelle: www.fussballstadienwelt.de]\n<\/figcaption>\n<\/figure>\n<\/div>\n<div style=\"clear:both;\"><\/div>\n\n\n\n<h4 class=\"has-text-color h4top wp-block-heading\" style=\"color:#03a303\">k. Supporters-Block &amp; generell g\u00fcnstige Sitzpl\u00e4tze<\/h4>\n\n\n\n<p class=\"pjust\">Ein Bereich wie den derzeitigen Supporters-Block (A-Block) mit g\u00fcnstigeren Sitzpl\u00e4tzen und damit Raum f\u00fcr Fankultur in unmittelbarer N\u00e4he zur Osttrib\u00fcne halten wir f\u00fcr unabdingbar.<br>Weiterhin halten wir es f\u00fcr gesellschaftlich notwendig, auch dar\u00fcber hinaus weitere g\u00fcnstigere Sitzpl\u00e4tze anzubieten.<\/p>\n\n\n\n<h4 class=\"has-text-color h4top wp-block-heading\" style=\"color:#03a303\">l. Optimale Sicht<\/h4>\n\n\n\n<p class=\"pjust\">Keine Sichtbehinderungen auf Steh- und Sitzpl\u00e4tzen durch Pfeiler, Masten, Netze (wenn m\u00f6glich) und Z\u00e4une w\u00e4ren optimal.<\/p>\n\n<\/div>\n\t\t<\/div>\n\n<div class=\"wp-block-ub-content-toggle-accordion\" style=\"border-color: #fff; \" id=\"ub-content-toggle-panel-block-\">\n\t\t\t<div class=\"wp-block-ub-content-toggle-accordion-title-wrap\" style=\"background-color: #fff;\" aria-controls=\"ub-content-toggle-panel-2-102c1f96-4a4b-4791-a06a-d2b23fd25f05\" tabindex=\"0\">\n\t\t\t<h3 class=\"wp-block-ub-content-toggle-accordion-title ub-content-toggle-title-102c1f96-4a4b-4791-a06a-d2b23fd25f05\" style=\"color: #03a303; \">3. Au\u00dfenbereich des Stadions<\/h3>\n\t\t\t<div class=\"wp-block-ub-content-toggle-accordion-toggle-wrap right\" style=\"color: #000000;\"><span class=\"wp-block-ub-content-toggle-accordion-state-indicator wp-block-ub-chevron-down\"><\/span><\/div>\n\t\t<\/div>\n\t\t\t<div role=\"region\" aria-expanded=\"false\" class=\"wp-block-ub-content-toggle-accordion-content-wrap ub-hide\" id=\"ub-content-toggle-panel-2-102c1f96-4a4b-4791-a06a-d2b23fd25f05\">\n\n<h4 class=\"has-text-color h4a wp-block-heading\" style=\"color:#03a303\">a. Vorplatz, Fanr\u00e4ume, Fassade, Museum, Charme, Wandbilder<\/h4>\n\n\n\n<p class=\"pjust\"><em>Als weithin sichtbares Merkmal eines Fu\u00dfballstadion dienten lange Zeit dessen Flutlichtmasten, an denen man sich bereits von Weitem orientieren konnte. Wir w\u00fcnschen uns auch f\u00fcr das umgebaute Preu\u00dfenstadion solche \u201eKircht\u00fcrme\u201c unserer Heimspielst\u00e4tte; idealerweise sogar den Erhalt und die Weiterverwendung der jetzigen.<\/em>\n<br>Wie bisher sollte es einen ansprechenden Stadionvorplatz vor der Heimkurve geben, um einen Anlaufpunkt f\u00fcr alle Fans zu schaffen. Zur Gestaltung bieten sich Gastronomiest\u00e4nde und Unterstellm\u00f6glichkeiten an.\n<br>Im direkten Stadionumfeld (vielleicht im Geb\u00e4ude der neuen Gesch\u00e4ftsstelle) sollten sowohl das Fanprojekt als auch der FANport B\u00fcros und weitere R\u00e4umlichkeiten zur gemeinsamen Nutzung erhalten. Diese R\u00e4ume sollten an und au\u00dferhalb von Spieltagen unkompliziert genutzt werden k\u00f6nnen und in Eigenverwaltung betrieben werden. U.\u00a0a. soll es m\u00f6glich sein an Spieltagen g\u00fcnstige Speisen und Getr\u00e4nke anzubieten, ohne Bindung an die Stadion-Caterer. Zudem regen wir an, in den Fanr\u00e4umen einige Vitrinen zu integrieren, in denen die Geschichte unseres Vereines greifbar werden kann<em>, sollte sich kein\neigenst\u00e4ndiges Vereinsmuseum realisieren lassen<\/em>.<br>Eine Fan-Kneipe unterhalb der Trib\u00fcne halten wir f\u00fcr nicht sinnvoll, da diese R\u00e4umlichkeiten nur an Spieltagen zur Verf\u00fcgung stehen d\u00fcrften und dem Caterer unterliegen.<\/p><p>\n<\/p><div style=\"width:33%; float: right; margin-left: 1.0rem; margin-top: -2.0rem;\">\n<figure style=\"background-color: #03a30340; width: 100%; max-width:300px; margin-bottom: 0.5rem; padding: 3px;\">\n<a href=\"https:\/\/www.fanprojekt-muenster.de\/wordpress\/wp-content\/uploads\/2020\/11\/agstad14gr_3a-pos_treppe-muenster.jpg\" data-lightbox=\"agstad14\">\n<img decoding=\"async\" src=\"https:\/\/www.fanprojekt-muenster.de\/wordpress\/wp-content\/uploads\/2020\/11\/agstad14kl_3a-pos_treppe-muenster.jpg\" alt=\"Mundl\u00f6cher im Stadion Frankfurt\" style=\"width:100%; max-width:300px; height:auto;\">\n<\/a>\n<figcaption style=\"font-size:0.8em; text-align:center; line-height: 1.2; margin-top: -1.8rem;\">\n<span style=\"font-size:150%;\">\u263a<\/span> derzeitige Treppe zum A-Block<br>[Bildquelle: Burkhard Br\u00fcx]\n<\/figcaption>\n<\/figure>\n<\/div>\n<p class=\"pjusttop2\">\nW\u00fcnschenswert w\u00e4re es zudem, wenn einige markante Punkte des heutigen Stadions erhalten bleiben oder in einen Neubau integriert werden k\u00f6nnten, um den Charme des Preu\u00dfenstadions in eine neue Epoche zu retten. Zum Beispiel das Kassenh\u00e4uschen (zumindest einen Schalter) oder die Treppe zum A-Block.<\/p><p>\n<\/p><div style=\"clear:both;\"><\/div>\n<p class=\"pjust\">\nDie Ehrentafel zur Vizemeisterschaft  (am derzeitigen Kassenh\u00e4uschen) sollte auch im neuen Stadion einen Platz finden.<\/p>\n<div style=\"width:50%; margin: auto;\">\n<figure style=\"background-color: #03a30340; width: 100%; max-width:355px; margin-bottom: 0.5rem; padding: 3px;\">\n<a href=\"https:\/\/www.fanprojekt-muenster.de\/wordpress\/wp-content\/uploads\/2020\/11\/agstad15gr_3a-pos_ehrentafel-muenster.jpg\" data-lightbox=\"agstad15\">\n<img decoding=\"async\" src=\"https:\/\/www.fanprojekt-muenster.de\/wordpress\/wp-content\/uploads\/2020\/11\/agstad15kl_3a-pos_ehrentafel-muenster.jpg\" alt=\"Mundl\u00f6cher im Stadion Frankfurt\" style=\"width:100%; max-width:355px; height:auto;\">\n<\/a>\n<figcaption style=\"font-size:0.8em; text-align:center; line-height: 1.2; margin-top: -1.8rem;\">\n<span style=\"font-size:150%;\">\u263a<\/span> Ehrentafel zur Vizemeisterschaft<br>[Bildquelle: J\u00fcrgen Stork]\n<\/figcaption>\n<\/figure>\n<\/div>\n<p class=\"pjust\">Die Fassade des Stadions sollte einen hohen Wiedererkennungswert haben und von der Hammer Stra\u00dfe gut ersichtlich sein. Bei der Gestaltung der Fassade sollte auf Ideen der Fans zur\u00fcckgegriffen werden bzw. zusammen mit diesen umgesetzt werden.<\/p><p>\n<figure style=\"border: 3px solid #03a30300; background-color: #03a30340; width:100%; margin: -1em auto 1em;\">\n<a href=\"https:\/\/www.fanprojekt-muenster.de\/wordpress\/wp-content\/uploads\/2020\/12\/agstad18gr_3a-pos_graffiti3-muenster.jpg\" data-lightbox=\"agstad18\">\n<img decoding=\"async\" src=\"https:\/\/www.fanprojekt-muenster.de\/wordpress\/wp-content\/uploads\/2020\/12\/agstad18kl_3a-pos_graffiti3-muenster.jpg\" alt=\"Mundl\u00f6cher im Stadion Essen\" style=\"float: right; margin-left: 0.5%; width:33%; height:auto;\">\n<\/a>\n<a href=\"https:\/\/www.fanprojekt-muenster.de\/wordpress\/wp-content\/uploads\/2020\/12\/agstad17gr_3a-pos_graffiti2-muenster.jpg\" data-lightbox=\"agstad17\">\n<img decoding=\"async\" src=\"https:\/\/www.fanprojekt-muenster.de\/wordpress\/wp-content\/uploads\/2020\/12\/agstad17kl_3a-pos_graffiti2-muenster.jpg\" alt=\"Mundl\u00f6cher im Stadion Essen\" style=\"float: right; margin-left: 0.5%; width:33%; height:auto;\">\n<\/a>\n<a href=\"https:\/\/www.fanprojekt-muenster.de\/wordpress\/wp-content\/uploads\/2020\/12\/agstad16gr_3a-pos_graffiti1-muenster.jpg\" data-lightbox=\"agstad16\">\n<img decoding=\"async\" src=\"https:\/\/www.fanprojekt-muenster.de\/wordpress\/wp-content\/uploads\/2020\/12\/agstad16kl_3a-pos_graffiti1-muenster.jpg\" alt=\"Mundl\u00f6cher im Stadion Essen\" style=\"width:33%; height:auto;\">\n<\/a>\n<figcaption style=\"font-size:0.8em; text-align:center; line-height: 1.2; margin-top: -1.3rem;\"><span style=\"font-size:150%;\">\u263a<\/span>\n Graffitis in &amp; am Preu\u00dfenstadion [Bildquellen: Burkhard Br\u00fcx]\n<\/figcaption>\n<\/figure>\n<\/p><div style=\"clear:both;\"><\/div>\n<p class=\"pjust\">\nDer Charakter des Stadions lebt nach unserer Meinung in hohem Ma\u00dfe von Wandbildern und Malereien in und um das Stadion herum. Daf\u00fcr sollte Raum und Fl\u00e4che geboten werden, um diesen Charme f\u00fcr das Stadion und sein Umfeld zu behalten.<\/p>\n\n\n\n<h4 class=\"has-text-color h4top wp-block-heading\" style=\"color:#03a303\">b. Eingangsbereich, Umlauf<\/h4>\n\n\n\n<p class=\"pjust\">Das Preu\u00dfenstadion sollte, wenn dieses baulich m\u00f6glich ist, nur einen Eingang f\u00fcr alle Heimfans bekommen, an dem wie bisher die Personenkontrollen zentral durchgef\u00fchrt werden.<em> Die Bereiche zur Personen- sowie Materialkontrolle d\u00fcrfen weder umz\u00e4unt noch ummauert sein und auf Ganzk\u00f6rperdrehkreuze ist unbedingt zu verzichten.<br>\nIm Bereich dieses zentralen Eingangs sollten sich (zumindest optional) Info-\/Verkaufsst\u00e4nde f\u00fcr die Fanarbeit befinden.<\/em>\n<br>\u00dcber einen Umlauf gelangen die Fans zu den jeweiligen Bl\u00f6cken, wo nur noch eine Ticketkontrolle erfolgen muss. Hiermit wird gew\u00e4hrleistet, dass sich Fans aus allen Bl\u00f6cken des Heimbereiches vor, w\u00e4hrend und nach dem Spiel treffen k\u00f6nnen. Dies w\u00fcnschen sich nach Umfrage des Fanprojekts 80\u00a0% von 1.500\u00a0Befragten<sup><a href=\"#kzwlk3\">[3]<\/a><\/sup>.\n<br>Wir w\u00fcnschen uns au\u00dferdem M\u00f6glichkeiten f\u00fcr die Abgabe von Gep\u00e4ck f\u00fcr Heim- und G\u00e4stefans.<\/p>\n\n\n\n<h4 class=\"has-text-color h4top wp-block-heading\" style=\"color:#03a303\">c. Vereinsraum<\/h4>\n\n\n\n<p class=\"pjust\">In N\u00e4he der Trainingspl\u00e4tze sollte f\u00fcr unsere Youngstars, deren Angeh\u00f6rige und ZuschauerInnen ein kleiner Vereinsraum eingerichtet werden. M\u00f6gliche Standorte w\u00e4ren ein Raum im NLZ oder in der nicht ausgebauten Ecke zwischen Haupttrib\u00fcne und Ostkurve <em> bzw. in dem dort angedachten Geb\u00e4ude f\u00fcr die Kita<\/em>.<\/p>\n\n<\/div>\n\t\t<\/div>\n\n<div class=\"wp-block-ub-content-toggle-accordion\" style=\"border-color: #fff; \" id=\"ub-content-toggle-panel-block-\">\n\t\t\t<div class=\"wp-block-ub-content-toggle-accordion-title-wrap\" style=\"background-color: #fff;\" aria-controls=\"ub-content-toggle-panel-3-102c1f96-4a4b-4791-a06a-d2b23fd25f05\" tabindex=\"0\">\n\t\t\t<h3 class=\"wp-block-ub-content-toggle-accordion-title ub-content-toggle-title-102c1f96-4a4b-4791-a06a-d2b23fd25f05\" style=\"color: #03a303; \">4. Stadion generell<\/h3>\n\t\t\t<div class=\"wp-block-ub-content-toggle-accordion-toggle-wrap right\" style=\"color: #000000;\"><span class=\"wp-block-ub-content-toggle-accordion-state-indicator wp-block-ub-chevron-down\"><\/span><\/div>\n\t\t<\/div>\n\t\t\t<div role=\"region\" aria-expanded=\"false\" class=\"wp-block-ub-content-toggle-accordion-content-wrap ub-hide\" id=\"ub-content-toggle-panel-3-102c1f96-4a4b-4791-a06a-d2b23fd25f05\">\n\n<h4 class=\"has-text-color h4a wp-block-heading\" style=\"color:#03a303\">a. Stadionname Preu\u00dfenstadion<\/h4>\n\n\n\n<p class=\"pjust\">Der aus dem Volksmund stammende Name \u201ePreu\u00dfenstadion\u201c ist in hohem Ma\u00dfe identit\u00e4tsstiftend f\u00fcr alle Fans des SC Preu\u00dfen M\u00fcnster.<em> Daher w\u00fcnschen wir uns, dass Preu\u00dfen M\u00fcnster seine Heimspiele weiterhin im \u201ePreu\u00dfenstadion\u201c austr\u00e4gt.<\/em> Die Gremien sollten sich somit f\u00fcr den Erhalt des Namens einsetzten. Wie bekommen wir es zusammen hin, diesen Namen beizubehalten?<\/p>\n\n\n\n<h4 class=\"has-text-color h4top wp-block-heading\" style=\"color:#03a303\">b. Stadionsicherheit<\/h4>\n\n\n\n<p class=\"pjust\">\n<\/p><div style=\"width:33%; float: right; margin-left: 1.0rem; margin-top:1.0rem;\">\n<figure style=\"background-color: #ff000040;  width: 100%; max-width:250px; margin-bottom: 0.5rem; padding: 3px;\">\n<a href=\"https:\/\/www.fanprojekt-muenster.de\/wordpress\/wp-content\/uploads\/2021\/02\/agstad20gr_4b-neg_block-wolfsburg.jpg\" data-lightbox=\"agstad20\">\n<img decoding=\"async\" src=\"https:\/\/www.fanprojekt-muenster.de\/wordpress\/wp-content\/uploads\/2021\/02\/agstad20kl_4b-neg_block-wolfsburg.jpg\" alt=\"zerschnittener Block in Wolfsburg\" style=\"width:100%; max-width:250px; height:auto;\">\n<\/a>\n<figcaption style=\"font-size:0.8em; text-align:center; line-height: 1.2; margin-top: -1.2rem;\">\n\u2639 zerschnittener Block in Wolfsburg<br>[Bildquelle: www.euro.stades.ch]\n<\/figcaption>\n<\/figure>\n<\/div>\nDer ben\u00f6tigte Raum f\u00fcr Feuerwehr, Ordnungsdienst, ASB und Polizei sollte aus rein wirtschaftlichen Gr\u00fcnden keine Loge belegen. Hierf\u00fcr schlagen wir einen Standort \u00fcber der geplanten Innenraumzufahrt zwischen aktueller Haupttrib\u00fcne und der neuen Westtrib\u00fcne vor. Zudem ist hier die N\u00e4he zu der geplanten Stellfl\u00e4che der Sicherheitskr\u00e4fte (hinter der Westtrib\u00fcne) optimal.<em> Au\u00dferdem lie\u00dfe sich so die Zerschneidung eines der Zuschauerbl\u00f6cke umgehen.<br>\nDie Video\u00fcberwachung innerhalb des Stadions ist in heutigen Zeiten wohl nicht vermeid-\nbar, allerdings sprechen wir uns ganz klar gegen eine solche sowohl im Catering- und Au-\n\u00dfenbereich des Stadions als auch auf dem Stadionvorplatz aus.<\/em>\n\n\n\n\n<h4 class=\"has-text-color h4top wp-block-heading\" style=\"color:#03a303\">c. Bezahlsystem<\/h4>\n\n\n\n<p class=\"pjust\">In Zukunft sollte es im Preu\u00dfenstadion m\u00f6glich sein, Essen und Getr\u00e4nke mit Bargeld<em>, EC- oder Kreditkarte<\/em> zu erwerben. <em>Ein eigenst\u00e4ndiges, isoliertes Bezahlsystem lehnen wir\nab, da dieses besonders f\u00fcr nicht regelm\u00e4\u00dfige BesucherInnen und G\u00e4stefans nachteilig ist.<\/em>\n<\/p>\n\n<\/div>\n\t\t<\/div>\n\n<div class=\"wp-block-ub-content-toggle-accordion\" style=\"border-color: #fff; \" id=\"ub-content-toggle-panel-block-\">\n\t\t\t<div class=\"wp-block-ub-content-toggle-accordion-title-wrap\" style=\"background-color: #fff;\" aria-controls=\"ub-content-toggle-panel-4-102c1f96-4a4b-4791-a06a-d2b23fd25f05\" tabindex=\"0\">\n\t\t\t<h3 class=\"wp-block-ub-content-toggle-accordion-title ub-content-toggle-title-102c1f96-4a4b-4791-a06a-d2b23fd25f05\" style=\"color: #03a303; \">5. Das Stadion als Teil der gelebten Stadt M\u00fcnster<\/h3>\n\t\t\t<div class=\"wp-block-ub-content-toggle-accordion-toggle-wrap right\" style=\"color: #000000;\"><span class=\"wp-block-ub-content-toggle-accordion-state-indicator wp-block-ub-chevron-down\"><\/span><\/div>\n\t\t<\/div>\n\t\t\t<div role=\"region\" aria-expanded=\"false\" class=\"wp-block-ub-content-toggle-accordion-content-wrap ub-hide\" id=\"ub-content-toggle-panel-4-102c1f96-4a4b-4791-a06a-d2b23fd25f05\">\n\n<h4 class=\"has-text-color h4a wp-block-heading\" style=\"color:#03a303\">a. <em>Nachhaltigkeit und Verkehr<\/em><\/h4>\n\n\n\n<p class=\"pjust\"><em>Im Jahr 2021 sollte unserer Meinung nach ein Stadionbau nicht als isoliertes Projekt betrachtet werden, sondern als wichtiger Bestandteil einer sich wandelnden Welt. M\u00fcnster hat sich zum Ziel gesetzt, bis 2030 Klimaneutralit\u00e4t zu erreichen<sup><a href=\"#kzwlk5\">[5]<\/a><\/sup>. Das M\u00fcnsteraner Stadionprojekt kann auf dem Weg dahin eine wichtige Benchmark sein. Eine Sanierung mit dem Schwerpunkt Nachhaltigkeit entspricht auch den neuen Geb\u00e4udeleitlinien der Stadt M\u00fcnster<sup><a href=\"#kzwlk06\">[06]<\/a><\/sup>.\n<br>F\u00fcr das Stadion m\u00fcssen die klassischen Konzepte eines Stadionbaus neu erdacht werden. Wie k\u00f6nnen wir es schaffen, dass der Bauvorgang zu einem richtungsweisenden Eckpfeiler f\u00fcr die Wandlung zu einer klimaneutralen Stadt werden kann? Daf\u00fcr stellen wir uns die Frage, ob ein Stadion ressourcenschonend gebaut werden, wie es sich selbst mit\nEnergie versorgen und \u00dcbersch\u00fcsse in die angrenzende Nachbarschaft exportieren oder wie der Verbrauch der Ressource Wasser vern\u00fcnftig gestaltet werden kann. Dazu soll das Stadion durch Begr\u00fcnung den Abbau von CO<sub>2<\/sub> unterst\u00fctzen und einen Beitrag zum Schutz von Insekten und V\u00f6geln liefern.\n<br>W\u00e4hrend des Spielbetriebs sind nat\u00fcrlich auch Schritte f\u00fcr die F\u00f6rderung der Nachhaltigkeit erforderlich. Auch hierzu haben wir uns Gedanken gemacht.\n<br>Ein weiteres Problem im Betrieb eines Stadions ist der Verkehr. Wie lassen sich bei einem Umbau Treibhausgase realistisch beschr\u00e4nken? Hier ist ein ganzheitlicher Ansatz notwendig, der der Stadt M\u00fcnster M\u00f6glichkeiten er\u00f6ffnet, auch au\u00dferhalb von Spieltagen die gew\u00fcnschte Verkehrswende zu schaffen.\n<br>Nichts im Sport verk\u00f6rpert Nachhaltigkeit so sehr wie ein eigenes Nachwuchsleistungszentrum, weil dieses f\u00fcr die zuk\u00fcnftige Entwicklung des Vereins von besonderer Bedeutung w\u00e4re. Dar\u00fcber hinaus muss nat\u00fcrlich auch von den Preu\u00dfen selbst ein Signal ausgehen, das ei-\nnen eigenen Beitrag zur Nachhaltigkeit unterstreicht.<br>\nDiese Ideen f\u00fchren wir in der Erg\u00e4nzung \u201cNachhaltigkeit\u201d weiter aus.<\/em>\n<\/p>\n\n\n\n<h4 class=\"has-text-color h4top wp-block-heading\" style=\"color:#03a303\">b. Barrierefreiheit<\/h4>\n\n\n\n<p class=\"pjust\">Im jetzigen Stadion werden Menschen mit Behinderung leider schwer benachteiligt. Ein Umbau muss hier Abhilfe schaffen. Wir m\u00f6chten gerne <em>auf allen Trib\u00fcnen <\/em>Rollstuhlfahrerpl\u00e4tze in einer Anzahl realisiert wissen, die deutlich \u00fcber die Mindestanforderungen der DFL hinausgehen. Pl\u00e4tze f\u00fcr Sehbehinderte, die \u00fcber eine akustische Begleitung versorgt werden, erachten wir als notwendig, ebenso eine gesch\u00fctzte Zone f\u00fcr Geh\u00f6rlose.\n<br>Das ganze Stadion <em>und die Zuwegungen von allen Anfahrtswegen her <\/em>sollten barrierefrei sein, so dass mindestens die Sitzpl\u00e4tze f\u00fcr eingeschr\u00e4nkte Personen erreichbar bleiben. G\u00e4stefans mit Einschr\u00e4nkungen sollten die M\u00f6glichkeit haben, das Spiel im Kreis ihrer Freunde und Bekannten<em>, d. h. im G\u00e4steblock<\/em> zu verfolgen.<\/p>\n\n\n\n<h4 class=\"has-text-color h4top wp-block-heading\" style=\"color:#03a303\">c. Familien<\/h4>\n\n\n\n<p class=\"pjust\">W\u00fcnschenswert w\u00e4re neben einem Familienblock auch eine Reaktivierung der Kinderbetreuung im\/am Stadion w\u00e4hrend der Heimspiele, damit Familien maximale Flexibilit\u00e4t am Spieltag geboten werden kann.<\/p>\n\n\n\n<h4 class=\"has-text-color h4top wp-block-heading\" style=\"color:#03a303\">d. Gesch\u00fctzter Raum f\u00fcr Frauen<\/h4>\n\n\n\n<p class=\"pjust\">F\u00fcr eine h\u00f6here Attraktivit\u00e4t und Akzeptanz weiblicher Fans ist es w\u00fcnschenswert, Schutzzonen bzw. gesch\u00fctzte R\u00e4ume f\u00fcr Frauen anzubieten. Damit k\u00f6nnen sich M\u00e4dchen und Frauen aus unangenehmen Situationen entziehen und erhalten die M\u00f6glichkeit f\u00fcr vertrauensvolle Gespr\u00e4che. Ein reservierter Bereich im Stadion, von dem aus M\u00e4dchen und Frauen ungest\u00f6rt das Spiel verfolgen k\u00f6nnen, sollte angedacht werden.<\/p>\n\n\n\n<h4 class=\"has-text-color h4top wp-block-heading\" style=\"color:#03a303\">e. Genderneutrale Toiletten<\/h4>\n\n\n\n<p class=\"pjust\">Es sollten genderneutrale oder Unisex-Toiletten mitbedacht werden, um Personen nicht aufgrund des Geschlechts zu diskriminieren.<\/p>\n\n<\/div>\n\t\t<\/div>\n\n<div class=\"wp-block-ub-content-toggle-accordion\" style=\"border-color: #fff; \" id=\"ub-content-toggle-panel-block-\">\n\t\t\t<div class=\"wp-block-ub-content-toggle-accordion-title-wrap\" style=\"background-color: #fff;\" aria-controls=\"ub-content-toggle-panel-5-102c1f96-4a4b-4791-a06a-d2b23fd25f05\" tabindex=\"0\">\n\t\t\t<h3 class=\"wp-block-ub-content-toggle-accordion-title ub-content-toggle-title-102c1f96-4a4b-4791-a06a-d2b23fd25f05\" style=\"color: #03a303; \">6. Fazit<\/h3>\n\t\t\t<div class=\"wp-block-ub-content-toggle-accordion-toggle-wrap right\" style=\"color: #000000;\"><span class=\"wp-block-ub-content-toggle-accordion-state-indicator wp-block-ub-chevron-down\"><\/span><\/div>\n\t\t<\/div>\n\t\t\t<div role=\"region\" aria-expanded=\"false\" class=\"wp-block-ub-content-toggle-accordion-content-wrap ub-hide\" id=\"ub-content-toggle-panel-5-102c1f96-4a4b-4791-a06a-d2b23fd25f05\">\n\n<p class=\"pjusttop\">Das Stadion ist f\u00fcr alle Fans von Preu\u00dfen M\u00fcnster ein wichtiger Ort von zentraler Be\u00addeutung. Sie sind unter anderem diejenigen, die in den n\u00e4chsten Jahren und Jahrzehn\u00adten das umgebaute Preu\u00dfenstadion mit Leben f\u00fcllen werden. Aus diesem Grund sind die Interessen, Vorstellungen und W\u00fcnsche der Fans von elementarer Be\u00addeutung und sollten bei der weiteren Planung unbedingt ber\u00fccksichtigt werden.\n<br>F\u00fcr Fragen, Anregungen oder sonstigen Kontakt stehen wir als Arbeitsgemeinschaft un\u00adter <a style=\"background-color:#03a30340; color:#333333; padding: 0.2rem;\" href=\"mailto:ag-preussenstadion@sportclub.online\">ag-preussenstadion@sportclub.online<\/a> gerne zur Verf\u00fcgung.\n<\/p>\n\n\n\n<p class=\"has-text-align-right\"><span style=\"color:#03a303; font-style:italic;\" class=\"has-inline-color\">AG Preu\u00dfenstadion im Herbst 2020<\/span><\/p>\n\n<\/div>\n\t\t<\/div>\n\n<div class=\"wp-block-ub-content-toggle-accordion\" style=\"border-color: #fff; \" id=\"ub-content-toggle-panel-block-\">\n\t\t\t<div class=\"wp-block-ub-content-toggle-accordion-title-wrap\" style=\"background-color: #fff;\" aria-controls=\"ub-content-toggle-panel-6-102c1f96-4a4b-4791-a06a-d2b23fd25f05\" tabindex=\"0\">\n\t\t\t<h3 class=\"wp-block-ub-content-toggle-accordion-title ub-content-toggle-title-102c1f96-4a4b-4791-a06a-d2b23fd25f05\" style=\"color: #03a303; \">Anhang<\/h3>\n\t\t\t<div class=\"wp-block-ub-content-toggle-accordion-toggle-wrap right\" style=\"color: #000000;\"><span class=\"wp-block-ub-content-toggle-accordion-state-indicator wp-block-ub-chevron-down\"><\/span><\/div>\n\t\t<\/div>\n\t\t\t<div role=\"region\" aria-expanded=\"false\" class=\"wp-block-ub-content-toggle-accordion-content-wrap ub-hide\" id=\"ub-content-toggle-panel-6-102c1f96-4a4b-4791-a06a-d2b23fd25f05\">\n\n<h4 class=\"has-text-color h4a wp-block-heading\" style=\"color:#03a303\">weiterf\u00fchrende Links<\/h4>\n\n\n\n<p class=\"pjust\">\n<\/p><dl>\n<dt id=\"kzwlk1\" style=\"font-weight:normal;\">[1]\u00a0\u00a0Beschlussvorlage der Stadt M\u00fcnster \u00fcber den Bebauungsplan Nr. 568:<\/dt>\n<dd style=\"margin-left:2em;\"><a href=\"https:\/\/www.stadt-muenster.de\/sessionnet\/sessionnetbi\/vo0050.php?__kvonr=2004042977\" target=\"_blank\" rel=\"noopener noreferrer\">https:\/\/www.stadt-muenster.de\/sessionnet\/sessionnetbi\/vo0050.php?__kvonr=2004042977<\/a>\n<\/dd>\n<dt id=\"kzwlk2\" style=\"font-weight:normal;\">[2]\u00a0\u00a0Pr\u00e4sentation der Machbarkeitsstudie:<\/dt>\n<dd style=\"margin-left:2em;\"><a href=\"https:\/\/scpreussen-muenster.de\/news\/zusammenfassung-der-machbarkeitsstudie\/\" target=\"_blank\" rel=\"noopener noreferrer\">https:\/\/scpreussen-muenster.de\/news\/zusammenfassung-der-machbarkeitsstudie\/<\/a>\n<\/dd>\n<dt id=\"kzwlk3\" style=\"font-weight:normal;\">[3]\u00a0\u00a0Stadionumfrage des Fanprojektes aus dem Sommer 2020:<\/dt>\n<dd style=\"margin-left:2em;\"><a href=\"https:\/\/www.fanprojekt-muenster.de\/wordpress\/2020\/09\/08\/stadionumfrage-2020\/\" target=\"_blank\" rel=\"noopener noreferrer\">https:\/\/www.fanprojekt-muenster.de\/wordpress\/2020\/09\/08\/stadionumfrage-2020\/<\/a>\n<\/dd>\n<dt id=\"kzwlk4\" style=\"font-weight:normal;\">[4]\u00a0\u00a0Regelwerk f\u00fcr Stadien und Sicherheit der DFL:<\/dt>\n<dd style=\"margin-left:2em;\"><a href=\"https:\/\/media.dfl.de\/sites\/2\/2020\/04\/Anhang-VI-zur-LO-2020-04-01-Stand.pdf\" target=\"_blank\" rel=\"noopener noreferrer\">https:\/\/media.dfl.de\/sites\/2\/2020\/04\/Anhang-VI-zur-LO-2020-04-01-Stand.pdf<\/a><br>\n[a] Teil II, Abschnitt 5, Artikel 31<br>\n[b] Teil II, Abschnitt 6, Artikel 39\n<\/dd>\n<dt id=\"kzwlk5\" style=\"font-weight:normal;\">[5]\u00a0\u00a0M\u00fcnster \u2013 CO<sub>2<\/sub> neutral:<\/dt>\n<dd style=\"margin-left:2em;\"><a href=\"https:\/\/www.stadtwerke-muenster.de\/muenster-co2neutral\/\" target=\"_blank\" rel=\"noopener noreferrer\">https:\/\/www.stadtwerke-muenster.de\/muenster-co2neutral\/<\/a>\n<\/dd>\n<dt id=\"kzwlk06\" style=\"font-weight:normal;\">[06]\u00a0\u00a0Geb\u00e4udeleitlinien der Stadt M\u00fcnster:<\/dt>\n<dd style=\"margin-left:2.2em;\"><a href=\"https:\/\/www.stadt-muenster.de\/immobilien\/bauen\/gebaeudeleitlinien\" target=\"_blank\" rel=\"noopener noreferrer\">https:\/\/www.stadt-muenster.de\/immobilien\/bauen\/gebaeudeleitlinien<\/a>\n<\/dd>\n<\/dl>\n\n\n\n\n<h4 class=\"has-text-color h4top wp-block-heading\" style=\"color:#03a303\">Historie<\/h4>\n\n\n\n<p class=\"pjust\">\n<\/p><dl>\n<dt style=\"float:left; font-weight:normal; margin-right:0.5em;\">28.11.2020: <\/dt>\n<dd>Erstver\u00f6ffentlichung<\/dd>\n<dt style=\"float:left; font-weight:normal; margin-right:0.5em;\">04.02.2021: <\/dt>\n<dd>\u00fcberarbeitete Version (\u00c4nderungen kursiv hervorgehoben)\n&amp; Erg\u00e4nzung \u2018Nachhaltigkeit\u2018<\/dd>\n<\/dl>\n<div style=\"clear:both;\"><\/div>\n\n\n<\/div>\n\t\t<\/div>\n<\/div>\n\n\n<div class=\"wp-block-advgb-button aligncenter is-style-default\"><a class=\"wp-block-advgb-button_link advgbbtn-5a5d28d5-3602-47b9-8f35-3d20d8be0e77\" href=\"https:\/\/www.fanprojekt-muenster.de\/wordpress\/wp-content\/uploads\/2021\/02\/Ideenkonzept_AG-Preu\u00dfenstadion_2021-02-04.pdf\" target=\"_blank\" rel=\"noopener noreferrer\">Ideenkonzept als pdf-Datei herunterladen<\/a><\/div>\n\n\n\n<p>&nbsp;<\/p>\n\n\n\n<hr>\n\n\n\n<p>&nbsp;<\/p>\n\n\n\n<h3 class=\"has-text-color has-text-align-center wp-block-heading\" style=\"color:#03a303\">Erg\u00e4nzung \u02bdNachhaltigkeit\u2019<\/h3>\n\n\n<div class=\"wp-block-ub-content-toggle wp-block-ub-content-toggle-block\" id=\"ub-content-toggle-block-2cbfb422-13cd-4699-96d8-8f7e74c5f1a4\" data-mobilecollapse=\"false\" data-desktopcollapse=\"false\" data-preventcollapse=\"false\" data-showonlyone=\"false\">\n<div class=\"wp-block-ub-content-toggle-accordion h4a\" style=\"border-color: #fff; \" id=\"ub-content-toggle-panel-block-\">\n\t\t\t<div class=\"wp-block-ub-content-toggle-accordion-title-wrap\" style=\"background-color: #fff;\" aria-controls=\"ub-content-toggle-panel-0-2cbfb422-13cd-4699-96d8-8f7e74c5f1a4\" tabindex=\"0\">\n\t\t\t<h4 class=\"wp-block-ub-content-toggle-accordion-title ub-content-toggle-title-2cbfb422-13cd-4699-96d8-8f7e74c5f1a4\" style=\"color: #03a303; \">\u00a0\u00a0Fu\u00dfball-WM 2027 als Chance<\/h4>\n\t\t\t<div class=\"wp-block-ub-content-toggle-accordion-toggle-wrap right\" style=\"color: #000000;\"><span class=\"wp-block-ub-content-toggle-accordion-state-indicator wp-block-ub-chevron-down\"><\/span><\/div>\n\t\t<\/div>\n\t\t\t<div role=\"region\" aria-expanded=\"false\" class=\"wp-block-ub-content-toggle-accordion-content-wrap ub-hide\" id=\"ub-content-toggle-panel-0-2cbfb422-13cd-4699-96d8-8f7e74c5f1a4\">\n\n<p class=\"pjusttop2\">Ein umgebautes Stadion sollte Teil der Bewerbung des DFB f\u00fcr die gemeinsame Ausrichtung (Deutschland, Niederlande, Belgien) der Frauen-WM 2027 sein. Es w\u00fcrde die bestehenden Beziehungen des M\u00fcnsterlandes zu den Nachbarn Niederlande weiter st\u00e4rken und kombiniert mit einem Trainingsaufenthalt in Billerbeck oder Hiltrup die Region medial gut repr\u00e4sentieren.\n<br>Auch in Anbetracht einer m\u00f6glichen Bewerbung Nordrhein-Westfalens f\u00fcr Olympische und Paralympische Spiele im Jahr 2032 k\u00f6nnte ein renoviertes Stadion zu einem Olympiastandort werden.<\/p>\n\n<\/div>\n\t\t<\/div>\n\n<div class=\"wp-block-ub-content-toggle-accordion h4egnh\" style=\"border-color: #fff; \" id=\"ub-content-toggle-panel-block-\">\n\t\t\t<div class=\"wp-block-ub-content-toggle-accordion-title-wrap\" style=\"background-color: #fff;\" aria-controls=\"ub-content-toggle-panel-1-2cbfb422-13cd-4699-96d8-8f7e74c5f1a4\" tabindex=\"0\">\n\t\t\t<h4 class=\"wp-block-ub-content-toggle-accordion-title ub-content-toggle-title-2cbfb422-13cd-4699-96d8-8f7e74c5f1a4\" style=\"color: #03a303; \">\u00a0\u00a0Zertifikate<\/h4>\n\t\t\t<div class=\"wp-block-ub-content-toggle-accordion-toggle-wrap right\" style=\"color: #000000;\"><span class=\"wp-block-ub-content-toggle-accordion-state-indicator wp-block-ub-chevron-down\"><\/span><\/div>\n\t\t<\/div>\n\t\t\t<div role=\"region\" aria-expanded=\"false\" class=\"wp-block-ub-content-toggle-accordion-content-wrap ub-hide\" id=\"ub-content-toggle-panel-1-2cbfb422-13cd-4699-96d8-8f7e74c5f1a4\">\n\n<p class=\"pjusttop2\">Zertifikate wie das \u02bdGreen Globe\u2019, das von der Halle M\u00fcnsterland gef\u00fchrt wird, \u02bdDGNB\u2019, \u02bdLEED\u2019 oder \u02bdBREEAM\u2019 sind ein erstrebenswertes Ziel.\n<br>Ein Zertifikat kann planungsbegleitend als gemeinsame Grundlage und als Optimierungstool f\u00fcr alle am Stadionumbau beteiligten Stellen genutzt werden. Langfristige Qualit\u00e4t und Kosteneffizienz des Projekts werden somit gesichert und Investitionsrisiken minimiert. Ein Zertifikat ist der transparente Nachweis durch einen unabh\u00e4ngigen Dritten, dass bei dem Projekt auf ganzheitliche Weise Nachhaltigkeitsaspekte umfassend ber\u00fccksichtigt wurden (kann dann auch zu Zwecken der \u00d6ffentlichkeitsarbeit genutzt werden).\n<br>Das Stadion kann ein Motor f\u00fcr einen Investitionsschub in den Bereichen Nachhaltigkeit, Infrastruktur, vernetzte Mobilit\u00e4t und somit nat\u00fcrlich auch der Digitalisierung werden, von denen alle M\u00fcnsteranerInnen langfristig profitieren w\u00fcrden.<\/p>\n\n<\/div>\n\t\t<\/div>\n\n<div class=\"wp-block-ub-content-toggle-accordion h4egnh\" style=\"border-color: #fff; \" id=\"ub-content-toggle-panel-block-\">\n\t\t\t<div class=\"wp-block-ub-content-toggle-accordion-title-wrap\" style=\"background-color: #fff;\" aria-controls=\"ub-content-toggle-panel-2-2cbfb422-13cd-4699-96d8-8f7e74c5f1a4\" tabindex=\"0\">\n\t\t\t<h4 class=\"wp-block-ub-content-toggle-accordion-title ub-content-toggle-title-2cbfb422-13cd-4699-96d8-8f7e74c5f1a4\" style=\"color: #03a303; \">\u00a0\u00a0Innenleben Stadion<\/h4>\n\t\t\t<div class=\"wp-block-ub-content-toggle-accordion-toggle-wrap right\" style=\"color: #000000;\"><span class=\"wp-block-ub-content-toggle-accordion-state-indicator wp-block-ub-chevron-down\"><\/span><\/div>\n\t\t<\/div>\n\t\t\t<div role=\"region\" aria-expanded=\"false\" class=\"wp-block-ub-content-toggle-accordion-content-wrap ub-hide\" id=\"ub-content-toggle-panel-2-2cbfb422-13cd-4699-96d8-8f7e74c5f1a4\">\n\n<p class=\"pjusttop2\">Das Einsparen von Energie sollte h\u00f6chste Priorit\u00e4t haben. Baulich d\u00fcrfte es m\u00f6glich sein, auf Heizungen in den meisten Bereichen des Stadions zu verzichten. Heizstrahler in den Toiletten-Anlagen sollten ein Relikt der Vergangenheit sein, genau wie beheizte Sitze oder W\u00e4rmeinseln mittels Heizstrahlern. <br>Um die wichtige Ressource Wasser zu schonen, sollten Urinale wasserlos betrieben werden. Wenn dieses nicht sinnvoll sein sollte, sind automatische Sp\u00fclungen mit kontaktlosem Ausl\u00f6ser die zeitgem\u00e4\u00dfe und hygienische L\u00f6sung. Elektronische Armaturen beim H\u00e4ndewaschen senken den Durchfluss von Wasser um ca.\u00a050\u00a0%<sup><a href=\"#enwlk1\">[1]<\/a><\/sup>.\n<br>Die Beleuchtung im Stadion, vor allem f\u00fcr das Spielfeld und die VIP-R\u00e4ume, sollte auf LED umgestellt werden. Bei einem Einsparungspotential von bis zu 86\u00a0% hat sich die Anlage nach zwei bis drei Jahren amortisiert (F\u00f6rderm\u00f6glichkeit f\u00fcr die Beleuchtungssanierungen durch das Bundesministerium f\u00fcr Umwelt, Naturschutz und nukleare Sicherheit<sup><a href=\"#enwlk2\">[2]<\/a><\/sup>).\n<br>Auch der Einbau von Bewegungsmeldern kann dazu beitragen, den Stromverbrauch zu senken. Dieser sollte zudem zu hundert Prozent aus \u00d6kostrom sein. Effizienzsteigerungen sind in der K\u00fchlanlage (f\u00fcr Getr\u00e4nke, Speisen, etc.) m\u00f6glich, dazu auch in den Essenszubereitungen. Lebensmittel sollten von regionalen Anbietern, m\u00f6glichst aus Bio-Anbau, zumindest als Alternative, stammen. Die nicht verkauften Lebensmittel eines Spieltages sollten gemeinn\u00fctzigen Organisationen zukommen. Die M\u00fclltrennung im Stadion muss deutlich verbessert werden.\n<br>Ob auf Mehrwegbecher oder alternativ auf Becher aus kompostierbarem Material gesetzt wird, muss ggf. j\u00e4hrlich \u00fcberpr\u00fcft werden. Denn die jeweilige Verwendung sollte nach den besten \u00f6kologischen Kriterien erfolgen und Neuerungen immer ein aktuelles Thema sein. F\u00fcr den Getr\u00e4nkeverkauf hinter den Trib\u00fcnen sollte \u00fcberpr\u00fcft werden, ob hier nicht wieder Gl\u00e4ser verwendet werden k\u00f6nnen, die dann allerdings nicht mit auf die Pl\u00e4tze genommenwerden d\u00fcrfen. Hier greift dann das beschriebene alternative System.\n<br>F\u00fcr den Spieltag selbst sollte auf ausgedruckte Tagestickets verzichtet werden, auch Dauerkarten sollten nicht mehr (j\u00e4hrlich) \u00fcber neue Plastikkarten ausgegeben werden. Ebenso sollte die Anzahl an Flyern und Stadionzeitungen reduziert werden, denn so wird beschichtetes Papier eingespart. Alternativ k\u00f6nnten die Epaper ausgebaut werden, eine Nutzung \u00fcber QR-Codes w\u00e4re denkbar.<\/p>\n\n<\/div>\n\t\t<\/div>\n\n<div class=\"wp-block-ub-content-toggle-accordion h4egnh\" style=\"border-color: #fff; \" id=\"ub-content-toggle-panel-block-\">\n\t\t\t<div class=\"wp-block-ub-content-toggle-accordion-title-wrap\" style=\"background-color: #fff;\" aria-controls=\"ub-content-toggle-panel-3-2cbfb422-13cd-4699-96d8-8f7e74c5f1a4\" tabindex=\"0\">\n\t\t\t<h4 class=\"wp-block-ub-content-toggle-accordion-title ub-content-toggle-title-2cbfb422-13cd-4699-96d8-8f7e74c5f1a4\" style=\"color: #03a303; \">\u00a0\u00a0Energieabdruck<\/h4>\n\t\t\t<div class=\"wp-block-ub-content-toggle-accordion-toggle-wrap right\" style=\"color: #000000;\"><span class=\"wp-block-ub-content-toggle-accordion-state-indicator wp-block-ub-chevron-down\"><\/span><\/div>\n\t\t<\/div>\n\t\t\t<div role=\"region\" aria-expanded=\"false\" class=\"wp-block-ub-content-toggle-accordion-content-wrap ub-hide\" id=\"ub-content-toggle-panel-3-2cbfb422-13cd-4699-96d8-8f7e74c5f1a4\">\n\n<p class=\"pjusttop2\">Ein umgebautes Stadion sollte dazu genutzt werden, eine autarke Energieversorgung zu schaffen; \u00fcbersch\u00fcssig produzierte Energie sollte dem Stadtteil und der Halle Berg Fidel zur Verf\u00fcgung stehen (F\u00f6rderungsm\u00f6glichkeit \u00fcber den Investitionskredit Kommunale und Soziale Unternehmen<sup><a href=\"#enwlk3\">[3]<\/a><\/sup>).\n<br>Die Energie k\u00f6nnte auf verschiedene Wege gewonnen werden. Solarmodule auf dem Stadiondach, aber auch die Nutzung des Dachgeschosses des geplanten Parkhauses f\u00fcr Solaranlagen sollte einkalkuliert werden (f\u00f6rderbar durch die KfW<sup><a href=\"#enwlk4\">[4]<\/a><\/sup>).\n<br>Erg\u00e4nzend zu Solaranlagen k\u00f6nnten \u2018Vortex Bladeless\u2019 Windanlagen<sup><a href=\"#enwlk5\">[5]<\/a><\/sup> eingesetzt werden. Eine neue Form der Energiegewinnung: drei Meter hohe S\u00e4ulen, deren Vibrationen Energie erzeugen und Rotorbl\u00e4tter \u00fcberfl\u00fcssig machen. Sie k\u00f6nnten an den Trainingspl\u00e4tzen, Parkpl\u00e4tzen und oben auf den Parkdecks installiert werden. M\u00fcnster k\u00f6nnte so eine Vorreiterrolle einnehmen.\n<br>Geothermie ist eine Option, die ins Auge gefasst werden muss. Ist ein solches Projekt am Standort m\u00f6glich? Gef\u00f6rdert w\u00fcrde es \u00fcber die KfW<sup><a href=\"#enwlk06\">[06]<\/a><\/sup>.\n<br>Mit Einsatz einer Grundwasser-W\u00e4rmepumpe k\u00f6nnte die Energie wie im Stadion Augsburg f\u00fcr Heizungs- oder Warmwasser genutzt werden (F\u00f6rderung \u00fcber BAFA<sup><a href=\"#enwlk7\">[7]<\/a><\/sup>). F\u00fcr den laufenden Betrieb der Sanit\u00e4ranlagen gibt es auch F\u00f6rdermittel<sup><a href=\"#enwlk8\">[8]<\/a><\/sup>.\n<br>Heizungen sollten nur in Bereichen installiert werden, in denen sie unbedingt notwendig sind. Als Ausgleich f\u00fcr deren (ganzj\u00e4hrige) Nutzung w\u00e4re ein Umweltabgabe an z.B. den (geplanten) \u2018Deutschen Sport-Klimafonds\u2019, mit dem f\u00f6rderungsf\u00e4hige Umweltprojekte in der Region unterst\u00fctzt werden, denkbar.\n<br>Die Firma \u2018Pavegen\u2019 hat Bodenplatten entwickelt, die durch den Bewegungskontakt von Fu\u00dfg\u00e4ngern (oder in Rio de Janeiro durch Integration in ein Spielfeld) Energie erzeugen k\u00f6nnen<sup><a href=\"#enwlk9\">[9]<\/a><\/sup>. Gerade an den gut besuchten Pl\u00e4tzen k\u00f6nnte diese Methode im Stadion auf Effizienz getestet werden. Hier gilt es zu \u00fcberlegen, ob eine Finanzierung solcher Projekte neben den Stadtwerken auch durch B\u00fcrgergesellschaften stattfinden k\u00f6nnen.\n<br>Interessant d\u00fcrfte f\u00fcr alle Ma\u00dfnahmen das weitere Angebot der KfW<sup><a href=\"#enwlk10\">[10]<\/a><\/sup> oder auch das \u02bdPilotprogramm Einsparz\u00e4hler\u2019<sup><a href=\"#enwlk11\">[11]<\/a><\/sup> sein.<\/p>\n\n<\/div>\n\t\t<\/div>\n\n<div class=\"wp-block-ub-content-toggle-accordion h4egnh\" style=\"border-color: #fff; \" id=\"ub-content-toggle-panel-block-\">\n\t\t\t<div class=\"wp-block-ub-content-toggle-accordion-title-wrap\" style=\"background-color: #fff;\" aria-controls=\"ub-content-toggle-panel-4-2cbfb422-13cd-4699-96d8-8f7e74c5f1a4\" tabindex=\"0\">\n\t\t\t<h4 class=\"wp-block-ub-content-toggle-accordion-title ub-content-toggle-title-2cbfb422-13cd-4699-96d8-8f7e74c5f1a4\" style=\"color: #03a303; \">\u00a0\u00a0Wasserverbrauch<\/h4>\n\t\t\t<div class=\"wp-block-ub-content-toggle-accordion-toggle-wrap right\" style=\"color: #000000;\"><span class=\"wp-block-ub-content-toggle-accordion-state-indicator wp-block-ub-chevron-down\"><\/span><\/div>\n\t\t<\/div>\n\t\t\t<div role=\"region\" aria-expanded=\"false\" class=\"wp-block-ub-content-toggle-accordion-content-wrap ub-hide\" id=\"ub-content-toggle-panel-4-2cbfb422-13cd-4699-96d8-8f7e74c5f1a4\">\n\n<p class=\"pjusttop2\">Konzeptionell sollte auch Regenwasser aufgefangen werden, um damit die Rasenpl\u00e4tze bew\u00e4ssern zu k\u00f6nnen. Das Wasserwerk Vennheide wird stillgelegt, aber dennoch muss weiterhin Wasser abgepumpt werden, um den Grundwasserspiegel zu kontrollieren. Statt in den Kanal sollte das hochgepumpte Wasser zu den Preu\u00dfen geleitet werden, die k\u00f6nnten die Vorr\u00e4te nutzen, um die Trainingspl\u00e4tze zu w\u00e4ssern. Dar\u00fcber hinaus k\u00f6nnte das Wasser, wie auch das Regenwasser, als Nutzwasser im Stadion und der Halle Berg Fidel eingesetzt werden. Luft\/Wasser-W\u00e4rmepumpen, auch in der Kombination mit der Rasenheizung, w\u00e4ren als m\u00f6gliche Alternative zu pr\u00fcfen. Hiermit k\u00f6nnten auch die Kabinen und Gesch\u00e4ftsstelle erw\u00e4rmt werden, wenn es daf\u00fcr Optionen gibt.<\/p>\n\n<\/div>\n\t\t<\/div>\n\n<div class=\"wp-block-ub-content-toggle-accordion h4egnh\" style=\"border-color: #fff; \" id=\"ub-content-toggle-panel-block-\">\n\t\t\t<div class=\"wp-block-ub-content-toggle-accordion-title-wrap\" style=\"background-color: #fff;\" aria-controls=\"ub-content-toggle-panel-5-2cbfb422-13cd-4699-96d8-8f7e74c5f1a4\" tabindex=\"0\">\n\t\t\t<h4 class=\"wp-block-ub-content-toggle-accordion-title ub-content-toggle-title-2cbfb422-13cd-4699-96d8-8f7e74c5f1a4\" style=\"color: #03a303; \">\u00a0\u00a0Nachhaltiger Stadionbau<\/h4>\n\t\t\t<div class=\"wp-block-ub-content-toggle-accordion-toggle-wrap right\" style=\"color: #000000;\"><span class=\"wp-block-ub-content-toggle-accordion-state-indicator wp-block-ub-chevron-down\"><\/span><\/div>\n\t\t<\/div>\n\t\t\t<div role=\"region\" aria-expanded=\"false\" class=\"wp-block-ub-content-toggle-accordion-content-wrap ub-hide\" id=\"ub-content-toggle-panel-5-2cbfb422-13cd-4699-96d8-8f7e74c5f1a4\">\n\n<p class=\"pjusttop\">F\u00fcr den Bau des Stadions sollten regionale Unternehmen eingesetzt sowie auf Rohstoffe aus der Region zur\u00fcckgegriffen werden. Holz aus dem Sauerland z.B. sollte Importholz vorgezogen werden. Das Holz k\u00f6nnte unter anderem zur W\u00e4rmed\u00e4mmung, recycelter Stahl f\u00fcr den Bau der Haltekonstruktionen, recyceltes Plastik oder nachwachsende Rohstoffe (wie im Stadion von Amsterdam) f\u00fcr die Herstellung der Sitzschalen genutzt werden. Der Beton aus dem Abriss sollte recycelt und wiederverwendet werden. Die Wellenbrecher sollten bspw. \u00fcbernommen werden, damit keine neuen angeschafft werden m\u00fcssen. Ebenso muss \u00fcberpr\u00fcft werden, ob die neue Heimtrib\u00fcne nicht innerhalb der bestehenden Ostkurve erbaut werden kann und somit Kosten f\u00fcr Abriss und Tiefbau gespart werden k\u00f6nnen, weil die alte Kurve als St\u00fctze dienen k\u00f6nnte. Zudem h\u00e4tte diese Ma\u00dfnahme den Charme dass die alte Heimkurve als Erinnerung an das alte Stadion erhalten bleiben kann.\n<br>Bei der Fassadengestaltung ist darauf zu achten, dass Vogelschlag verhindert wird. Eckglasfassaden k\u00f6nnen z.B. mit d\u00fcnnen schwarzen und wei\u00dfen Linien beklebt werden, um den Vogelschlag zu reduzieren. Diese Technik wurde beim Bau des Mainzer Stadions verwendet und reduzierte den Vogelschlag um 99&amp;nbsp;%.\n<br>Eventuell k\u00f6nnte eine F\u00f6rderung \u00fcber die St\u00e4dtebauf\u00f6rderung des Landes NRW<sup><a href=\"#enwlk12\">[12]<\/a><\/sup> geschehen. Eine F\u00f6rderung \u00fcber das Programm \u2018moderne Sportst\u00e4tten 2022\u2019<sup><a href=\"#enwlk13\">[13]<\/a><\/sup> scheint m\u00f6glich.<\/p>\n\n<\/div>\n\t\t<\/div>\n\n<div class=\"wp-block-ub-content-toggle-accordion h4egnh\" style=\"border-color: #fff; \" id=\"ub-content-toggle-panel-block-\">\n\t\t\t<div class=\"wp-block-ub-content-toggle-accordion-title-wrap\" style=\"background-color: #fff;\" aria-controls=\"ub-content-toggle-panel-6-2cbfb422-13cd-4699-96d8-8f7e74c5f1a4\" tabindex=\"0\">\n\t\t\t<h4 class=\"wp-block-ub-content-toggle-accordion-title ub-content-toggle-title-2cbfb422-13cd-4699-96d8-8f7e74c5f1a4\" style=\"color: #03a303; \">\u00a0\u00a0Gr\u00fcner Daumen<\/h4>\n\t\t\t<div class=\"wp-block-ub-content-toggle-accordion-toggle-wrap right\" style=\"color: #000000;\"><span class=\"wp-block-ub-content-toggle-accordion-state-indicator wp-block-ub-chevron-down\"><\/span><\/div>\n\t\t<\/div>\n\t\t\t<div role=\"region\" aria-expanded=\"false\" class=\"wp-block-ub-content-toggle-accordion-content-wrap ub-hide\" id=\"ub-content-toggle-panel-6-2cbfb422-13cd-4699-96d8-8f7e74c5f1a4\">\n\n<p class=\"pjusttop2\">Wo die Installation von Solaranlagen nicht m\u00f6glich ist, sollten sowohl die D\u00e4cher des Stadions, des Parkdecks oder auch das Dach der Gesch\u00e4ftsstelle begr\u00fcnt werden. Gleichzeitig w\u00e4re es sinnvoll, eine Begr\u00fcnung der Fassaden ins Auge zu fassen. Auch ist die Schaffung einer Wildwiese im k\u00fcnftigen B\u00fcrgerpark \u00fcberlegenswert.\n<br>Dazu k\u00f6nnen Insektenv\u00f6lker (40.000 Bienen wurden am Berliner Olympiastadion angesiedelt) beheimatet werden. Das Ziel bleibt es, das Stadion m\u00f6glichst klimaneutral zu erbauen, wie es beim SC Freiburg derzeit umgesetzt wird.<\/p>\n\n<\/div>\n\t\t<\/div>\n\n<div class=\"wp-block-ub-content-toggle-accordion h4egnh\" style=\"border-color: #fff; \" id=\"ub-content-toggle-panel-block-\">\n\t\t\t<div class=\"wp-block-ub-content-toggle-accordion-title-wrap\" style=\"background-color: #fff;\" aria-controls=\"ub-content-toggle-panel-7-2cbfb422-13cd-4699-96d8-8f7e74c5f1a4\" tabindex=\"0\">\n\t\t\t<h4 class=\"wp-block-ub-content-toggle-accordion-title ub-content-toggle-title-2cbfb422-13cd-4699-96d8-8f7e74c5f1a4\" style=\"color: #03a303; \">\u00a0\u00a0Verkehr<\/h4>\n\t\t\t<div class=\"wp-block-ub-content-toggle-accordion-toggle-wrap right\" style=\"color: #000000;\"><span class=\"wp-block-ub-content-toggle-accordion-state-indicator wp-block-ub-chevron-down\"><\/span><\/div>\n\t\t<\/div>\n\t\t\t<div role=\"region\" aria-expanded=\"false\" class=\"wp-block-ub-content-toggle-accordion-content-wrap ub-hide\" id=\"ub-content-toggle-panel-7-2cbfb422-13cd-4699-96d8-8f7e74c5f1a4\">\n\n<p class=\"pjusttop2\">Ein wichtiger Punkt wird der Anschluss ans Verkehrsnetz sein: hier bieten sich viele M\u00f6glichkeiten, die Verkehrswende mit diesem Ankerpunkt umzusetzen. Zun\u00e4chst sollte nat\u00fcrlich der Bahnhaltepunkt errichtet werden. Ob im Geistviertel oder direkt am Preu\u00dfenstadion, ein solcher Haltepunkt w\u00fcrde die Verkehrsf\u00fchrung entlasten und neue M\u00f6glichkeiten schaffen. F\u00fcr das Geistviertel und auch Berg Fidel stellt ein solcher Bahnhaltepunkt eine Aufwertung dar. Statt eines zentralen gro\u00dfen, \u00fcberdimensionierten Parkhauses am Stadion w\u00e4re es sinnvoller, die Park and Ride-Struktur im Umfeld auszubauen. Mit Parkpaletten verbesserte P+R-Punkte (inklusive am zu schaffenden Bahnhaltepunkt) h\u00e4tten den Vorteil, dass sie zumindest teilweise als Quartier-Parkh\u00e4user genutzt werden k\u00f6nnten, um den Parkdruck aus den Wohnvierteln zu nehmen. Vielleicht lie\u00dfe sich auch an der Siemensstra\u00dfe etwas gestalten, so dass f\u00fcr den Einzelhandel dort die Parksituation entspannt werden k\u00f6nnte. Ein einzelnes Parkhaus am Stadion w\u00fcrde die Anreise f\u00fcr Besucher von au\u00dferhalb zum Fu\u00dfball und Veranstaltungen in der Halle Berg Fidel erleichtern, aber der Effekt auf M\u00fcnster w\u00e4re gering und der Verkehr auf der Hammer Stra\u00dfe w\u00fcrde eher weiter verdichtet werden.\n<br>Parkfl\u00e4chen sollen E-Autos priorisieren und diesen Fahrzeugen attraktive Parkzonen vorbehalten. Dazu w\u00e4ren Lades\u00e4ulen f\u00fcr E-Autos ein erheblicher Zugewinn. Diese k\u00f6nnen w\u00e4hrend der Spiele von den ZuschauerInnen genutzt werden, aber auch unter der Woche von den B\u00fcrgerinnen und B\u00fcrgern. F\u00f6rderbar w\u00e4ren diese unter der F\u00f6rderrichtlinie Elektromobilit\u00e4t vor Ort<sup><a href=\"#enwlk14\">[14]<\/a><\/sup>. Parkfl\u00e4chen sollten nach M\u00f6glichkeit nicht versiegelt werden.\n<br>F\u00fcr Besucher der Anlagen aus dem Stadtgebiet und den angrenzenden Gemeinden gilt, dass die alternative Anreise via Pedes, Bus und Leeze attraktiver werden sollte. Die Rad- und Fu\u00dfwege sind breit(er) zu gestalten, Falschparken auf diesen muss konsequent unterbunden werden. Im Zuge der Verkehrsf\u00fchrung muss nat\u00fcrlich auch gepr\u00fcft werden, ob die Verkehrserschlie\u00dfung nicht ausgebaut werden k\u00f6nnte. Das Nadel\u00f6hr der Kreuzung Am Berg Fidel\u00a0&#8211;\u00a0Hammer Stra\u00dfe muss entlastet werden bspw. durch eine alternative Wegef\u00fchrung f\u00fcr Fu\u00dfg\u00e4nger und Radfahrer.\n<br>Rund um das Stadion sollte auch ein Leezenparkhaus (mit Platz f\u00fcr Lastenr\u00e4der, Lieger\u00e4der, Kinderanh\u00e4nger, Ladestationen f\u00fcr E-Bikes, nat\u00fcrlich \u00fcberdacht und mit abschlie\u00dfbaren Boxen, welche z.B. an Spieltagen von Dauerkarten-InhaberInnen nutzbar sind) entstehen, hier k\u00f6nnte ein flie\u00dfender \u00dcbergang zwischen Bus\/Auto und anschlie\u00dfender Weiterfahrt mit der Leeze oder dem Bus f\u00fcr AutofahrerInnen auch unter der Woche geschaffen werden. Leihleezen-Systeme sollen erm\u00f6glichen, dass BesucherInnen mit dem \u00d6PNV zum Stadion fahren und nach dem Spiel spontan mit dem Fahrrad, auch unter der Woche entleihbar, in die Stadt fahren k\u00f6nnen. Oder zu anderen Veranstaltungsorten in M\u00fcnster. Eine denkbare alternative Mischung von Verkehrsmitteln sollte angedacht sein. Mit dem Fahrrad zum Spiel, aber nach Hause mit dem \u00d6PNV, da beispielsweise das Wetter nicht mitspielt: ein kombiniertes Konzept aus Bus und Fahrrad. Eine M\u00f6glichkeit w\u00e4re es f\u00fcr die Stadtwerke einen Bus anzuschaffen, der Leezen mitnimmt (und nicht f\u00fcr den \u201enormalen\u201c Fahrgast gedacht ist). Dieser w\u00fcrde nur zentrale Punkte anfahren und dann die G\u00e4ste mit den Leezen ein- und aussteigen lassen. Ein solcher Halt w\u00e4re dann an Spieltagen das Preu\u00dfenstadion. Unter der Woche lie\u00dfe sich so ein Bus buchbar oder als regelm\u00e4\u00dfiger Mitnehmer zu zentralen Ausflugsorten etablieren.\n<br>Eine schienenlose S-Bahn w\u00fcrde den Verkehr in Richtung Stadion deutlich entlasten. So eine Bahn k\u00f6nnte an wichtigen Ausfallstra\u00dfen (Hammer Stra\u00dfe, Weseler\u00a0Str.\/Steinfurter\u00a0Str., Grevener\u00a0Str., Wolbecker und Warendorfer\u00a0Str.) gerade auch in Verbindung mit P+R-Systemen einen deutlichen Mobilit\u00e4tsgewinn f\u00fcr M\u00fcnster bedeuten. Und auch hier w\u00e4re eine Testung \u00fcber das Stadion ein wichtiger Indikator, ob ein solches System die vielen Autofahrer umsteigen lassen w\u00fcrde.\n<br>Fans aus dezentralen, mit dem \u00d6PNV unterversorgten Regionen in der Stadt k\u00f6nnten \u00fcber eine Erweiterung von \u2018LOOP\u2019<sup><a href=\"#enwlk15\">[15]<\/a><\/sup> mit Kleinbussen abgeholt und zum Stadion gebrachtwerden. Gerade f\u00fcr in der Mobilit\u00e4t eingeschr\u00e4nkte Personen w\u00e4re das ein Zugewinn (F\u00f6rderung von nachhaltigen Mobilit\u00e4tskonzepten<sup><a href=\"#enwlk16\">[16]<\/a><\/sup>).\n<br>Insgesamt muss die Anreise via \u00d6PNV aufgewertet werden. Das Gef\u00fchl, ewig unterwegs zu sein, lange Wartezeiten zu haben und dann in \u00fcberf\u00fcllten Bussen Platz zu nehmen, muss zur\u00fcckgeschraubt werden. Mehr Sonderfahrten, aber auch das umst\u00e4ndliche Umsteigen am Hauptbahnhof, wenn man nicht gerade mit der Linie 1, 5 oder 9 anreist, muss an Spieltagen beendet werden. Hier k\u00f6nnten neben einer schienenlosen S-Bahn Busse Abhilfe schaffen, die von zentralen Punkten aus den Stadtteilen das Stadion mit sehr wenigen Haltepunkten anfahren. Denkbar w\u00e4re eine Route vom Hamannplatz mit Halt am Hohenzollernring, Hansaring und dann direkt am Stadion. Eine solche Verbindung k\u00f6nnte eine wichtige Alternative zum Auto sein. Schnellere Verbindungen in guter Taktung sind wichtig, andernfalls wird das Auto immer das beliebte Verkehrsmittel bleiben. Von einem verbesserten Verkehrskonzept profitieren auch die NutzerInnen der Halle Berg Fidel, die WWU Baskets und der USC M\u00fcnster, auch die Stadtmeisterschaften w\u00fcrden weniger Verkehrsprobleme bekommen.<\/p>\n\n<\/div>\n\t\t<\/div>\n\n<div class=\"wp-block-ub-content-toggle-accordion h4egnh\" style=\"border-color: #fff; \" id=\"ub-content-toggle-panel-block-\">\n\t\t\t<div class=\"wp-block-ub-content-toggle-accordion-title-wrap\" style=\"background-color: #fff;\" aria-controls=\"ub-content-toggle-panel-8-2cbfb422-13cd-4699-96d8-8f7e74c5f1a4\" tabindex=\"0\">\n\t\t\t<h4 class=\"wp-block-ub-content-toggle-accordion-title ub-content-toggle-title-2cbfb422-13cd-4699-96d8-8f7e74c5f1a4\" style=\"color: #03a303; \">\u00a0\u00a0Mehrfachnutzung<\/h4>\n\t\t\t<div class=\"wp-block-ub-content-toggle-accordion-toggle-wrap right\" style=\"color: #000000;\"><span class=\"wp-block-ub-content-toggle-accordion-state-indicator wp-block-ub-chevron-down\"><\/span><\/div>\n\t\t<\/div>\n\t\t\t<div role=\"region\" aria-expanded=\"false\" class=\"wp-block-ub-content-toggle-accordion-content-wrap ub-hide\" id=\"ub-content-toggle-panel-8-2cbfb422-13cd-4699-96d8-8f7e74c5f1a4\">\n\n<p class=\"pjusttop2\">Zur Nachhaltigkeit geh\u00f6rt f\u00fcr uns auch die Mehrfachnutzung der Anlage. Sie sollte nicht dem Fu\u00dfball vorbehalten bleiben. Die Stadtverwaltung machte den Vorschlag, eine Kita im Stadion zu integrieren (F\u00f6rderm\u00f6glichkeit<sup><a href=\"#enwlk17\">[17]<\/a><\/sup>)\u00a0&#8211;\u00a0ein sehr guter Vorschlag. Doch warum dabei stehen bleiben? Der FANport veranstaltet den \u201cLernort Stadion\u201d, dar\u00fcber hinaus gibt es zahlreiche Optionen, das Stadion und dessen R\u00e4umlichkeiten noch besser auszulasten. Die Primus-Schule, bereits zweigeteilt, k\u00f6nnte die R\u00e4umlichkeiten nutzen und Unterricht oder Feierlichkeiten im Stadion stattfinden lassen. Die Fl\u00e4chen rund um das Stadion k\u00f6nnten weiterhin dem Flohmarkt zur Verf\u00fcgung stehen, aber auch ein Wochenmarkt f\u00fcr Berg Fidel w\u00e4re denkbar, aber auch ein j\u00e4hrliches Stadtteilfest an dieser Stelle.\n<br>Die VIP-R\u00e4ume sollten so gestaltet sein, dass dort eine B\u00fchne untergebracht werden kann. So k\u00f6nnten die R\u00e4umlichkeiten f\u00fcr Konzerte genutzt werden; Vortr\u00e4ge und andere Veranstaltungen wie Seminare k\u00f6nnten \u00fcber die vorhandene Infrastruktur abgedeckt werden. Im Stadion selbst k\u00f6nnte die WWU die Erstsemesterbegr\u00fc\u00dfung durchf\u00fchren.\n<br>Zentralisiert werden k\u00f6nnten an dem Standort die Gesch\u00e4ftsstellen von Preu\u00dfen, WWU Baskets und des USC. Sie k\u00f6nnten sich Besprechungsr\u00e4ume teilen, die Postwege kombinieren und sich eventuell personell kurzfristig unterst\u00fctzen, wenn Bedarf da ist. Das Sportamt k\u00f6nnte an den neuen Standort umziehen, das w\u00fcrde Platz f\u00fcr die Verwaltung schaffen und den Standort st\u00e4rken. Gleichzeitig w\u00fcrde es perfekt die Schnittstelle zwischen Profisport und Freizeitsport ausf\u00fcllen, denn neben den Preu\u00dfen, USC und WWU Baskets sind in diesem Bereich auch noch der ESV oder die Rovers Bogensch\u00fctzen beheimatet. Aber auch ein Stadtteilb\u00fcro in der neuen Immobilie ist denkbar. Neu geschaffene R\u00e4umlichkeiten im VIP-Bereich, in den Ecken (Kita) oder gar in einer neuen Verwaltung w\u00e4re Raum, der dem Stadtteil Berg Fidel zu Gute kommen k\u00f6nnte. Das Stadion k\u00f6nnte eine Begegnungsst\u00e4tte f\u00fcr alle auch au\u00dferhalb der Spieltage werden.\n<br>Das neu gestaltete Sportzentrum k\u00f6nnte mit einer Beteiligung an den Skulptur-Projekten in 2027 aufgewertet werden.<\/p>\n\n<\/div>\n\t\t<\/div>\n\n<div class=\"wp-block-ub-content-toggle-accordion h4egnh\" style=\"border-color: #fff; \" id=\"ub-content-toggle-panel-block-\">\n\t\t\t<div class=\"wp-block-ub-content-toggle-accordion-title-wrap\" style=\"background-color: #fff;\" aria-controls=\"ub-content-toggle-panel-9-2cbfb422-13cd-4699-96d8-8f7e74c5f1a4\" tabindex=\"0\">\n\t\t\t<h4 class=\"wp-block-ub-content-toggle-accordion-title ub-content-toggle-title-2cbfb422-13cd-4699-96d8-8f7e74c5f1a4\" style=\"color: #03a303; \">\u00a0\u00a0Der Verein Preu\u00dfen M\u00fcnster<\/h4>\n\t\t\t<div class=\"wp-block-ub-content-toggle-accordion-toggle-wrap right\" style=\"color: #000000;\"><span class=\"wp-block-ub-content-toggle-accordion-state-indicator wp-block-ub-chevron-down\"><\/span><\/div>\n\t\t<\/div>\n\t\t\t<div role=\"region\" aria-expanded=\"false\" class=\"wp-block-ub-content-toggle-accordion-content-wrap ub-hide\" id=\"ub-content-toggle-panel-9-2cbfb422-13cd-4699-96d8-8f7e74c5f1a4\">\n\n<p class=\"pjusttop2\">Als Ankermieter der neuen Einrichtungen bekennt sich der SCP auch \u00fcber das in der Entwicklung stehende Leitbild zu seiner Verantwortung f\u00fcr den Stadtteil, die Stadt und die Region. Dazu z\u00e4hlt ein Beitritt zu \u02bdSports for Future\u2019<sup><a href=\"#enwlk18\">[18]<\/a><\/sup>, \u00d6ffnung der F\u00fchrung und des Bereichs Fu\u00dfball f\u00fcr M\u00e4dchen\/Frauen, aber auch Teilnahme an \u00f6ffentlichen Aktionen wie \u201eSauberes M\u00fcnster\u201c, um der Vorbildfunktion nachzukommen.\n<br>Der eigene Fuhrpark sollte nach M\u00f6glichkeit auf E-Mobilit\u00e4t umgestellt werden. Der Energie- oder Wasserverbrauch der Verwaltung sollte reduziert werden. Merchandise-Artikel sollen nach M\u00f6glichkeit mit Umweltsiegeln ausgestattet sein, zudem sollten aktiv Nachhaltigkeitsprogramme gef\u00f6rdert werden.\n<br>Neben einer Digitalisierung der Tickets sollte zudem geschaut werden, ob die Mitgliedskarte nicht auch digitalisiert werden kann.\n<br>Zus\u00e4tzlich k\u00f6nnte der eingetragene Verein (e.\u00a0V.) zur Erschlie\u00dfung weiterer Trainingspl\u00e4tze mit einem Darlehen durch &#8218;NRW.BANK.Sportst\u00e4tten&#8216;<sup><a href=\"#enwlk19\">[19]<\/a><\/sup> die Investitionen entlasten. Der e.\u00a0V. w\u00fcrde das Sportgel\u00e4nde den Teams au\u00dferhalb der Strukturen der KGaA zur Verf\u00fc-gung stellen oder an die KGaA verpachten.<\/p>\n\n<\/div>\n\t\t<\/div>\n\n<div class=\"wp-block-ub-content-toggle-accordion h4egnh\" style=\"border-color: #fff; \" id=\"ub-content-toggle-panel-block-\">\n\t\t\t<div class=\"wp-block-ub-content-toggle-accordion-title-wrap\" style=\"background-color: #fff;\" aria-controls=\"ub-content-toggle-panel-10-2cbfb422-13cd-4699-96d8-8f7e74c5f1a4\" tabindex=\"0\">\n\t\t\t<h4 class=\"wp-block-ub-content-toggle-accordion-title ub-content-toggle-title-2cbfb422-13cd-4699-96d8-8f7e74c5f1a4\" style=\"color: #03a303; \">\u00a0\u00a0weiterf\u00fchrende Links<\/h4>\n\t\t\t<div class=\"wp-block-ub-content-toggle-accordion-toggle-wrap right\" style=\"color: #000000;\"><span class=\"wp-block-ub-content-toggle-accordion-state-indicator wp-block-ub-chevron-down\"><\/span><\/div>\n\t\t<\/div>\n\t\t\t<div role=\"region\" aria-expanded=\"false\" class=\"wp-block-ub-content-toggle-accordion-content-wrap ub-hide\" id=\"ub-content-toggle-panel-10-2cbfb422-13cd-4699-96d8-8f7e74c5f1a4\">\n\n<p class=\"pjusttop2\">\n<\/p><dl>\n<dt id=\"enwlk1\" style=\"font-weight:normal; margin-top:-4rem;\">[1]\u00a0\u00a0Special NACHHALTIGKEIT von stadionwelt.de:<\/dt>\n<dd style=\"margin-left:2em;\"><a href=\"https:\/\/www.stadionwelt.de\/ebooks\/nachhaltigkeit\/18\/\" target=\"_blank\" rel=\"noopener noreferrer\">https:\/\/www.stadionwelt.de\/ebooks\/nachhaltigkeit\/18\/<\/a>\n<\/dd>\n<dt id=\"enwlk2\" style=\"font-weight:normal;\">[2]\u00a0\u00a0F\u00f6rderm\u00f6glichkeiten f\u00fcr Beleuchtungssanierungen \u2013 BMU:<\/dt>\n<dd style=\"margin-left:2em;\"><a href=\"https:\/\/foerdernavi.energieagentur.nrw\/detail.asp?antragsteller=-3%3B&amp;fgid=1&amp;senden=Ergebnisliste&amp;fid=211\" target=\"_blank\" rel=\"noopener noreferrer\">https:\/\/foerdernavi.energieagentur.nrw\/detail.asp?antragsteller=-3%3B&amp;fgid=1&amp;senden=Ergebnisliste&amp;fid=211<\/a>\n<\/dd>\n<dt id=\"enwlk3\" style=\"font-weight:normal;\">[3]\u00a0\u00a0Investitionskredit Kommunale und Soziale Unternehmen \u2013 KfW:<\/dt>\n<dd style=\"margin-left:2em;\"><a href=\"https:\/\/www.kfw.de\/inlandsfoerderung\/%C3%96ffentliche-Einrichtungen\/Kommunale-Unternehmen\/Kommunale-Geb%C3%A4ude\/Energieeffizient-Sanieren-kommunale-Unternehmen-(220-219)\/\" target=\"_blank\" rel=\"noopener noreferrer\">https:\/\/www.kfw.de\/inlandsfoerderung\/%C3%96ffentliche-Einrichtungen\/Kommunale-Unternehmen\/Kommunale-Geb%C3%A4ude\/Energieeffizient-Sanieren-kommunale-Unternehmen-(220-219)\/<\/a>\n<\/dd>\n<dt id=\"enwlk4\" style=\"font-weight:normal;\">[4]\u00a0\u00a0Erneuerbare Energien \u2013 KfW:<\/dt>\n<dd style=\"margin-left:2em;\"><a href=\"https:\/\/www.kfw.de\/inlandsfoerderung\/Unternehmen\/Energie-Umwelt\/F%C3%B6rderprodukte\/Erneuerbare-Energien-Standard-(270)\/\" target=\"_blank\" rel=\"noopener noreferrer\">https:\/\/www.kfw.de\/inlandsfoerderung\/Unternehmen\/Energie-Umwelt\/F%C3%B6rderprodukte\/Erneuerbare-Energien-Standard-(270)\/<\/a>\n<\/dd>\n<dt id=\"enwlk5\" style=\"font-weight:normal;\">[5]\u00a0\u00a0Vortex Bladeless Turbine &#8211; Reinventing wind energy:<\/dt>\n<dd style=\"margin-left:2em;\"><a href=\"https:\/\/vortexbladeless.com\/\" target=\"_blank\" rel=\"noopener noreferrer\">https:\/\/vortexbladeless.com\/<\/a>\n<\/dd>\n<dt id=\"enwlk06\" style=\"font-weight:normal;\">[06]\u00a0\u00a0Erneuerbare Energien: Tiefengeothermie &#8211; gef\u00f6rdert von KfW und BMWi:<\/dt>\n<dd style=\"margin-left:2em;\"><a href=\"https:\/\/www.kfw.de\/inlandsfoerderung\/Unternehmen\/Energie-Umwelt\/F%C3%B6rderprodukte\/Erneuerbare-Energien-Tiefengeothermie-(272-282)\/\" target=\"_blank\" rel=\"noopener noreferrer\">https:\/\/www.kfw.de\/inlandsfoerderung\/Unternehmen\/Energie-Umwelt\/F%C3%B6rderprodukte\/Erneuerbare-Energien-Tiefengeothermie-(272-282)\/<\/a>\n<\/dd>\n<dt id=\"enwlk7\" style=\"font-weight:normal;\">[7]\u00a0\u00a0Bundesf\u00f6rderung f\u00fcr effiziente Geb\u00e4ude (BEG):<\/dt>\n<dd style=\"margin-left:2em;\"><a href=\"https:\/\/foerdernavi.energieagentur.nrw\/detail.asp?antragsteller=-3%3B&amp;fgid=11&amp;senden=Ergebnisliste&amp;fid=127\" target=\"_blank\" rel=\"noopener noreferrer\">https:\/\/foerdernavi.energieagentur.nrw\/detail.asp?antragsteller=-3%3B&amp;fgid=11&amp;senden=Ergebnisliste&amp;fid=127<\/a>\n<\/dd>\n<dt id=\"enwlk8\" style=\"font-weight:normal;\">[8]\u00a0\u00a0Dezentrale Einheiten zur W\u00e4rmer\u00fcckgewinnung in Geb\u00e4uden &#8211; BAFA:<\/dt>\n<dd style=\"margin-left:2em;\"><a href=\"https:\/\/foerdernavi.energieagentur.nrw\/detail.asp?antragsteller=-3%3B&amp;fgid=14&amp;senden=Ergebnisliste&amp;fid=189\" target=\"_blank\" rel=\"noopener noreferrer\">https:\/\/foerdernavi.energieagentur.nrw\/detail.asp?antragsteller=-3%3B&amp;fgid=14&amp;senden=Ergebnisliste&amp;fid=189<\/a>\n<\/dd>\n<dt id=\"enwlk9\" style=\"font-weight:normal;\">[9]\u00a0\u00a0Pavegen &#8211; Global leader in harvesting energy and data from footfall:<\/dt>\n<dd style=\"margin-left:2em;\"><a href=\"https:\/\/pavegen.com\/\" target=\"_blank\" rel=\"noopener noreferrer\">https:\/\/pavegen.com\/<\/a>\n<\/dd>\n<dt id=\"enwlk10\" style=\"font-weight:normal;\">[10]\u00a0\u00a0Die neue Bundesf\u00f6rderung f\u00fcr effiziente Geb\u00e4ude \u2013 KfW:<\/dt>\n<dd style=\"margin-left:2em;\"><a href=\"https:\/\/www.kfw.de\/inlandsfoerderung\/Bundesf%C3%B6rderung-f%C3%BCr-effiziente-Geb%C3%A4ude\/\" target=\"_blank\" rel=\"noopener noreferrer\">https:\/\/www.kfw.de\/inlandsfoerderung\/Bundesf%C3%B6rderung-f%C3%BCr-effiziente-Geb%C3%A4ude\/<\/a>\n<\/dd>\n<dt id=\"enwlk11\" style=\"font-weight:normal;\">[11]\u00a0\u00a0F\u00f6rderbekanntmachung \u201ePilotprogramm Einsparz\u00e4hler\u201c \u2013 BAFA:<\/dt>\n<dd style=\"margin-left:2em;\"><a href=\"https:\/\/www.bafa.de\/DE\/Energie\/Energieeffizienz\/Einsparzaehler\/einsparzaehler_node.html\" target=\"_blank\" rel=\"noopener noreferrer\">https:\/\/www.bafa.de\/DE\/Energie\/Energieeffizienz\/Einsparzaehler\/einsparzaehler_node.html<\/a>\n<\/dd>\n<dt id=\"enwlk12\" style=\"font-weight:normal;\">[12]\u00a0\u00a0St\u00e4dtebauf\u00f6rderung: Sanierung stadtbildpr\u00e4gender Geb\u00e4ude &#8211; Land NRW:<\/dt>\n<dd style=\"margin-left:2em;\"><a href=\"https:\/\/foerdernavi.energieagentur.nrw\/detail.asp?antragsteller=-3%3B&amp;fgid=19&amp;senden=Ergebnisliste&amp;fid=68\" target=\"_blank\" rel=\"noopener noreferrer\">https:\/\/foerdernavi.energieagentur.nrw\/detail.asp?antragsteller=-3%3B&amp;fgid=19&amp;senden=Ergebnisliste&amp;fid=68<\/a>\n<\/dd>\n<dt id=\"enwlk13\" style=\"font-weight:normal;\">[13]\u00a0\u00a0Moderne Sportst\u00e4tte 2022: 300 Millionen Euro f\u00fcr NRW-Sportvereine \u2013 NRW.Bank:<\/dt>\n<dd style=\"margin-left:2em;\"><a href=\"https:\/\/www.nrwbank.de\/de\/themen\/infrastruktur\/moderne_sportstaette_2022.html\" target=\"_blank\" rel=\"noopener noreferrer\">https:\/\/www.nrwbank.de\/de\/themen\/infrastruktur\/moderne_sportstaette_2022.html<\/a>\n<\/dd>\n<dt id=\"enwlk14\" style=\"font-weight:normal;\">[14]\u00a0\u00a0F\u00f6rderrichtlinie Elektromobilit\u00e4t vor Ort \u2013 BMVI:<\/dt>\n<dd style=\"margin-left:2em;\"><a href=\"https:\/\/foerdernavi.energieagentur.nrw\/detail.asp?antragsteller=-3%3B&amp;fgid=29&amp;senden=Ergebnisliste&amp;fid=182\" target=\"_blank\" rel=\"noopener noreferrer\">https:\/\/foerdernavi.energieagentur.nrw\/detail.asp?antragsteller=-3%3B&amp;fgid=29&amp;senden=Ergebnisliste&amp;fid=182<\/a>\n<\/dd>\n<dt id=\"enwlk15\" style=\"font-weight:normal;\">[15]\u00a0\u00a0LOOP m\u00fcnster \u2013 Nahverkehr auf Bestellung:<\/dt>\n<dd style=\"margin-left:2em;\"><a href=\"https:\/\/www.stadtwerke-muenster.de\/loop-muenster\/\" target=\"_blank\" rel=\"noopener noreferrer\">https:\/\/www.stadtwerke-muenster.de\/loop-muenster\/<\/a>\n<\/dd>\n<dt id=\"enwlk16\" style=\"font-weight:normal;\">[16]\u00a0\u00a0Kommunale und soziale Infrastruktur: F\u00f6rderung von nachhaltigen Mobilit\u00e4tskonzepten \u2013 KfW:<\/dt>\n<dd style=\"margin-left:2em;\"><a href=\"https:\/\/foerdernavi.energieagentur.nrw\/detail.asp?antragsteller=-3%3B&amp;fgid=29&amp;senden=Ergebnisliste&amp;fid=244\" target=\"_blank\" rel=\"noopener noreferrer\">https:\/\/foerdernavi.energieagentur.nrw\/detail.asp?antragsteller=-3%3B&amp;fgid=29&amp;senden=Ergebnisliste&amp;fid=244<\/a>\n<\/dd>\n<dt id=\"enwlk17\" style=\"font-weight:normal;\">[17]\u00a0\u00a0IKU: Investitionskredit Kommunale und Soziale Unternehmen \u2013 KfW:<\/dt>\n<dd style=\"margin-left:2em;\"><a href=\"https:\/\/www.kfw.de\/inlandsfoerderung\/%C3%96ffentliche-Einrichtungen\/Kommunale-Unternehmen\/Infrastruktur\/\" target=\"_blank\" rel=\"noopener noreferrer\">https:\/\/www.kfw.de\/inlandsfoerderung\/%C3%96ffentliche-Einrichtungen\/Kommunale-Unternehmen\/Infrastruktur\/<\/a>\n<\/dd>\n<dt id=\"enwlk18\" style=\"font-weight:normal;\">[18]\u00a0\u00a0Sports For Future:<\/dt>\n<dd style=\"margin-left:2em;\"><a href=\"https:\/\/sportsforfuture.de\/\" target=\"_blank\" rel=\"noopener noreferrer\">https:\/\/sportsforfuture.de\/<\/a>\n<\/dd>\n<dt id=\"enwlk19\" style=\"font-weight:normal;\">[19]\u00a0\u00a0Sportst\u00e4tten-F\u00f6rderung \u2013 NRW.BANK:<\/dt>\n<dd style=\"margin-left:2em;\"><a href=\"https:\/\/www.nrwbank.de\/de\/foerderlotse-produkte\/NRWBANKSportstaetten\/15221\/nrwbankproduktdetail.html?cmsSearch=true\" target=\"_blank\" rel=\"noopener noreferrer\">https:\/\/www.nrwbank.de\/de\/foerderlotse-produkte\/NRWBANKSportstaetten\/15221\/nrwbankproduktdetail.html?cmsSearch=true<\/a>\n<\/dd>\n<\/dl>\n\n\n<\/div>\n\t\t<\/div>\n<\/div>\n\n\n<div class=\"wp-block-advgb-button aligncenter is-style-default\"><a class=\"wp-block-advgb-button_link advgbbtn-5a5d28d5-3602-47b9-8f35-3d20d8be0e77\" href=\"https:\/\/www.fanprojekt-muenster.de\/wordpress\/wp-content\/uploads\/2021\/02\/Ergaenzung-Nachhaltigkeit_AG-Preu\u00dfenstadion_2021-02-04.pdf\" target=\"_blank\" rel=\"noopener noreferrer\">Erg\u00e4nzung &#8218;Nachhaltigkeit&#8216; als pdf-Datei herunterladen<\/a><\/div>\n<style class=\"advgb-styles-renderer\">.advgbbtn-5a5d28d5-3602-47b9-8f35-3d20d8be0e77{font-size:13px;color:#fff !important;background-color:#333 !important;margin:0px 0px 0px 0px !important;padding:5px 15px 5px 15px;border-width:1px !important;border-style:none;border-radius:50px !important;}.advgbbtn-5a5d28d5-3602-47b9-8f35-3d20d8be0e77:hover{color:#333 !important;background-color:#bfe8bf !important;box-shadow:1px 1px 12px 0px #999;opacity:1;transition:all 0.2s ease;}.advgbbtn-5a5d28d5-3602-47b9-8f35-3d20d8be0e77 > i {display: none !important;}.advgbbtn-5a5d28d5-3602-47b9-8f35-3d20d8be0e77{font-size:13px;color:#fff !important;background-color:#333 !important;margin:0px 0px 0px 0px !important;padding:5px 15px 5px 15px;border-width:1px !important;border-style:none;border-radius:50px !important;}.advgbbtn-5a5d28d5-3602-47b9-8f35-3d20d8be0e77:hover{color:#333 !important;background-color:#bfe8bf !important;box-shadow:1px 1px 12px 0px #999;opacity:1;transition:all 0.2s ease;}.advgbbtn-5a5d28d5-3602-47b9-8f35-3d20d8be0e77 > i {display: none !important;}<\/style>","protected":false},"excerpt":{"rendered":"<p>Ideenkonzept AG Preu\u00dfenstadion (Stand: 04.02.2021) &nbsp; &nbsp; Erg\u00e4nzung \u02bdNachhaltigkeit\u2019<\/p>\n","protected":false},"author":7,"featured_media":0,"parent":0,"menu_order":0,"comment_status":"closed","ping_status":"closed","template":"page-templates\/template-no-sidebar-content-width.php","meta":{"advgb_blocks_editor_width":"default","advgb_blocks_columns_visual_guide":"","footnotes":""},"class_list":["post-7307","page","type-page","status-publish","hentry"],"featured_image_src":null,"yoast_head":"<!-- This site is optimized with the Yoast SEO plugin v27.2 - https:\/\/yoast.com\/product\/yoast-seo-wordpress\/ -->\n<title>Ideenkonzept AG Preu\u00dfenstadion - Fangemeinschaft Preu\u00dfen M\u00fcnster e. V.<\/title>\n<meta name=\"robots\" content=\"index, follow, max-snippet:-1, max-image-preview:large, max-video-preview:-1\" \/>\n<link rel=\"canonical\" href=\"https:\/\/www.fanprojekt-muenster.de\/wordpress\/ideenkonzept-ag-preussenstadion\/\" \/>\n<meta property=\"og:locale\" content=\"de_DE\" \/>\n<meta property=\"og:type\" content=\"article\" \/>\n<meta property=\"og:title\" content=\"Ideenkonzept AG Preu\u00dfenstadion - Fangemeinschaft Preu\u00dfen M\u00fcnster e. V.\" \/>\n<meta property=\"og:description\" content=\"Ideenkonzept AG Preu\u00dfenstadion (Stand: 04.02.2021) &nbsp; &nbsp; Erg\u00e4nzung \u02bdNachhaltigkeit\u2019\" \/>\n<meta property=\"og:url\" content=\"https:\/\/www.fanprojekt-muenster.de\/wordpress\/ideenkonzept-ag-preussenstadion\/\" \/>\n<meta property=\"og:site_name\" content=\"Fangemeinschaft Preu\u00dfen M\u00fcnster e. V.\" \/>\n<meta property=\"article:modified_time\" content=\"2021-02-09T12:44:50+00:00\" \/>\n<meta property=\"og:image\" content=\"https:\/\/www.fanprojekt-muenster.de\/wordpress\/wp-content\/uploads\/2020\/12\/logo_ideenkonzept.png\" \/>\n<meta name=\"twitter:card\" content=\"summary_large_image\" \/>\n<meta name=\"twitter:label1\" content=\"Gesch\u00e4tzte Lesezeit\" \/>\n\t<meta name=\"twitter:data1\" content=\"31\u00a0Minuten\" \/>\n<script type=\"application\/ld+json\" class=\"yoast-schema-graph\">{\"@context\":\"https:\/\/schema.org\",\"@graph\":[{\"@type\":\"WebPage\",\"@id\":\"https:\/\/www.fanprojekt-muenster.de\/wordpress\/ideenkonzept-ag-preussenstadion\/\",\"url\":\"https:\/\/www.fanprojekt-muenster.de\/wordpress\/ideenkonzept-ag-preussenstadion\/\",\"name\":\"Ideenkonzept AG Preu\u00dfenstadion - Fangemeinschaft Preu\u00dfen M\u00fcnster e. V.\",\"isPartOf\":{\"@id\":\"https:\/\/www.fanprojekt-muenster.de\/wordpress\/#website\"},\"primaryImageOfPage\":{\"@id\":\"https:\/\/www.fanprojekt-muenster.de\/wordpress\/ideenkonzept-ag-preussenstadion\/#primaryimage\"},\"image\":{\"@id\":\"https:\/\/www.fanprojekt-muenster.de\/wordpress\/ideenkonzept-ag-preussenstadion\/#primaryimage\"},\"thumbnailUrl\":\"https:\/\/www.fanprojekt-muenster.de\/wordpress\/wp-content\/uploads\/2020\/12\/logo_ideenkonzept.png\",\"datePublished\":\"2020-11-28T13:58:20+00:00\",\"dateModified\":\"2021-02-09T12:44:50+00:00\",\"breadcrumb\":{\"@id\":\"https:\/\/www.fanprojekt-muenster.de\/wordpress\/ideenkonzept-ag-preussenstadion\/#breadcrumb\"},\"inLanguage\":\"de\",\"potentialAction\":[{\"@type\":\"ReadAction\",\"target\":[\"https:\/\/www.fanprojekt-muenster.de\/wordpress\/ideenkonzept-ag-preussenstadion\/\"]}]},{\"@type\":\"ImageObject\",\"inLanguage\":\"de\",\"@id\":\"https:\/\/www.fanprojekt-muenster.de\/wordpress\/ideenkonzept-ag-preussenstadion\/#primaryimage\",\"url\":\"\",\"contentUrl\":\"\"},{\"@type\":\"BreadcrumbList\",\"@id\":\"https:\/\/www.fanprojekt-muenster.de\/wordpress\/ideenkonzept-ag-preussenstadion\/#breadcrumb\",\"itemListElement\":[{\"@type\":\"ListItem\",\"position\":1,\"name\":\"Startseite\",\"item\":\"https:\/\/www.fanprojekt-muenster.de\/wordpress\/\"},{\"@type\":\"ListItem\",\"position\":2,\"name\":\"Ideenkonzept AG Preu\u00dfenstadion\"}]},{\"@type\":\"WebSite\",\"@id\":\"https:\/\/www.fanprojekt-muenster.de\/wordpress\/#website\",\"url\":\"https:\/\/www.fanprojekt-muenster.de\/wordpress\/\",\"name\":\"Fangemeinschaft Preu\u00dfen M\u00fcnster e. V.\",\"description\":\"\",\"publisher\":{\"@id\":\"https:\/\/www.fanprojekt-muenster.de\/wordpress\/#organization\"},\"potentialAction\":[{\"@type\":\"SearchAction\",\"target\":{\"@type\":\"EntryPoint\",\"urlTemplate\":\"https:\/\/www.fanprojekt-muenster.de\/wordpress\/?s={search_term_string}\"},\"query-input\":{\"@type\":\"PropertyValueSpecification\",\"valueRequired\":true,\"valueName\":\"search_term_string\"}}],\"inLanguage\":\"de\"},{\"@type\":\"Organization\",\"@id\":\"https:\/\/www.fanprojekt-muenster.de\/wordpress\/#organization\",\"name\":\"Fangemeinschaft Preu\u00dfen M\u00fcnster e. V.\",\"url\":\"https:\/\/www.fanprojekt-muenster.de\/wordpress\/\",\"logo\":{\"@type\":\"ImageObject\",\"inLanguage\":\"de\",\"@id\":\"https:\/\/www.fanprojekt-muenster.de\/wordpress\/#\/schema\/logo\/image\/\",\"url\":\"https:\/\/www.fanprojekt-muenster.de\/wordpress\/wp-content\/uploads\/2019\/07\/cropped-Website_Logo3-9.png\",\"contentUrl\":\"https:\/\/www.fanprojekt-muenster.de\/wordpress\/wp-content\/uploads\/2019\/07\/cropped-Website_Logo3-9.png\",\"width\":224,\"height\":42,\"caption\":\"Fangemeinschaft Preu\u00dfen M\u00fcnster e. V.\"},\"image\":{\"@id\":\"https:\/\/www.fanprojekt-muenster.de\/wordpress\/#\/schema\/logo\/image\/\"}}]}<\/script>\n<!-- \/ Yoast SEO plugin. -->","yoast_head_json":{"title":"Ideenkonzept AG Preu\u00dfenstadion - Fangemeinschaft Preu\u00dfen M\u00fcnster e. V.","robots":{"index":"index","follow":"follow","max-snippet":"max-snippet:-1","max-image-preview":"max-image-preview:large","max-video-preview":"max-video-preview:-1"},"canonical":"https:\/\/www.fanprojekt-muenster.de\/wordpress\/ideenkonzept-ag-preussenstadion\/","og_locale":"de_DE","og_type":"article","og_title":"Ideenkonzept AG Preu\u00dfenstadion - Fangemeinschaft Preu\u00dfen M\u00fcnster e. V.","og_description":"Ideenkonzept AG Preu\u00dfenstadion (Stand: 04.02.2021) &nbsp; &nbsp; Erg\u00e4nzung \u02bdNachhaltigkeit\u2019","og_url":"https:\/\/www.fanprojekt-muenster.de\/wordpress\/ideenkonzept-ag-preussenstadion\/","og_site_name":"Fangemeinschaft Preu\u00dfen M\u00fcnster e. V.","article_modified_time":"2021-02-09T12:44:50+00:00","og_image":[{"url":"https:\/\/www.fanprojekt-muenster.de\/wordpress\/wp-content\/uploads\/2020\/12\/logo_ideenkonzept.png","type":"","width":"","height":""}],"twitter_card":"summary_large_image","twitter_misc":{"Gesch\u00e4tzte Lesezeit":"31\u00a0Minuten"},"schema":{"@context":"https:\/\/schema.org","@graph":[{"@type":"WebPage","@id":"https:\/\/www.fanprojekt-muenster.de\/wordpress\/ideenkonzept-ag-preussenstadion\/","url":"https:\/\/www.fanprojekt-muenster.de\/wordpress\/ideenkonzept-ag-preussenstadion\/","name":"Ideenkonzept AG Preu\u00dfenstadion - Fangemeinschaft Preu\u00dfen M\u00fcnster e. V.","isPartOf":{"@id":"https:\/\/www.fanprojekt-muenster.de\/wordpress\/#website"},"primaryImageOfPage":{"@id":"https:\/\/www.fanprojekt-muenster.de\/wordpress\/ideenkonzept-ag-preussenstadion\/#primaryimage"},"image":{"@id":"https:\/\/www.fanprojekt-muenster.de\/wordpress\/ideenkonzept-ag-preussenstadion\/#primaryimage"},"thumbnailUrl":"https:\/\/www.fanprojekt-muenster.de\/wordpress\/wp-content\/uploads\/2020\/12\/logo_ideenkonzept.png","datePublished":"2020-11-28T13:58:20+00:00","dateModified":"2021-02-09T12:44:50+00:00","breadcrumb":{"@id":"https:\/\/www.fanprojekt-muenster.de\/wordpress\/ideenkonzept-ag-preussenstadion\/#breadcrumb"},"inLanguage":"de","potentialAction":[{"@type":"ReadAction","target":["https:\/\/www.fanprojekt-muenster.de\/wordpress\/ideenkonzept-ag-preussenstadion\/"]}]},{"@type":"ImageObject","inLanguage":"de","@id":"https:\/\/www.fanprojekt-muenster.de\/wordpress\/ideenkonzept-ag-preussenstadion\/#primaryimage","url":"","contentUrl":""},{"@type":"BreadcrumbList","@id":"https:\/\/www.fanprojekt-muenster.de\/wordpress\/ideenkonzept-ag-preussenstadion\/#breadcrumb","itemListElement":[{"@type":"ListItem","position":1,"name":"Startseite","item":"https:\/\/www.fanprojekt-muenster.de\/wordpress\/"},{"@type":"ListItem","position":2,"name":"Ideenkonzept AG Preu\u00dfenstadion"}]},{"@type":"WebSite","@id":"https:\/\/www.fanprojekt-muenster.de\/wordpress\/#website","url":"https:\/\/www.fanprojekt-muenster.de\/wordpress\/","name":"Fangemeinschaft Preu\u00dfen M\u00fcnster e. V.","description":"","publisher":{"@id":"https:\/\/www.fanprojekt-muenster.de\/wordpress\/#organization"},"potentialAction":[{"@type":"SearchAction","target":{"@type":"EntryPoint","urlTemplate":"https:\/\/www.fanprojekt-muenster.de\/wordpress\/?s={search_term_string}"},"query-input":{"@type":"PropertyValueSpecification","valueRequired":true,"valueName":"search_term_string"}}],"inLanguage":"de"},{"@type":"Organization","@id":"https:\/\/www.fanprojekt-muenster.de\/wordpress\/#organization","name":"Fangemeinschaft Preu\u00dfen M\u00fcnster e. V.","url":"https:\/\/www.fanprojekt-muenster.de\/wordpress\/","logo":{"@type":"ImageObject","inLanguage":"de","@id":"https:\/\/www.fanprojekt-muenster.de\/wordpress\/#\/schema\/logo\/image\/","url":"https:\/\/www.fanprojekt-muenster.de\/wordpress\/wp-content\/uploads\/2019\/07\/cropped-Website_Logo3-9.png","contentUrl":"https:\/\/www.fanprojekt-muenster.de\/wordpress\/wp-content\/uploads\/2019\/07\/cropped-Website_Logo3-9.png","width":224,"height":42,"caption":"Fangemeinschaft Preu\u00dfen M\u00fcnster e. V."},"image":{"@id":"https:\/\/www.fanprojekt-muenster.de\/wordpress\/#\/schema\/logo\/image\/"}}]}},"coauthors":[],"author_meta":{"author_link":"https:\/\/www.fanprojekt-muenster.de\/wordpress\/author\/jogy\/","display_name":"CJO"},"relative_dates":{"created":"Posted 5\u00a0Jahren ago","modified":"Updated 5\u00a0Jahren ago"},"absolute_dates":{"created":"Posted on 28. November 2020","modified":"Updated on 9. Februar 2021"},"absolute_dates_time":{"created":"Posted on 28. November 2020 14:58","modified":"Updated on 9. Februar 2021 13:44"},"featured_img_caption":"","featured_img":false,"series_order":"","_links":{"self":[{"href":"https:\/\/www.fanprojekt-muenster.de\/wordpress\/wp-json\/wp\/v2\/pages\/7307","targetHints":{"allow":["GET"]}}],"collection":[{"href":"https:\/\/www.fanprojekt-muenster.de\/wordpress\/wp-json\/wp\/v2\/pages"}],"about":[{"href":"https:\/\/www.fanprojekt-muenster.de\/wordpress\/wp-json\/wp\/v2\/types\/page"}],"author":[{"embeddable":true,"href":"https:\/\/www.fanprojekt-muenster.de\/wordpress\/wp-json\/wp\/v2\/users\/7"}],"replies":[{"embeddable":true,"href":"https:\/\/www.fanprojekt-muenster.de\/wordpress\/wp-json\/wp\/v2\/comments?post=7307"}],"version-history":[{"count":626,"href":"https:\/\/www.fanprojekt-muenster.de\/wordpress\/wp-json\/wp\/v2\/pages\/7307\/revisions"}],"predecessor-version":[{"id":8678,"href":"https:\/\/www.fanprojekt-muenster.de\/wordpress\/wp-json\/wp\/v2\/pages\/7307\/revisions\/8678"}],"wp:attachment":[{"href":"https:\/\/www.fanprojekt-muenster.de\/wordpress\/wp-json\/wp\/v2\/media?parent=7307"}],"curies":[{"name":"wp","href":"https:\/\/api.w.org\/{rel}","templated":true}]}}