{"id":333,"date":"2013-06-13T19:05:14","date_gmt":"2013-06-13T17:05:14","guid":{"rendered":"http:\/\/www.fanprojekt-muenster.de\/fp\/?page_id=333"},"modified":"2025-02-03T18:30:24","modified_gmt":"2025-02-03T17:30:24","slug":"vorstand","status":"publish","type":"page","link":"https:\/\/www.fanprojekt-muenster.de\/wordpress\/uber-uns\/vorstand\/","title":{"rendered":"Vorstand"},"content":{"rendered":"\n<p><\/p>\n\n\n\n<p><em>(Klick auf das Bild oder den Namen f\u00fchrt zur jeweiligen Detailseite)<\/em><\/p>\n\n\n\n<p><\/p>\n\n\n\n<p>&nbsp;<\/p>\n\n\n\n<p><\/p>\n\n\n<div class='rt-container-fluid rt-team-container rt-pos-r rt-team-container-9112' id='rt-team-container-3199468650'  data-layout='layout3' data-desktop-col='2'  data-tab-col='2'  data-mobile-col='1' data-sc-id='9112' data-popup-bg=''><div data-title='Loading ...' class='rt-row rt-content-loader layout3 ttp-even ttp-pre-loader'><div class=\"rt-col-md-6 rt-col-sm-6 rt-col-xs-12  even-grid-item rt-grid-item round-img\" data-id=\"8722\"><div class=\"single-team-area\"><figure><a class=\"\" data-id=\"8722\" target=\"_self\" href=\"https:\/\/www.fanprojekt-muenster.de\/wordpress\/team\/torben-maunz\/\"><img loading=\"lazy\" decoding=\"async\" width=\"400\" height=\"400\" src=\"https:\/\/www.fanprojekt-muenster.de\/wordpress\/wp-content\/uploads\/2022\/07\/torben-400x400.png\" class=\"img-responsive rt-team-img\" alt=\"Torben Maunz\" \/><\/a><\/figure><div class=\"tlp-content\"><h3><span class=\"team-name\"><a class=\"\" data-id=\"8722\" target=\"_self\" title=\"Torben Maunz\" href=\"https:\/\/www.fanprojekt-muenster.de\/wordpress\/team\/torben-maunz\/\">Torben Maunz<\/a><\/span><\/h3><div class=\"tlp-position\"><a class=\"\" data-id=\"8722\" target=\"_self\" title=\"Torben Maunz\" href=\"https:\/\/www.fanprojekt-muenster.de\/wordpress\/team\/torben-maunz\/\">1. Vorsitz<\/a><\/div><\/div><div class=\"contact-info\"><ul><li class=\"tlp-email\"><i class=\"far fa-envelope\"><\/i><a href=\"mailto:torben@fanprojekt-muenster.de\"><span class=\"tlp-email\">torben@fanprojekt-muenster.de<\/span><\/a><\/li><\/ul><\/div><\/div><\/div><div class=\"rt-col-md-6 rt-col-sm-6 rt-col-xs-12  even-grid-item rt-grid-item round-img\" data-id=\"8641\"><div class=\"single-team-area\"><figure><a class=\"\" data-id=\"8641\" target=\"_self\" href=\"https:\/\/www.fanprojekt-muenster.de\/wordpress\/team\/melanie-shinwari-lenk\/\"><img loading=\"lazy\" decoding=\"async\" width=\"576\" height=\"576\" src=\"https:\/\/www.fanprojekt-muenster.de\/wordpress\/wp-content\/uploads\/2019\/07\/melanie-576x576.jpg\" class=\"img-responsive rt-team-img\" alt=\"Melanie Shinwari-Lenk\" \/><\/a><\/figure><div class=\"tlp-content\"><h3><span class=\"team-name\"><a class=\"\" data-id=\"8641\" target=\"_self\" title=\"Melanie Shinwari-Lenk\" href=\"https:\/\/www.fanprojekt-muenster.de\/wordpress\/team\/melanie-shinwari-lenk\/\">Melanie Shinwari-Lenk<\/a><\/span><\/h3><div class=\"tlp-position\"><a class=\"\" data-id=\"8641\" target=\"_self\" title=\"Melanie Shinwari-Lenk\" href=\"https:\/\/www.fanprojekt-muenster.de\/wordpress\/team\/melanie-shinwari-lenk\/\">2. Vorsitz<\/a><\/div><\/div><div class=\"contact-info\"><ul><li class=\"tlp-email\"><i class=\"far fa-envelope\"><\/i><a href=\"mailto:melanie@fanprojekt-muenster.de\"><span class=\"tlp-email\">melanie@fanprojekt-muenster.de<\/span><\/a><\/li><\/ul><\/div><\/div><\/div><div class=\"rt-col-md-6 rt-col-sm-6 rt-col-xs-12  even-grid-item rt-grid-item round-img\" data-id=\"8642\"><div class=\"single-team-area\"><figure><a class=\"\" data-id=\"8642\" target=\"_self\" href=\"https:\/\/www.fanprojekt-muenster.de\/wordpress\/team\/christian-johanns\/\"><img loading=\"lazy\" decoding=\"async\" width=\"576\" height=\"576\" src=\"https:\/\/www.fanprojekt-muenster.de\/wordpress\/wp-content\/uploads\/2019\/07\/jogy-576x576.jpg\" class=\"img-responsive rt-team-img\" alt=\"Christian Johanns\" \/><\/a><\/figure><div class=\"tlp-content\"><h3><span class=\"team-name\"><a class=\"\" data-id=\"8642\" target=\"_self\" title=\"Christian Johanns\" href=\"https:\/\/www.fanprojekt-muenster.de\/wordpress\/team\/christian-johanns\/\">Christian Johanns<\/a><\/span><\/h3><div class=\"tlp-position\"><a class=\"\" data-id=\"8642\" target=\"_self\" title=\"Christian Johanns\" href=\"https:\/\/www.fanprojekt-muenster.de\/wordpress\/team\/christian-johanns\/\">Schriftf\u00fchrung<\/a><\/div><\/div><div class=\"contact-info\"><ul><li class=\"tlp-email\"><i class=\"far fa-envelope\"><\/i><a href=\"mailto:christian@fanprojekt-muenster.de\"><span class=\"tlp-email\">christian@fanprojekt-muenster.de<\/span><\/a><\/li><\/ul><\/div><\/div><\/div><div class=\"rt-col-md-6 rt-col-sm-6 rt-col-xs-12  even-grid-item rt-grid-item round-img\" data-id=\"8643\"><div class=\"single-team-area\"><figure><a class=\"\" data-id=\"8643\" target=\"_self\" href=\"https:\/\/www.fanprojekt-muenster.de\/wordpress\/team\/julian-rosery\/\"><img loading=\"lazy\" decoding=\"async\" width=\"576\" height=\"576\" src=\"https:\/\/www.fanprojekt-muenster.de\/wordpress\/wp-content\/uploads\/2019\/07\/julian-576x576.jpg\" class=\"img-responsive rt-team-img\" alt=\"Julian Rosery\" \/><\/a><\/figure><div class=\"tlp-content\"><h3><span class=\"team-name\"><a class=\"\" data-id=\"8643\" target=\"_self\" title=\"Julian Rosery\" href=\"https:\/\/www.fanprojekt-muenster.de\/wordpress\/team\/julian-rosery\/\">Julian Rosery<\/a><\/span><\/h3><div class=\"tlp-position\"><a class=\"\" data-id=\"8643\" target=\"_self\" title=\"Julian Rosery\" href=\"https:\/\/www.fanprojekt-muenster.de\/wordpress\/team\/julian-rosery\/\">Kassenverwaltung<\/a><\/div><\/div><div class=\"contact-info\"><ul><li class=\"tlp-email\"><i class=\"far fa-envelope\"><\/i><a href=\"mailto:julian@fanprojekt-muenster.de\"><span class=\"tlp-email\">julian@fanprojekt-muenster.de<\/span><\/a><\/li><\/ul><\/div><\/div><\/div><div class=\"rt-col-md-6 rt-col-sm-6 rt-col-xs-12  even-grid-item rt-grid-item round-img\" data-id=\"9663\"><div class=\"single-team-area\"><figure><a class=\"\" data-id=\"9663\" target=\"_self\" href=\"https:\/\/www.fanprojekt-muenster.de\/wordpress\/team\/vakant\/\"><img loading=\"lazy\" decoding=\"async\" width=\"160\" height=\"160\" class=\"default-img\" src=\"https:\/\/www.fanprojekt-muenster.de\/wordpress\/wp-content\/plugins\/tlp-team\/assets\/images\/demo.jpg\" alt=\"Default Image\" \/><\/a><\/figure><div class=\"tlp-content\"><h3><span class=\"team-name\"><a class=\"\" data-id=\"9663\" target=\"_self\" title=\"vakant\" href=\"https:\/\/www.fanprojekt-muenster.de\/wordpress\/team\/vakant\/\">vakant<\/a><\/span><\/h3><div class=\"tlp-position\"><a class=\"\" data-id=\"9663\" target=\"_self\" title=\"vakant\" href=\"https:\/\/www.fanprojekt-muenster.de\/wordpress\/team\/vakant\/\">Beisitz Gesch\u00e4ftstellte<\/a><\/div><\/div><\/div><\/div><div class=\"rt-col-md-6 rt-col-sm-6 rt-col-xs-12  even-grid-item rt-grid-item round-img\" data-id=\"9662\"><div class=\"single-team-area\"><figure><a class=\"\" data-id=\"9662\" target=\"_self\" href=\"https:\/\/www.fanprojekt-muenster.de\/wordpress\/team\/marcel-fark\/\"><img loading=\"lazy\" decoding=\"async\" width=\"160\" height=\"160\" class=\"default-img\" src=\"https:\/\/www.fanprojekt-muenster.de\/wordpress\/wp-content\/plugins\/tlp-team\/assets\/images\/demo.jpg\" alt=\"Default Image\" \/><\/a><\/figure><div class=\"tlp-content\"><h3><span class=\"team-name\"><a class=\"\" data-id=\"9662\" target=\"_self\" title=\"Marcel Fark\" href=\"https:\/\/www.fanprojekt-muenster.de\/wordpress\/team\/marcel-fark\/\">Marcel Fark<\/a><\/span><\/h3><div class=\"tlp-position\"><a class=\"\" data-id=\"9662\" target=\"_self\" title=\"Marcel Fark\" href=\"https:\/\/www.fanprojekt-muenster.de\/wordpress\/team\/marcel-fark\/\">Beisitz Fanclub-\/Mitgliederbetreuung<\/a><\/div><\/div><div class=\"contact-info\"><ul><li class=\"tlp-email\"><i class=\"far fa-envelope\"><\/i><a href=\"mailto:marcel@fanprojekt-muenster.de\"><span class=\"tlp-email\">marcel@fanprojekt-muenster.de<\/span><\/a><\/li><\/ul><\/div><\/div><\/div><div class=\"rt-col-md-6 rt-col-sm-6 rt-col-xs-12  even-grid-item rt-grid-item round-img\" data-id=\"9661\"><div class=\"single-team-area\"><figure><a class=\"\" data-id=\"9661\" target=\"_self\" href=\"https:\/\/www.fanprojekt-muenster.de\/wordpress\/team\/hendrik-brueggemann\/\"><img loading=\"lazy\" decoding=\"async\" width=\"160\" height=\"160\" class=\"default-img\" src=\"https:\/\/www.fanprojekt-muenster.de\/wordpress\/wp-content\/plugins\/tlp-team\/assets\/images\/demo.jpg\" alt=\"Default Image\" \/><\/a><\/figure><div class=\"tlp-content\"><h3><span class=\"team-name\"><a class=\"\" data-id=\"9661\" target=\"_self\" title=\"Hendrik Br\u00fcggemann\" href=\"https:\/\/www.fanprojekt-muenster.de\/wordpress\/team\/hendrik-brueggemann\/\">Hendrik Br\u00fcggemann<\/a><\/span><\/h3><div class=\"tlp-position\"><a class=\"\" data-id=\"9661\" target=\"_self\" title=\"Hendrik Br\u00fcggemann\" href=\"https:\/\/www.fanprojekt-muenster.de\/wordpress\/team\/hendrik-brueggemann\/\">Beisitz Veranstaltungen<\/a><\/div><\/div><div class=\"contact-info\"><ul><li class=\"tlp-email\"><i class=\"far fa-envelope\"><\/i><a href=\"mailto:harry@fanprojekt-muenster.de\"><span class=\"tlp-email\">harry@fanprojekt-muenster.de<\/span><\/a><\/li><\/ul><\/div><\/div><\/div><div class=\"rt-col-md-6 rt-col-sm-6 rt-col-xs-12  even-grid-item rt-grid-item round-img\" data-id=\"9126\"><div class=\"single-team-area\"><figure><a class=\"\" data-id=\"9126\" target=\"_self\" href=\"https:\/\/www.fanprojekt-muenster.de\/wordpress\/team\/julius-holdschlag\/\"><img loading=\"lazy\" decoding=\"async\" width=\"400\" height=\"400\" src=\"https:\/\/www.fanprojekt-muenster.de\/wordpress\/wp-content\/uploads\/2023\/12\/juliush-400x400.jpg\" class=\"img-responsive rt-team-img\" alt=\"Julius Holdschlag\" \/><\/a><\/figure><div class=\"tlp-content\"><h3><span class=\"team-name\"><a class=\"\" data-id=\"9126\" target=\"_self\" title=\"Julius Holdschlag\" href=\"https:\/\/www.fanprojekt-muenster.de\/wordpress\/team\/julius-holdschlag\/\">Julius Holdschlag<\/a><\/span><\/h3><div class=\"tlp-position\"><a class=\"\" data-id=\"9126\" target=\"_self\" title=\"Julius Holdschlag\" href=\"https:\/\/www.fanprojekt-muenster.de\/wordpress\/team\/julius-holdschlag\/\">Beisitz \u00d6ffentlichkeitsarbeit<\/a><\/div><\/div><div class=\"contact-info\"><ul><li class=\"tlp-email\"><i class=\"far fa-envelope\"><\/i><a href=\"mailto:julius@fanprojekt-muenster.de\"><span class=\"tlp-email\">julius@fanprojekt-muenster.de<\/span><\/a><\/li><\/ul><\/div><\/div><\/div><div class=\"rt-loading-overlay\"><\/div><div class=\"rt-loading rt-ball-clip-rotate\"><div><\/div><\/div><\/div><\/div>\n\n\n\n<p><\/p>\n","protected":false},"excerpt":{"rendered":"<p>(Klick auf das Bild oder den Namen f\u00fchrt zur jeweiligen Detailseite) &nbsp;<\/p>\n","protected":false},"author":2,"featured_media":0,"parent":331,"menu_order":0,"comment_status":"closed","ping_status":"open","template":"","meta":{"advgb_blocks_editor_width":"","advgb_blocks_columns_visual_guide":"","footnotes":""},"class_list":["post-333","page","type-page","status-publish","hentry"],"featured_image_src":null,"yoast_head":"<!-- This site is optimized with the Yoast SEO plugin v27.2 - https:\/\/yoast.com\/product\/yoast-seo-wordpress\/ -->\n<title>Vorstand - Fangemeinschaft Preu\u00dfen M\u00fcnster e. V.<\/title>\n<meta name=\"robots\" content=\"index, follow, max-snippet:-1, max-image-preview:large, max-video-preview:-1\" \/>\n<link rel=\"canonical\" href=\"https:\/\/www.fanprojekt-muenster.de\/wordpress\/uber-uns\/vorstand\/\" \/>\n<meta property=\"og:locale\" content=\"de_DE\" \/>\n<meta property=\"og:type\" content=\"article\" \/>\n<meta property=\"og:title\" content=\"Vorstand - Fangemeinschaft Preu\u00dfen M\u00fcnster e. V.\" \/>\n<meta property=\"og:description\" content=\"(Klick auf das Bild oder den Namen f\u00fchrt zur jeweiligen Detailseite) &nbsp;\" \/>\n<meta property=\"og:url\" content=\"https:\/\/www.fanprojekt-muenster.de\/wordpress\/uber-uns\/vorstand\/\" \/>\n<meta property=\"og:site_name\" content=\"Fangemeinschaft Preu\u00dfen M\u00fcnster e. V.\" \/>\n<meta property=\"article:modified_time\" content=\"2025-02-03T17:30:24+00:00\" \/>\n<meta name=\"twitter:card\" content=\"summary_large_image\" \/>\n<meta name=\"twitter:label1\" content=\"Gesch\u00e4tzte Lesezeit\" \/>\n\t<meta name=\"twitter:data1\" content=\"1\u00a0Minute\" \/>\n<script type=\"application\/ld+json\" class=\"yoast-schema-graph\">{\"@context\":\"https:\/\/schema.org\",\"@graph\":[{\"@type\":\"WebPage\",\"@id\":\"https:\/\/www.fanprojekt-muenster.de\/wordpress\/uber-uns\/vorstand\/\",\"url\":\"https:\/\/www.fanprojekt-muenster.de\/wordpress\/uber-uns\/vorstand\/\",\"name\":\"Vorstand - Fangemeinschaft Preu\u00dfen M\u00fcnster e. V.\",\"isPartOf\":{\"@id\":\"https:\/\/www.fanprojekt-muenster.de\/wordpress\/#website\"},\"datePublished\":\"2013-06-13T17:05:14+00:00\",\"dateModified\":\"2025-02-03T17:30:24+00:00\",\"breadcrumb\":{\"@id\":\"https:\/\/www.fanprojekt-muenster.de\/wordpress\/uber-uns\/vorstand\/#breadcrumb\"},\"inLanguage\":\"de\",\"potentialAction\":[{\"@type\":\"ReadAction\",\"target\":[\"https:\/\/www.fanprojekt-muenster.de\/wordpress\/uber-uns\/vorstand\/\"]}]},{\"@type\":\"BreadcrumbList\",\"@id\":\"https:\/\/www.fanprojekt-muenster.de\/wordpress\/uber-uns\/vorstand\/#breadcrumb\",\"itemListElement\":[{\"@type\":\"ListItem\",\"position\":1,\"name\":\"Startseite\",\"item\":\"https:\/\/www.fanprojekt-muenster.de\/wordpress\/\"},{\"@type\":\"ListItem\",\"position\":2,\"name\":\"\u00dcber uns\",\"item\":\"https:\/\/www.fanprojekt-muenster.de\/wordpress\/uber-uns\/\"},{\"@type\":\"ListItem\",\"position\":3,\"name\":\"Vorstand\"}]},{\"@type\":\"WebSite\",\"@id\":\"https:\/\/www.fanprojekt-muenster.de\/wordpress\/#website\",\"url\":\"https:\/\/www.fanprojekt-muenster.de\/wordpress\/\",\"name\":\"Fangemeinschaft Preu\u00dfen M\u00fcnster e. V.\",\"description\":\"\",\"publisher\":{\"@id\":\"https:\/\/www.fanprojekt-muenster.de\/wordpress\/#organization\"},\"potentialAction\":[{\"@type\":\"SearchAction\",\"target\":{\"@type\":\"EntryPoint\",\"urlTemplate\":\"https:\/\/www.fanprojekt-muenster.de\/wordpress\/?s={search_term_string}\"},\"query-input\":{\"@type\":\"PropertyValueSpecification\",\"valueRequired\":true,\"valueName\":\"search_term_string\"}}],\"inLanguage\":\"de\"},{\"@type\":\"Organization\",\"@id\":\"https:\/\/www.fanprojekt-muenster.de\/wordpress\/#organization\",\"name\":\"Fangemeinschaft Preu\u00dfen M\u00fcnster e. V.\",\"url\":\"https:\/\/www.fanprojekt-muenster.de\/wordpress\/\",\"logo\":{\"@type\":\"ImageObject\",\"inLanguage\":\"de\",\"@id\":\"https:\/\/www.fanprojekt-muenster.de\/wordpress\/#\/schema\/logo\/image\/\",\"url\":\"https:\/\/www.fanprojekt-muenster.de\/wordpress\/wp-content\/uploads\/2019\/07\/cropped-Website_Logo3-9.png\",\"contentUrl\":\"https:\/\/www.fanprojekt-muenster.de\/wordpress\/wp-content\/uploads\/2019\/07\/cropped-Website_Logo3-9.png\",\"width\":224,\"height\":42,\"caption\":\"Fangemeinschaft Preu\u00dfen M\u00fcnster e. V.\"},\"image\":{\"@id\":\"https:\/\/www.fanprojekt-muenster.de\/wordpress\/#\/schema\/logo\/image\/\"}}]}<\/script>\n<!-- \/ Yoast SEO plugin. -->","yoast_head_json":{"title":"Vorstand - Fangemeinschaft Preu\u00dfen M\u00fcnster e. V.","robots":{"index":"index","follow":"follow","max-snippet":"max-snippet:-1","max-image-preview":"max-image-preview:large","max-video-preview":"max-video-preview:-1"},"canonical":"https:\/\/www.fanprojekt-muenster.de\/wordpress\/uber-uns\/vorstand\/","og_locale":"de_DE","og_type":"article","og_title":"Vorstand - Fangemeinschaft Preu\u00dfen M\u00fcnster e. V.","og_description":"(Klick auf das Bild oder den Namen f\u00fchrt zur jeweiligen Detailseite) &nbsp;","og_url":"https:\/\/www.fanprojekt-muenster.de\/wordpress\/uber-uns\/vorstand\/","og_site_name":"Fangemeinschaft Preu\u00dfen M\u00fcnster e. V.","article_modified_time":"2025-02-03T17:30:24+00:00","twitter_card":"summary_large_image","twitter_misc":{"Gesch\u00e4tzte Lesezeit":"1\u00a0Minute"},"schema":{"@context":"https:\/\/schema.org","@graph":[{"@type":"WebPage","@id":"https:\/\/www.fanprojekt-muenster.de\/wordpress\/uber-uns\/vorstand\/","url":"https:\/\/www.fanprojekt-muenster.de\/wordpress\/uber-uns\/vorstand\/","name":"Vorstand - Fangemeinschaft Preu\u00dfen M\u00fcnster e. V.","isPartOf":{"@id":"https:\/\/www.fanprojekt-muenster.de\/wordpress\/#website"},"datePublished":"2013-06-13T17:05:14+00:00","dateModified":"2025-02-03T17:30:24+00:00","breadcrumb":{"@id":"https:\/\/www.fanprojekt-muenster.de\/wordpress\/uber-uns\/vorstand\/#breadcrumb"},"inLanguage":"de","potentialAction":[{"@type":"ReadAction","target":["https:\/\/www.fanprojekt-muenster.de\/wordpress\/uber-uns\/vorstand\/"]}]},{"@type":"BreadcrumbList","@id":"https:\/\/www.fanprojekt-muenster.de\/wordpress\/uber-uns\/vorstand\/#breadcrumb","itemListElement":[{"@type":"ListItem","position":1,"name":"Startseite","item":"https:\/\/www.fanprojekt-muenster.de\/wordpress\/"},{"@type":"ListItem","position":2,"name":"\u00dcber uns","item":"https:\/\/www.fanprojekt-muenster.de\/wordpress\/uber-uns\/"},{"@type":"ListItem","position":3,"name":"Vorstand"}]},{"@type":"WebSite","@id":"https:\/\/www.fanprojekt-muenster.de\/wordpress\/#website","url":"https:\/\/www.fanprojekt-muenster.de\/wordpress\/","name":"Fangemeinschaft Preu\u00dfen M\u00fcnster e. V.","description":"","publisher":{"@id":"https:\/\/www.fanprojekt-muenster.de\/wordpress\/#organization"},"potentialAction":[{"@type":"SearchAction","target":{"@type":"EntryPoint","urlTemplate":"https:\/\/www.fanprojekt-muenster.de\/wordpress\/?s={search_term_string}"},"query-input":{"@type":"PropertyValueSpecification","valueRequired":true,"valueName":"search_term_string"}}],"inLanguage":"de"},{"@type":"Organization","@id":"https:\/\/www.fanprojekt-muenster.de\/wordpress\/#organization","name":"Fangemeinschaft Preu\u00dfen M\u00fcnster e. V.","url":"https:\/\/www.fanprojekt-muenster.de\/wordpress\/","logo":{"@type":"ImageObject","inLanguage":"de","@id":"https:\/\/www.fanprojekt-muenster.de\/wordpress\/#\/schema\/logo\/image\/","url":"https:\/\/www.fanprojekt-muenster.de\/wordpress\/wp-content\/uploads\/2019\/07\/cropped-Website_Logo3-9.png","contentUrl":"https:\/\/www.fanprojekt-muenster.de\/wordpress\/wp-content\/uploads\/2019\/07\/cropped-Website_Logo3-9.png","width":224,"height":42,"caption":"Fangemeinschaft Preu\u00dfen M\u00fcnster e. V."},"image":{"@id":"https:\/\/www.fanprojekt-muenster.de\/wordpress\/#\/schema\/logo\/image\/"}}]}},"coauthors":[],"author_meta":{"author_link":"https:\/\/www.fanprojekt-muenster.de\/wordpress\/author\/fp_superadmin\/","display_name":"fp_superadmin"},"relative_dates":{"created":"Posted 13\u00a0Jahren ago","modified":"Updated 1\u00a0Jahr ago"},"absolute_dates":{"created":"Posted on 13. Juni 2013","modified":"Updated on 3. Februar 2025"},"absolute_dates_time":{"created":"Posted on 13. Juni 2013 19:05","modified":"Updated on 3. Februar 2025 18:30"},"featured_img_caption":"","featured_img":false,"series_order":"","_links":{"self":[{"href":"https:\/\/www.fanprojekt-muenster.de\/wordpress\/wp-json\/wp\/v2\/pages\/333","targetHints":{"allow":["GET"]}}],"collection":[{"href":"https:\/\/www.fanprojekt-muenster.de\/wordpress\/wp-json\/wp\/v2\/pages"}],"about":[{"href":"https:\/\/www.fanprojekt-muenster.de\/wordpress\/wp-json\/wp\/v2\/types\/page"}],"author":[{"embeddable":true,"href":"https:\/\/www.fanprojekt-muenster.de\/wordpress\/wp-json\/wp\/v2\/users\/2"}],"replies":[{"embeddable":true,"href":"https:\/\/www.fanprojekt-muenster.de\/wordpress\/wp-json\/wp\/v2\/comments?post=333"}],"version-history":[{"count":36,"href":"https:\/\/www.fanprojekt-muenster.de\/wordpress\/wp-json\/wp\/v2\/pages\/333\/revisions"}],"predecessor-version":[{"id":9665,"href":"https:\/\/www.fanprojekt-muenster.de\/wordpress\/wp-json\/wp\/v2\/pages\/333\/revisions\/9665"}],"up":[{"embeddable":true,"href":"https:\/\/www.fanprojekt-muenster.de\/wordpress\/wp-json\/wp\/v2\/pages\/331"}],"wp:attachment":[{"href":"https:\/\/www.fanprojekt-muenster.de\/wordpress\/wp-json\/wp\/v2\/media?parent=333"}],"curies":[{"name":"wp","href":"https:\/\/api.w.org\/{rel}","templated":true}]}}