{"version":"1.0","provider_name":"Fangemeinschaft Preu\u00dfen M\u00fcnster e. V.","provider_url":"https:\/\/www.fanprojekt-muenster.de\/wordpress","author_name":"Florian","author_url":"https:\/\/www.fanprojekt-muenster.de\/wordpress\/author\/flovoss\/","title":"\u00d6ffentliches Treffen am 5. M\u00e4rz - Fangemeinschaft Preu\u00dfen M\u00fcnster e. V.","type":"rich","width":600,"height":338,"html":"<blockquote class=\"wp-embedded-content\" data-secret=\"eMOVXYAv3X\"><a href=\"https:\/\/www.fanprojekt-muenster.de\/wordpress\/oeffentliches-treffen-am-5-maerz\/\">\u00d6ffentliches Treffen am 5. M\u00e4rz<\/a><\/blockquote><iframe sandbox=\"allow-scripts\" security=\"restricted\" src=\"https:\/\/www.fanprojekt-muenster.de\/wordpress\/oeffentliches-treffen-am-5-maerz\/embed\/#?secret=eMOVXYAv3X\" width=\"600\" height=\"338\" title=\"&#8222;\u00d6ffentliches Treffen am 5. M\u00e4rz&#8220; &#8211; Fangemeinschaft Preu\u00dfen M\u00fcnster e. V.\" data-secret=\"eMOVXYAv3X\" frameborder=\"0\" marginwidth=\"0\" marginheight=\"0\" scrolling=\"no\" class=\"wp-embedded-content\"><\/iframe><script type=\"text\/javascript\">\n\/* <![CDATA[ *\/\n\/*! This file is auto-generated *\/\n!function(d,l){\"use strict\";l.querySelector&&d.addEventListener&&\"undefined\"!=typeof URL&&(d.wp=d.wp||{},d.wp.receiveEmbedMessage||(d.wp.receiveEmbedMessage=function(e){var t=e.data;if((t||t.secret||t.message||t.value)&&!\/[^a-zA-Z0-9]\/.test(t.secret)){for(var s,r,n,a=l.querySelectorAll('iframe[data-secret=\"'+t.secret+'\"]'),o=l.querySelectorAll('blockquote[data-secret=\"'+t.secret+'\"]'),c=new RegExp(\"^https?:$\",\"i\"),i=0;i<o.length;i++)o[i].style.display=\"none\";for(i=0;i<a.length;i++)s=a[i],e.source===s.contentWindow&&(s.removeAttribute(\"style\"),\"height\"===t.message?(1e3<(r=parseInt(t.value,10))?r=1e3:~~r<200&&(r=200),s.height=r):\"link\"===t.message&&(r=new URL(s.getAttribute(\"src\")),n=new URL(t.value),c.test(n.protocol))&&n.host===r.host&&l.activeElement===s&&(d.top.location.href=t.value))}},d.addEventListener(\"message\",d.wp.receiveEmbedMessage,!1),l.addEventListener(\"DOMContentLoaded\",function(){for(var e,t,s=l.querySelectorAll(\"iframe.wp-embedded-content\"),r=0;r<s.length;r++)(t=(e=s[r]).getAttribute(\"data-secret\"))||(t=Math.random().toString(36).substring(2,12),e.src+=\"#?secret=\"+t,e.setAttribute(\"data-secret\",t)),e.contentWindow.postMessage({message:\"ready\",secret:t},\"*\")},!1)))}(window,document);\n\/\/# sourceURL=https:\/\/www.fanprojekt-muenster.de\/wordpress\/wp-includes\/js\/wp-embed.min.js\n\/* ]]> *\/\n<\/script>\n","thumbnail_url":null,"thumbnail_width":null,"thumbnail_height":null,"description":"Regelm\u00e4\u00dfig l\u00e4dt das Fanprojekt Preu\u00dfen M\u00fcnster e.V. zum \u00d6ffentlichen Treffen. Beim diesem ist jeder willkommen, der sich f\u00fcr das Thema \u201eFans\u201c beim SCP interessiert und die Agenda ist offen gehalten.... Read more &raquo;"}