{"version":"1.0","provider_name":"Fangemeinschaft Preu\u00dfen M\u00fcnster e. V.","provider_url":"https:\/\/www.fanprojekt-muenster.de\/wordpress","author_name":"Florian","author_url":"https:\/\/www.fanprojekt-muenster.de\/wordpress\/author\/flovoss\/","title":"Fanprojekt f\u00fchrt konstruktive Gespr\u00e4che - Fangemeinschaft Preu\u00dfen M\u00fcnster e. V.","type":"rich","width":600,"height":338,"html":"<blockquote class=\"wp-embedded-content\" data-secret=\"ysWi8y64QQ\"><a href=\"https:\/\/www.fanprojekt-muenster.de\/wordpress\/fanprojekt-fuehrt-konstruktive-gespraeche\/\">Fanprojekt f\u00fchrt konstruktive Gespr\u00e4che<\/a><\/blockquote><iframe sandbox=\"allow-scripts\" security=\"restricted\" src=\"https:\/\/www.fanprojekt-muenster.de\/wordpress\/fanprojekt-fuehrt-konstruktive-gespraeche\/embed\/#?secret=ysWi8y64QQ\" width=\"600\" height=\"338\" title=\"&#8222;Fanprojekt f\u00fchrt konstruktive Gespr\u00e4che&#8220; &#8211; Fangemeinschaft Preu\u00dfen M\u00fcnster e. V.\" data-secret=\"ysWi8y64QQ\" frameborder=\"0\" marginwidth=\"0\" marginheight=\"0\" scrolling=\"no\" class=\"wp-embedded-content\"><\/iframe><script type=\"text\/javascript\">\n\/* <![CDATA[ *\/\n\/*! This file is auto-generated *\/\n!function(d,l){\"use strict\";l.querySelector&&d.addEventListener&&\"undefined\"!=typeof URL&&(d.wp=d.wp||{},d.wp.receiveEmbedMessage||(d.wp.receiveEmbedMessage=function(e){var t=e.data;if((t||t.secret||t.message||t.value)&&!\/[^a-zA-Z0-9]\/.test(t.secret)){for(var s,r,n,a=l.querySelectorAll('iframe[data-secret=\"'+t.secret+'\"]'),o=l.querySelectorAll('blockquote[data-secret=\"'+t.secret+'\"]'),c=new RegExp(\"^https?:$\",\"i\"),i=0;i<o.length;i++)o[i].style.display=\"none\";for(i=0;i<a.length;i++)s=a[i],e.source===s.contentWindow&&(s.removeAttribute(\"style\"),\"height\"===t.message?(1e3<(r=parseInt(t.value,10))?r=1e3:~~r<200&&(r=200),s.height=r):\"link\"===t.message&&(r=new URL(s.getAttribute(\"src\")),n=new URL(t.value),c.test(n.protocol))&&n.host===r.host&&l.activeElement===s&&(d.top.location.href=t.value))}},d.addEventListener(\"message\",d.wp.receiveEmbedMessage,!1),l.addEventListener(\"DOMContentLoaded\",function(){for(var e,t,s=l.querySelectorAll(\"iframe.wp-embedded-content\"),r=0;r<s.length;r++)(t=(e=s[r]).getAttribute(\"data-secret\"))||(t=Math.random().toString(36).substring(2,12),e.src+=\"#?secret=\"+t,e.setAttribute(\"data-secret\",t)),e.contentWindow.postMessage({message:\"ready\",secret:t},\"*\")},!1)))}(window,document);\n\/\/# sourceURL=https:\/\/www.fanprojekt-muenster.de\/wordpress\/wp-includes\/js\/wp-embed.min.js\n\/* ]]> *\/\n<\/script>\n","thumbnail_url":null,"thumbnail_width":null,"thumbnail_height":null,"description":"Der Vorstand des Fanprojekt Preu\u00dfen M\u00fcnster e.V. hat am vergangenen Donnerstag an einem seit mehreren Wochen vereinbarten Treffen mit dem Vorstand des SC Preu\u00dfen 06 e.V. M\u00fcnster teilgenommen. Die Vorkommnisse... Read more &raquo;"}